{"id":42,"date":"2019-02-20T16:37:39","date_gmt":"2019-02-20T16:37:39","guid":{"rendered":"http:\/\/www.lucernatv.cz\/?page_id=42"},"modified":"2023-08-07T15:16:47","modified_gmt":"2023-08-07T15:16:47","slug":"o-nas","status":"publish","type":"page","link":"https:\/\/www.lucernatv.cz\/index.php\/o-nas\/","title":{"rendered":"O n\u00e1s"},"content":{"rendered":"<p style=\"text-align: left;\">\u00a0<\/p>\n<p style=\"text-align: left;\">Jsme internetov\u00e1 vzd\u011bl\u00e1vac\u00ed televize propojuj\u00edc\u00ed tvorbu \u00dastavu filmov\u00e9, televizn\u00ed a rozhlasov\u00e9 tvorby Filozoficko-p\u0159\u00edrodov\u011bdeck\u00e9 fakulty a dal\u0161\u00edch \u00fastav\u016f a pracovi\u0161\u0165 Slezsk\u00e9 univerzity v Opav\u011b s dal\u0161\u00edmi internetov\u00fdmi multimedi\u00e1ln\u00edmi platformami, je\u017e se v\u011bnuj\u00ed vzd\u011bl\u00e1v\u00e1n\u00ed.<\/p>\n<p style=\"text-align: left;\">Na na\u0161ich str\u00e1nk\u00e1ch najdete vzd\u011bl\u00e1vac\u00ed filmy, z\u00e1znamy debat a p\u0159edn\u00e1\u0161ek z na\u0161\u00ed d\u00edlny a tak\u00e9 vybran\u00e1 videa na\u0161ich partner\u016f nebo tak\u00e9 studentsk\u00e9 filmy z d\u00edlny student\u016f Slezsk\u00e9 univerzity v Opav\u011b a student\u016f Univerzity Tom\u00e1\u0161e Bati ve Zl\u00edn\u011b.<\/p>\n<p style=\"text-align: left;\">V sekci lucerna.tv tipy pak nab\u00edz\u00edme odkazy na zaj\u00edmav\u00e9 vzd\u011bl\u00e1vac\u00ed platformy \u010di projekty.<\/p>\n<p style=\"text-align: left;\">K n\u011bkter\u00fdm film\u016fm (nap\u0159. Modern\u00ed poezie do \u0161kol, dokumenty s tematikou modern\u00ed historie) p\u0159ikl\u00e1d\u00e1me tak\u00e9 textov\u00e9 studijn\u00ed nebo metodick\u00e9 materi\u00e1ly ke sta\u017een\u00ed.<\/p>\n<p>\u00a0<\/p>\n<h2>N\u00e1\u0161 t\u00fdm<\/h2>\n<p>\u0160\u00e9fredaktor: Monika Hors\u00e1kov\u00e1<\/p>\n<p>Edito\u0159i: Miroslav Zelinsk\u00fd, Krist\u00edna Pup\u00e1kov\u00e1, Irena Koc\u00ed, Mikul\u00e1\u0161 Odehnal, Tom\u00e1\u0161 Polensk\u00fd, Jakub Chrob\u00e1k, Stanislava Schupplerov\u00e1<\/p>\n<p>Crew: Jan Vl\u010dek, Petr Jura\u010dka, Arno\u0161t Holan, Jan Spisar, Petr Gavel<\/p>\n<p>Design: Bohuslav Str\u00e1nsk\u00fd, Aliaksandra Laurova<\/p>\n<p style=\"text-align: left;\">\u00a0<\/p>\n\n<div class=\"wp-block-visual-portfolio\">\n<div class=\"vp-portfolio vp-uid-b9d31926 vp-id-Z1wz7qR\"\n    data-vp-layout=\"masonry\" data-vp-content-source=\"images\" data-vp-items-style=\"fly\" data-vp-items-click-action=\"popup_gallery\" data-vp-items-gap=\"15\" data-vp-items-gap-vertical=\"\" data-vp-pagination=\"load-more\" data-vp-next-page-url=\"\" data-vp-masonry-columns=\"3\" >\n    <div class=\"vp-portfolio__preloader-wrap\">\n        <div class=\"vp-portfolio__preloader\">\n            <img decoding=\"async\" loading=\"eager\" src=\"https:\/\/www.lucernatv.cz\/wp-content\/plugins\/visual-portfolio\/assets\/images\/logo-dark.svg\" alt=\"Visual Portfolio, Posts &amp; Image Gallery for WordPress\" width=\"20\" height=\"20\" data-skip-lazy>\n        <\/div>\n    <\/div>\n        <div class=\"vp-portfolio__items-wrap\">\n            \n<div class=\"vp-portfolio__items vp-portfolio__items-style-fly vp-portfolio__items-show-overlay-hover\">\n\n        <div        class=\"vp-portfolio__item-wrap vp-portfolio__item-uid-7d271353\" data-vp-filter=\"\"         >\n            <template class=\"vp-portfolio__item-popup\" data-vp-popup-img=\"https:\/\/www.lucernatv.cz\/wp-content\/uploads\/2021\/02\/Monika-Horsa\u0301kova\u0301-1.jpg\" data-vp-popup-img-srcset=\"https:\/\/www.lucernatv.cz\/wp-content\/uploads\/2021\/02\/Monika-Horsa\u0301kova\u0301-1.jpg 1440w, https:\/\/www.lucernatv.cz\/wp-content\/uploads\/2021\/02\/Monika-Horsa\u0301kova\u0301-1-180x180.jpg 180w, https:\/\/www.lucernatv.cz\/wp-content\/uploads\/2021\/02\/Monika-Horsa\u0301kova\u0301-1-1080x1080.jpg 1080w, https:\/\/www.lucernatv.cz\/wp-content\/uploads\/2021\/02\/Monika-Horsa\u0301kova\u0301-1-150x150.jpg 150w, https:\/\/www.lucernatv.cz\/wp-content\/uploads\/2021\/02\/Monika-Horsa\u0301kova\u0301-1-768x768.jpg 768w, https:\/\/www.lucernatv.cz\/wp-content\/uploads\/2021\/02\/Monika-Horsa\u0301kova\u0301-1-500x500.jpg 500w, https:\/\/www.lucernatv.cz\/wp-content\/uploads\/2021\/02\/Monika-Horsa\u0301kova\u0301-1-800x800.jpg 800w, https:\/\/www.lucernatv.cz\/wp-content\/uploads\/2021\/02\/Monika-Horsa\u0301kova\u0301-1-1280x1280.jpg 1280w, https:\/\/www.lucernatv.cz\/wp-content\/uploads\/2021\/02\/Monika-Horsa\u0301kova\u0301-1-60x60.jpg 60w, https:\/\/www.lucernatv.cz\/wp-content\/uploads\/2021\/02\/Monika-Horsa\u0301kova\u0301-1-600x600.jpg 600w\" data-vp-popup-img-size=\"1440x1440\" data-vp-popup-md-img=\"https:\/\/www.lucernatv.cz\/wp-content\/uploads\/2021\/02\/Monika-Horsa\u0301kova\u0301-1-800x800.jpg\" data-vp-popup-md-img-size=\"800x800\" data-vp-popup-sm-img=\"https:\/\/www.lucernatv.cz\/wp-content\/uploads\/2021\/02\/Monika-Horsa\u0301kova\u0301-1-500x500.jpg\" data-vp-popup-sm-img-size=\"500x500\">\n            <h3 class=\"vp-portfolio__item-popup-title\">Monika Horsa\u0301kova\u0301<\/h3>\n        <\/template>\n                        <figure class=\"vp-portfolio__item\">\n                \n<div class=\"vp-portfolio__item-img-wrap\">\n    <div class=\"vp-portfolio__item-img\">\n            <a\n        href=\"https:\/\/www.lucernatv.cz\/wp-content\/uploads\/2021\/02\/Monika-Horsa\u0301kova\u0301-1.jpg\"\n            >\n    \n        <img decoding=\"async\" width=\"1440\" height=\"1440\" src=\"https:\/\/www.lucernatv.cz\/wp-content\/uploads\/2021\/02\/Monika-Horsa\u0301kova\u0301-1.jpg\" class=\"wp-image-2836\" alt=\"\" srcset=\"https:\/\/www.lucernatv.cz\/wp-content\/uploads\/2021\/02\/Monika-Horsa\u0301kova\u0301-1.jpg 1440w, https:\/\/www.lucernatv.cz\/wp-content\/uploads\/2021\/02\/Monika-Horsa\u0301kova\u0301-1-180x180.jpg 180w, https:\/\/www.lucernatv.cz\/wp-content\/uploads\/2021\/02\/Monika-Horsa\u0301kova\u0301-1-1080x1080.jpg 1080w, https:\/\/www.lucernatv.cz\/wp-content\/uploads\/2021\/02\/Monika-Horsa\u0301kova\u0301-1-150x150.jpg 150w, https:\/\/www.lucernatv.cz\/wp-content\/uploads\/2021\/02\/Monika-Horsa\u0301kova\u0301-1-768x768.jpg 768w, https:\/\/www.lucernatv.cz\/wp-content\/uploads\/2021\/02\/Monika-Horsa\u0301kova\u0301-1-500x500.jpg 500w, https:\/\/www.lucernatv.cz\/wp-content\/uploads\/2021\/02\/Monika-Horsa\u0301kova\u0301-1-800x800.jpg 800w, https:\/\/www.lucernatv.cz\/wp-content\/uploads\/2021\/02\/Monika-Horsa\u0301kova\u0301-1-1280x1280.jpg 1280w, https:\/\/www.lucernatv.cz\/wp-content\/uploads\/2021\/02\/Monika-Horsa\u0301kova\u0301-1-60x60.jpg 60w, https:\/\/www.lucernatv.cz\/wp-content\/uploads\/2021\/02\/Monika-Horsa\u0301kova\u0301-1-600x600.jpg 600w\" sizes=\"(max-width: 1440px) 100vw, 1440px\" \/>\n        <\/a>    <\/div>\n<\/div>\n\n<figcaption class=\"vp-portfolio__item-overlay vp-portfolio__item-overlay-text-align-center\">\n    <div class=\"vp-portfolio__item-meta-wrap vp-portfolio__custom-scrollbar\">\n            <a\n        href=\"https:\/\/www.lucernatv.cz\/wp-content\/uploads\/2021\/02\/Monika-Horsa\u0301kova\u0301-1.jpg\"\n        tabindex=\"-1\" class=\"vp-portfolio__item-meta\"     >\n    \n        \n<h2 class=\"vp-portfolio__item-meta-title\">\n    Monika Horsa\u0301kova\u0301<\/h2>\n\n        <\/a>    <\/div>\n<\/figcaption>\n            <\/figure>\n                    <\/div>\n        \n        <div        class=\"vp-portfolio__item-wrap vp-portfolio__item-uid-057668f7\" data-vp-filter=\"\"         >\n            <template class=\"vp-portfolio__item-popup\" data-vp-popup-img=\"https:\/\/www.lucernatv.cz\/wp-content\/uploads\/2021\/02\/Irena-Koci\u0301.jpg\" data-vp-popup-img-srcset=\"https:\/\/www.lucernatv.cz\/wp-content\/uploads\/2021\/02\/Irena-Koci\u0301.jpg 1624w, https:\/\/www.lucernatv.cz\/wp-content\/uploads\/2021\/02\/Irena-Koci\u0301-271x180.jpg 271w, https:\/\/www.lucernatv.cz\/wp-content\/uploads\/2021\/02\/Irena-Koci\u0301-768x511.jpg 768w, https:\/\/www.lucernatv.cz\/wp-content\/uploads\/2021\/02\/Irena-Koci\u0301-500x333.jpg 500w, https:\/\/www.lucernatv.cz\/wp-content\/uploads\/2021\/02\/Irena-Koci\u0301-800x532.jpg 800w, https:\/\/www.lucernatv.cz\/wp-content\/uploads\/2021\/02\/Irena-Koci\u0301-1280x851.jpg 1280w, https:\/\/www.lucernatv.cz\/wp-content\/uploads\/2021\/02\/Irena-Koci\u0301-1536x1021.jpg 1536w\" data-vp-popup-img-size=\"1624x1080\" data-vp-popup-md-img=\"https:\/\/www.lucernatv.cz\/wp-content\/uploads\/2021\/02\/Irena-Koci\u0301-800x532.jpg\" data-vp-popup-md-img-size=\"800x532\" data-vp-popup-sm-img=\"https:\/\/www.lucernatv.cz\/wp-content\/uploads\/2021\/02\/Irena-Koci\u0301-500x333.jpg\" data-vp-popup-sm-img-size=\"500x333\">\n            <h3 class=\"vp-portfolio__item-popup-title\">Irena Koci\u0301<\/h3>\n        <\/template>\n                        <figure class=\"vp-portfolio__item\">\n                \n<div class=\"vp-portfolio__item-img-wrap\">\n    <div class=\"vp-portfolio__item-img\">\n            <a\n        href=\"https:\/\/www.lucernatv.cz\/wp-content\/uploads\/2021\/02\/Irena-Koci\u0301.jpg\"\n            >\n    \n        <img decoding=\"async\" width=\"1624\" height=\"1080\" src=\"https:\/\/www.lucernatv.cz\/wp-content\/uploads\/2021\/02\/Irena-Koci\u0301.jpg\" class=\"wp-image-2817\" alt=\"\" srcset=\"https:\/\/www.lucernatv.cz\/wp-content\/uploads\/2021\/02\/Irena-Koci\u0301.jpg 1624w, https:\/\/www.lucernatv.cz\/wp-content\/uploads\/2021\/02\/Irena-Koci\u0301-271x180.jpg 271w, https:\/\/www.lucernatv.cz\/wp-content\/uploads\/2021\/02\/Irena-Koci\u0301-768x511.jpg 768w, https:\/\/www.lucernatv.cz\/wp-content\/uploads\/2021\/02\/Irena-Koci\u0301-500x333.jpg 500w, https:\/\/www.lucernatv.cz\/wp-content\/uploads\/2021\/02\/Irena-Koci\u0301-800x532.jpg 800w, https:\/\/www.lucernatv.cz\/wp-content\/uploads\/2021\/02\/Irena-Koci\u0301-1280x851.jpg 1280w, https:\/\/www.lucernatv.cz\/wp-content\/uploads\/2021\/02\/Irena-Koci\u0301-1536x1021.jpg 1536w\" sizes=\"(max-width: 1624px) 100vw, 1624px\" \/>\n        <\/a>    <\/div>\n<\/div>\n\n<figcaption class=\"vp-portfolio__item-overlay vp-portfolio__item-overlay-text-align-center\">\n    <div class=\"vp-portfolio__item-meta-wrap vp-portfolio__custom-scrollbar\">\n            <a\n        href=\"https:\/\/www.lucernatv.cz\/wp-content\/uploads\/2021\/02\/Irena-Koci\u0301.jpg\"\n        tabindex=\"-1\" class=\"vp-portfolio__item-meta\"     >\n    \n        \n<h2 class=\"vp-portfolio__item-meta-title\">\n    Irena Koci\u0301<\/h2>\n\n        <\/a>    <\/div>\n<\/figcaption>\n            <\/figure>\n                    <\/div>\n        \n        <div        class=\"vp-portfolio__item-wrap vp-portfolio__item-uid-6e9685fd\" data-vp-filter=\"\"         >\n            <template class=\"vp-portfolio__item-popup\" data-vp-popup-img=\"https:\/\/www.lucernatv.cz\/wp-content\/uploads\/2021\/02\/Miroslav-Zelinsky\u0301.jpg\" data-vp-popup-img-srcset=\"https:\/\/www.lucernatv.cz\/wp-content\/uploads\/2021\/02\/Miroslav-Zelinsky\u0301.jpg 959w, https:\/\/www.lucernatv.cz\/wp-content\/uploads\/2021\/02\/Miroslav-Zelinsky\u0301-180x180.jpg 180w, https:\/\/www.lucernatv.cz\/wp-content\/uploads\/2021\/02\/Miroslav-Zelinsky\u0301-150x150.jpg 150w, https:\/\/www.lucernatv.cz\/wp-content\/uploads\/2021\/02\/Miroslav-Zelinsky\u0301-768x769.jpg 768w, https:\/\/www.lucernatv.cz\/wp-content\/uploads\/2021\/02\/Miroslav-Zelinsky\u0301-500x501.jpg 500w, https:\/\/www.lucernatv.cz\/wp-content\/uploads\/2021\/02\/Miroslav-Zelinsky\u0301-800x801.jpg 800w, https:\/\/www.lucernatv.cz\/wp-content\/uploads\/2021\/02\/Miroslav-Zelinsky\u0301-60x60.jpg 60w, https:\/\/www.lucernatv.cz\/wp-content\/uploads\/2021\/02\/Miroslav-Zelinsky\u0301-600x600.jpg 600w\" data-vp-popup-img-size=\"959x960\" data-vp-popup-md-img=\"https:\/\/www.lucernatv.cz\/wp-content\/uploads\/2021\/02\/Miroslav-Zelinsky\u0301-800x801.jpg\" data-vp-popup-md-img-size=\"800x801\" data-vp-popup-sm-img=\"https:\/\/www.lucernatv.cz\/wp-content\/uploads\/2021\/02\/Miroslav-Zelinsky\u0301-500x501.jpg\" data-vp-popup-sm-img-size=\"500x501\">\n            <h3 class=\"vp-portfolio__item-popup-title\">Miroslav Zelinsky\u0301<\/h3>\n        <\/template>\n                        <figure class=\"vp-portfolio__item\">\n                \n<div class=\"vp-portfolio__item-img-wrap\">\n    <div class=\"vp-portfolio__item-img\">\n            <a\n        href=\"https:\/\/www.lucernatv.cz\/wp-content\/uploads\/2021\/02\/Miroslav-Zelinsky\u0301.jpg\"\n            >\n    \n        <img decoding=\"async\" width=\"959\" height=\"960\" src=\"https:\/\/www.lucernatv.cz\/wp-content\/uploads\/2021\/02\/Miroslav-Zelinsky\u0301.jpg\" class=\"wp-image-2823\" alt=\"\" srcset=\"https:\/\/www.lucernatv.cz\/wp-content\/uploads\/2021\/02\/Miroslav-Zelinsky\u0301.jpg 959w, https:\/\/www.lucernatv.cz\/wp-content\/uploads\/2021\/02\/Miroslav-Zelinsky\u0301-180x180.jpg 180w, https:\/\/www.lucernatv.cz\/wp-content\/uploads\/2021\/02\/Miroslav-Zelinsky\u0301-150x150.jpg 150w, https:\/\/www.lucernatv.cz\/wp-content\/uploads\/2021\/02\/Miroslav-Zelinsky\u0301-768x769.jpg 768w, https:\/\/www.lucernatv.cz\/wp-content\/uploads\/2021\/02\/Miroslav-Zelinsky\u0301-500x501.jpg 500w, https:\/\/www.lucernatv.cz\/wp-content\/uploads\/2021\/02\/Miroslav-Zelinsky\u0301-800x801.jpg 800w, https:\/\/www.lucernatv.cz\/wp-content\/uploads\/2021\/02\/Miroslav-Zelinsky\u0301-60x60.jpg 60w, https:\/\/www.lucernatv.cz\/wp-content\/uploads\/2021\/02\/Miroslav-Zelinsky\u0301-600x600.jpg 600w\" sizes=\"(max-width: 959px) 100vw, 959px\" \/>\n        <\/a>    <\/div>\n<\/div>\n\n<figcaption class=\"vp-portfolio__item-overlay vp-portfolio__item-overlay-text-align-center\">\n    <div class=\"vp-portfolio__item-meta-wrap vp-portfolio__custom-scrollbar\">\n            <a\n        href=\"https:\/\/www.lucernatv.cz\/wp-content\/uploads\/2021\/02\/Miroslav-Zelinsky\u0301.jpg\"\n        tabindex=\"-1\" class=\"vp-portfolio__item-meta\"     >\n    \n        \n<h2 class=\"vp-portfolio__item-meta-title\">\n    Miroslav Zelinsky\u0301<\/h2>\n\n        <\/a>    <\/div>\n<\/figcaption>\n            <\/figure>\n                    <\/div>\n        \n        <div        class=\"vp-portfolio__item-wrap vp-portfolio__item-uid-bdf8cd61\" data-vp-filter=\"\"         >\n            <template class=\"vp-portfolio__item-popup\" data-vp-popup-img=\"https:\/\/www.lucernatv.cz\/wp-content\/uploads\/2021\/02\/Kristi\u0301na-Pupa\u0301kova\u0301.jpg\" data-vp-popup-img-srcset=\"https:\/\/www.lucernatv.cz\/wp-content\/uploads\/2021\/02\/Kristi\u0301na-Pupa\u0301kova\u0301.jpg 1024w, https:\/\/www.lucernatv.cz\/wp-content\/uploads\/2021\/02\/Kristi\u0301na-Pupa\u0301kova\u0301-255x180.jpg 255w, https:\/\/www.lucernatv.cz\/wp-content\/uploads\/2021\/02\/Kristi\u0301na-Pupa\u0301kova\u0301-768x542.jpg 768w, https:\/\/www.lucernatv.cz\/wp-content\/uploads\/2021\/02\/Kristi\u0301na-Pupa\u0301kova\u0301-500x353.jpg 500w, https:\/\/www.lucernatv.cz\/wp-content\/uploads\/2021\/02\/Kristi\u0301na-Pupa\u0301kova\u0301-800x564.jpg 800w\" data-vp-popup-img-size=\"1024x722\" data-vp-popup-md-img=\"https:\/\/www.lucernatv.cz\/wp-content\/uploads\/2021\/02\/Kristi\u0301na-Pupa\u0301kova\u0301-800x564.jpg\" data-vp-popup-md-img-size=\"800x564\" data-vp-popup-sm-img=\"https:\/\/www.lucernatv.cz\/wp-content\/uploads\/2021\/02\/Kristi\u0301na-Pupa\u0301kova\u0301-500x353.jpg\" data-vp-popup-sm-img-size=\"500x353\">\n            <h3 class=\"vp-portfolio__item-popup-title\">Kristi\u0301na Pupa\u0301kova\u0301<\/h3>\n        <\/template>\n                        <figure class=\"vp-portfolio__item\">\n                \n<div class=\"vp-portfolio__item-img-wrap\">\n    <div class=\"vp-portfolio__item-img\">\n            <a\n        href=\"https:\/\/www.lucernatv.cz\/wp-content\/uploads\/2021\/02\/Kristi\u0301na-Pupa\u0301kova\u0301.jpg\"\n            >\n    \n        <img decoding=\"async\" width=\"1024\" height=\"722\" src=\"https:\/\/www.lucernatv.cz\/wp-content\/uploads\/2021\/02\/Kristi\u0301na-Pupa\u0301kova\u0301.jpg\" class=\"wp-image-2821\" alt=\"\" srcset=\"https:\/\/www.lucernatv.cz\/wp-content\/uploads\/2021\/02\/Kristi\u0301na-Pupa\u0301kova\u0301.jpg 1024w, https:\/\/www.lucernatv.cz\/wp-content\/uploads\/2021\/02\/Kristi\u0301na-Pupa\u0301kova\u0301-255x180.jpg 255w, https:\/\/www.lucernatv.cz\/wp-content\/uploads\/2021\/02\/Kristi\u0301na-Pupa\u0301kova\u0301-768x542.jpg 768w, https:\/\/www.lucernatv.cz\/wp-content\/uploads\/2021\/02\/Kristi\u0301na-Pupa\u0301kova\u0301-500x353.jpg 500w, https:\/\/www.lucernatv.cz\/wp-content\/uploads\/2021\/02\/Kristi\u0301na-Pupa\u0301kova\u0301-800x564.jpg 800w\" sizes=\"(max-width: 1024px) 100vw, 1024px\" \/>\n        <\/a>    <\/div>\n<\/div>\n\n<figcaption class=\"vp-portfolio__item-overlay vp-portfolio__item-overlay-text-align-center\">\n    <div class=\"vp-portfolio__item-meta-wrap vp-portfolio__custom-scrollbar\">\n            <a\n        href=\"https:\/\/www.lucernatv.cz\/wp-content\/uploads\/2021\/02\/Kristi\u0301na-Pupa\u0301kova\u0301.jpg\"\n        tabindex=\"-1\" class=\"vp-portfolio__item-meta\"     >\n    \n        \n<h2 class=\"vp-portfolio__item-meta-title\">\n    Kristi\u0301na Pupa\u0301kova\u0301<\/h2>\n\n        <\/a>    <\/div>\n<\/figcaption>\n            <\/figure>\n                    <\/div>\n        \n        <div        class=\"vp-portfolio__item-wrap vp-portfolio__item-uid-96d140cb\" data-vp-filter=\"\"         >\n            <template class=\"vp-portfolio__item-popup\" data-vp-popup-img=\"https:\/\/www.lucernatv.cz\/wp-content\/uploads\/2021\/02\/Mikula\u0301s\u030c-Odehnal.jpg\" data-vp-popup-img-srcset=\"https:\/\/www.lucernatv.cz\/wp-content\/uploads\/2021\/02\/Mikula\u0301s\u030c-Odehnal.jpg 1280w, https:\/\/www.lucernatv.cz\/wp-content\/uploads\/2021\/02\/Mikula\u0301s\u030c-Odehnal-270x180.jpg 270w, https:\/\/www.lucernatv.cz\/wp-content\/uploads\/2021\/02\/Mikula\u0301s\u030c-Odehnal-768x512.jpg 768w, https:\/\/www.lucernatv.cz\/wp-content\/uploads\/2021\/02\/Mikula\u0301s\u030c-Odehnal-500x334.jpg 500w, https:\/\/www.lucernatv.cz\/wp-content\/uploads\/2021\/02\/Mikula\u0301s\u030c-Odehnal-800x534.jpg 800w, https:\/\/www.lucernatv.cz\/wp-content\/uploads\/2021\/02\/Mikula\u0301s\u030c-Odehnal-1200x800.jpg 1200w, https:\/\/www.lucernatv.cz\/wp-content\/uploads\/2021\/02\/Mikula\u0301s\u030c-Odehnal-930x620.jpg 930w\" data-vp-popup-img-size=\"1280x854\" data-vp-popup-md-img=\"https:\/\/www.lucernatv.cz\/wp-content\/uploads\/2021\/02\/Mikula\u0301s\u030c-Odehnal-800x534.jpg\" data-vp-popup-md-img-size=\"800x534\" data-vp-popup-sm-img=\"https:\/\/www.lucernatv.cz\/wp-content\/uploads\/2021\/02\/Mikula\u0301s\u030c-Odehnal-500x334.jpg\" data-vp-popup-sm-img-size=\"500x334\">\n            <h3 class=\"vp-portfolio__item-popup-title\">Mikula\u0301s\u030c Odehnal<\/h3>\n        <\/template>\n                        <figure class=\"vp-portfolio__item\">\n                \n<div class=\"vp-portfolio__item-img-wrap\">\n    <div class=\"vp-portfolio__item-img\">\n            <a\n        href=\"https:\/\/www.lucernatv.cz\/wp-content\/uploads\/2021\/02\/Mikula\u0301s\u030c-Odehnal.jpg\"\n            >\n    \n        <img decoding=\"async\" width=\"1280\" height=\"854\" src=\"https:\/\/www.lucernatv.cz\/wp-content\/uploads\/2021\/02\/Mikula\u0301s\u030c-Odehnal.jpg\" class=\"wp-image-2822\" alt=\"\" srcset=\"https:\/\/www.lucernatv.cz\/wp-content\/uploads\/2021\/02\/Mikula\u0301s\u030c-Odehnal.jpg 1280w, https:\/\/www.lucernatv.cz\/wp-content\/uploads\/2021\/02\/Mikula\u0301s\u030c-Odehnal-270x180.jpg 270w, https:\/\/www.lucernatv.cz\/wp-content\/uploads\/2021\/02\/Mikula\u0301s\u030c-Odehnal-768x512.jpg 768w, https:\/\/www.lucernatv.cz\/wp-content\/uploads\/2021\/02\/Mikula\u0301s\u030c-Odehnal-500x334.jpg 500w, https:\/\/www.lucernatv.cz\/wp-content\/uploads\/2021\/02\/Mikula\u0301s\u030c-Odehnal-800x534.jpg 800w, https:\/\/www.lucernatv.cz\/wp-content\/uploads\/2021\/02\/Mikula\u0301s\u030c-Odehnal-1200x800.jpg 1200w, https:\/\/www.lucernatv.cz\/wp-content\/uploads\/2021\/02\/Mikula\u0301s\u030c-Odehnal-930x620.jpg 930w\" sizes=\"(max-width: 1280px) 100vw, 1280px\" \/>\n        <\/a>    <\/div>\n<\/div>\n\n<figcaption class=\"vp-portfolio__item-overlay vp-portfolio__item-overlay-text-align-center\">\n    <div class=\"vp-portfolio__item-meta-wrap vp-portfolio__custom-scrollbar\">\n            <a\n        href=\"https:\/\/www.lucernatv.cz\/wp-content\/uploads\/2021\/02\/Mikula\u0301s\u030c-Odehnal.jpg\"\n        tabindex=\"-1\" class=\"vp-portfolio__item-meta\"     >\n    \n        \n<h2 class=\"vp-portfolio__item-meta-title\">\n    Mikula\u0301s\u030c Odehnal<\/h2>\n\n        <\/a>    <\/div>\n<\/figcaption>\n            <\/figure>\n                    <\/div>\n        \n        <div        class=\"vp-portfolio__item-wrap vp-portfolio__item-uid-2ccecd99\" data-vp-filter=\"\"         >\n            <template class=\"vp-portfolio__item-popup\" data-vp-popup-img=\"https:\/\/www.lucernatv.cz\/wp-content\/uploads\/2021\/02\/Stanislava-Schupplerova\u0301-Jakub-Chroba\u0301k.jpg\" data-vp-popup-img-srcset=\"https:\/\/www.lucernatv.cz\/wp-content\/uploads\/2021\/02\/Stanislava-Schupplerova\u0301-Jakub-Chroba\u0301k.jpg 1181w, https:\/\/www.lucernatv.cz\/wp-content\/uploads\/2021\/02\/Stanislava-Schupplerova\u0301-Jakub-Chroba\u0301k-270x180.jpg 270w, https:\/\/www.lucernatv.cz\/wp-content\/uploads\/2021\/02\/Stanislava-Schupplerova\u0301-Jakub-Chroba\u0301k-768x512.jpg 768w, https:\/\/www.lucernatv.cz\/wp-content\/uploads\/2021\/02\/Stanislava-Schupplerova\u0301-Jakub-Chroba\u0301k-500x334.jpg 500w, https:\/\/www.lucernatv.cz\/wp-content\/uploads\/2021\/02\/Stanislava-Schupplerova\u0301-Jakub-Chroba\u0301k-800x534.jpg 800w, https:\/\/www.lucernatv.cz\/wp-content\/uploads\/2021\/02\/Stanislava-Schupplerova\u0301-Jakub-Chroba\u0301k-930x620.jpg 930w\" data-vp-popup-img-size=\"1181x788\" data-vp-popup-md-img=\"https:\/\/www.lucernatv.cz\/wp-content\/uploads\/2021\/02\/Stanislava-Schupplerova\u0301-Jakub-Chroba\u0301k-800x534.jpg\" data-vp-popup-md-img-size=\"800x534\" data-vp-popup-sm-img=\"https:\/\/www.lucernatv.cz\/wp-content\/uploads\/2021\/02\/Stanislava-Schupplerova\u0301-Jakub-Chroba\u0301k-500x334.jpg\" data-vp-popup-sm-img-size=\"500x334\">\n            <h3 class=\"vp-portfolio__item-popup-title\">Stanislava Schupplerova\u0301 &amp; Jakub Chroba\u0301k<\/h3>\n        <\/template>\n                        <figure class=\"vp-portfolio__item\">\n                \n<div class=\"vp-portfolio__item-img-wrap\">\n    <div class=\"vp-portfolio__item-img\">\n            <a\n        href=\"https:\/\/www.lucernatv.cz\/wp-content\/uploads\/2021\/02\/Stanislava-Schupplerova\u0301-Jakub-Chroba\u0301k.jpg\"\n            >\n    \n        <img decoding=\"async\" width=\"1181\" height=\"788\" src=\"https:\/\/www.lucernatv.cz\/wp-content\/uploads\/2021\/02\/Stanislava-Schupplerova\u0301-Jakub-Chroba\u0301k.jpg\" class=\"wp-image-2835\" alt=\"\" srcset=\"https:\/\/www.lucernatv.cz\/wp-content\/uploads\/2021\/02\/Stanislava-Schupplerova\u0301-Jakub-Chroba\u0301k.jpg 1181w, https:\/\/www.lucernatv.cz\/wp-content\/uploads\/2021\/02\/Stanislava-Schupplerova\u0301-Jakub-Chroba\u0301k-270x180.jpg 270w, https:\/\/www.lucernatv.cz\/wp-content\/uploads\/2021\/02\/Stanislava-Schupplerova\u0301-Jakub-Chroba\u0301k-768x512.jpg 768w, https:\/\/www.lucernatv.cz\/wp-content\/uploads\/2021\/02\/Stanislava-Schupplerova\u0301-Jakub-Chroba\u0301k-500x334.jpg 500w, https:\/\/www.lucernatv.cz\/wp-content\/uploads\/2021\/02\/Stanislava-Schupplerova\u0301-Jakub-Chroba\u0301k-800x534.jpg 800w, https:\/\/www.lucernatv.cz\/wp-content\/uploads\/2021\/02\/Stanislava-Schupplerova\u0301-Jakub-Chroba\u0301k-930x620.jpg 930w\" sizes=\"(max-width: 1181px) 100vw, 1181px\" \/>\n        <\/a>    <\/div>\n<\/div>\n\n<figcaption class=\"vp-portfolio__item-overlay vp-portfolio__item-overlay-text-align-center\">\n    <div class=\"vp-portfolio__item-meta-wrap vp-portfolio__custom-scrollbar\">\n            <a\n        href=\"https:\/\/www.lucernatv.cz\/wp-content\/uploads\/2021\/02\/Stanislava-Schupplerova\u0301-Jakub-Chroba\u0301k.jpg\"\n        tabindex=\"-1\" class=\"vp-portfolio__item-meta\"     >\n    \n        \n<h2 class=\"vp-portfolio__item-meta-title\">\n    Stanislava Schupplerova\u0301 &amp; Jakub Chroba\u0301k<\/h2>\n\n        <\/a>    <\/div>\n<\/figcaption>\n            <\/figure>\n                    <\/div>\n        \n        <div        class=\"vp-portfolio__item-wrap vp-portfolio__item-uid-820d127c\" data-vp-filter=\"\"         >\n            <template class=\"vp-portfolio__item-popup\" data-vp-popup-img=\"https:\/\/www.lucernatv.cz\/wp-content\/uploads\/2021\/02\/Toma\u0301s\u030c-Polensky\u0301.jpg\" data-vp-popup-img-srcset=\"https:\/\/www.lucernatv.cz\/wp-content\/uploads\/2021\/02\/Toma\u0301s\u030c-Polensky\u0301.jpg 1804w, https:\/\/www.lucernatv.cz\/wp-content\/uploads\/2021\/02\/Toma\u0301s\u030c-Polensky\u0301-301x180.jpg 301w, https:\/\/www.lucernatv.cz\/wp-content\/uploads\/2021\/02\/Toma\u0301s\u030c-Polensky\u0301-768x460.jpg 768w, https:\/\/www.lucernatv.cz\/wp-content\/uploads\/2021\/02\/Toma\u0301s\u030c-Polensky\u0301-500x299.jpg 500w, https:\/\/www.lucernatv.cz\/wp-content\/uploads\/2021\/02\/Toma\u0301s\u030c-Polensky\u0301-800x479.jpg 800w, https:\/\/www.lucernatv.cz\/wp-content\/uploads\/2021\/02\/Toma\u0301s\u030c-Polensky\u0301-1280x766.jpg 1280w, https:\/\/www.lucernatv.cz\/wp-content\/uploads\/2021\/02\/Toma\u0301s\u030c-Polensky\u0301-1536x920.jpg 1536w\" data-vp-popup-img-size=\"1804x1080\" data-vp-popup-md-img=\"https:\/\/www.lucernatv.cz\/wp-content\/uploads\/2021\/02\/Toma\u0301s\u030c-Polensky\u0301-800x479.jpg\" data-vp-popup-md-img-size=\"800x479\" data-vp-popup-sm-img=\"https:\/\/www.lucernatv.cz\/wp-content\/uploads\/2021\/02\/Toma\u0301s\u030c-Polensky\u0301-500x299.jpg\" data-vp-popup-sm-img-size=\"500x299\">\n            <h3 class=\"vp-portfolio__item-popup-title\">Toma\u0301s\u030c Polensky\u0301<\/h3>\n        <\/template>\n                        <figure class=\"vp-portfolio__item\">\n                \n<div class=\"vp-portfolio__item-img-wrap\">\n    <div class=\"vp-portfolio__item-img\">\n            <a\n        href=\"https:\/\/www.lucernatv.cz\/wp-content\/uploads\/2021\/02\/Toma\u0301s\u030c-Polensky\u0301.jpg\"\n            >\n    \n        <img decoding=\"async\" width=\"1804\" height=\"1080\" src=\"https:\/\/www.lucernatv.cz\/wp-content\/uploads\/2021\/02\/Toma\u0301s\u030c-Polensky\u0301.jpg\" class=\"wp-image-2833\" alt=\"\" srcset=\"https:\/\/www.lucernatv.cz\/wp-content\/uploads\/2021\/02\/Toma\u0301s\u030c-Polensky\u0301.jpg 1804w, https:\/\/www.lucernatv.cz\/wp-content\/uploads\/2021\/02\/Toma\u0301s\u030c-Polensky\u0301-301x180.jpg 301w, https:\/\/www.lucernatv.cz\/wp-content\/uploads\/2021\/02\/Toma\u0301s\u030c-Polensky\u0301-768x460.jpg 768w, https:\/\/www.lucernatv.cz\/wp-content\/uploads\/2021\/02\/Toma\u0301s\u030c-Polensky\u0301-500x299.jpg 500w, https:\/\/www.lucernatv.cz\/wp-content\/uploads\/2021\/02\/Toma\u0301s\u030c-Polensky\u0301-800x479.jpg 800w, https:\/\/www.lucernatv.cz\/wp-content\/uploads\/2021\/02\/Toma\u0301s\u030c-Polensky\u0301-1280x766.jpg 1280w, https:\/\/www.lucernatv.cz\/wp-content\/uploads\/2021\/02\/Toma\u0301s\u030c-Polensky\u0301-1536x920.jpg 1536w\" sizes=\"(max-width: 1804px) 100vw, 1804px\" \/>\n        <\/a>    <\/div>\n<\/div>\n\n<figcaption class=\"vp-portfolio__item-overlay vp-portfolio__item-overlay-text-align-center\">\n    <div class=\"vp-portfolio__item-meta-wrap vp-portfolio__custom-scrollbar\">\n            <a\n        href=\"https:\/\/www.lucernatv.cz\/wp-content\/uploads\/2021\/02\/Toma\u0301s\u030c-Polensky\u0301.jpg\"\n        tabindex=\"-1\" class=\"vp-portfolio__item-meta\"     >\n    \n        \n<h2 class=\"vp-portfolio__item-meta-title\">\n    Toma\u0301s\u030c Polensky\u0301<\/h2>\n\n        <\/a>    <\/div>\n<\/figcaption>\n            <\/figure>\n                    <\/div>\n        \n        <div        class=\"vp-portfolio__item-wrap vp-portfolio__item-uid-fd31adc1\" data-vp-filter=\"\"         >\n            <template class=\"vp-portfolio__item-popup\" data-vp-popup-img=\"https:\/\/www.lucernatv.cz\/wp-content\/uploads\/2021\/02\/Arnos\u030ct-Holan.jpg\" data-vp-popup-img-srcset=\"https:\/\/www.lucernatv.cz\/wp-content\/uploads\/2021\/02\/Arnos\u030ct-Holan.jpg 1365w, https:\/\/www.lucernatv.cz\/wp-content\/uploads\/2021\/02\/Arnos\u030ct-Holan-180x180.jpg 180w, https:\/\/www.lucernatv.cz\/wp-content\/uploads\/2021\/02\/Arnos\u030ct-Holan-1080x1080.jpg 1080w, https:\/\/www.lucernatv.cz\/wp-content\/uploads\/2021\/02\/Arnos\u030ct-Holan-150x150.jpg 150w, https:\/\/www.lucernatv.cz\/wp-content\/uploads\/2021\/02\/Arnos\u030ct-Holan-768x768.jpg 768w, https:\/\/www.lucernatv.cz\/wp-content\/uploads\/2021\/02\/Arnos\u030ct-Holan-500x500.jpg 500w, https:\/\/www.lucernatv.cz\/wp-content\/uploads\/2021\/02\/Arnos\u030ct-Holan-800x800.jpg 800w, https:\/\/www.lucernatv.cz\/wp-content\/uploads\/2021\/02\/Arnos\u030ct-Holan-1280x1280.jpg 1280w, https:\/\/www.lucernatv.cz\/wp-content\/uploads\/2021\/02\/Arnos\u030ct-Holan-60x60.jpg 60w, https:\/\/www.lucernatv.cz\/wp-content\/uploads\/2021\/02\/Arnos\u030ct-Holan-600x600.jpg 600w\" data-vp-popup-img-size=\"1365x1365\" data-vp-popup-md-img=\"https:\/\/www.lucernatv.cz\/wp-content\/uploads\/2021\/02\/Arnos\u030ct-Holan-800x800.jpg\" data-vp-popup-md-img-size=\"800x800\" data-vp-popup-sm-img=\"https:\/\/www.lucernatv.cz\/wp-content\/uploads\/2021\/02\/Arnos\u030ct-Holan-500x500.jpg\" data-vp-popup-sm-img-size=\"500x500\">\n            <h3 class=\"vp-portfolio__item-popup-title\">Arnos\u030ct Holan<\/h3>\n        <\/template>\n                        <figure class=\"vp-portfolio__item\">\n                \n<div class=\"vp-portfolio__item-img-wrap\">\n    <div class=\"vp-portfolio__item-img\">\n            <a\n        href=\"https:\/\/www.lucernatv.cz\/wp-content\/uploads\/2021\/02\/Arnos\u030ct-Holan.jpg\"\n            >\n    \n        <img decoding=\"async\" width=\"1365\" height=\"1365\" src=\"https:\/\/www.lucernatv.cz\/wp-content\/uploads\/2021\/02\/Arnos\u030ct-Holan.jpg\" class=\"wp-image-2816\" alt=\"\" srcset=\"https:\/\/www.lucernatv.cz\/wp-content\/uploads\/2021\/02\/Arnos\u030ct-Holan.jpg 1365w, https:\/\/www.lucernatv.cz\/wp-content\/uploads\/2021\/02\/Arnos\u030ct-Holan-180x180.jpg 180w, https:\/\/www.lucernatv.cz\/wp-content\/uploads\/2021\/02\/Arnos\u030ct-Holan-1080x1080.jpg 1080w, https:\/\/www.lucernatv.cz\/wp-content\/uploads\/2021\/02\/Arnos\u030ct-Holan-150x150.jpg 150w, https:\/\/www.lucernatv.cz\/wp-content\/uploads\/2021\/02\/Arnos\u030ct-Holan-768x768.jpg 768w, https:\/\/www.lucernatv.cz\/wp-content\/uploads\/2021\/02\/Arnos\u030ct-Holan-500x500.jpg 500w, https:\/\/www.lucernatv.cz\/wp-content\/uploads\/2021\/02\/Arnos\u030ct-Holan-800x800.jpg 800w, https:\/\/www.lucernatv.cz\/wp-content\/uploads\/2021\/02\/Arnos\u030ct-Holan-1280x1280.jpg 1280w, https:\/\/www.lucernatv.cz\/wp-content\/uploads\/2021\/02\/Arnos\u030ct-Holan-60x60.jpg 60w, https:\/\/www.lucernatv.cz\/wp-content\/uploads\/2021\/02\/Arnos\u030ct-Holan-600x600.jpg 600w\" sizes=\"(max-width: 1365px) 100vw, 1365px\" \/>\n        <\/a>    <\/div>\n<\/div>\n\n<figcaption class=\"vp-portfolio__item-overlay vp-portfolio__item-overlay-text-align-center\">\n    <div class=\"vp-portfolio__item-meta-wrap vp-portfolio__custom-scrollbar\">\n            <a\n        href=\"https:\/\/www.lucernatv.cz\/wp-content\/uploads\/2021\/02\/Arnos\u030ct-Holan.jpg\"\n        tabindex=\"-1\" class=\"vp-portfolio__item-meta\"     >\n    \n        \n<h2 class=\"vp-portfolio__item-meta-title\">\n    Arnos\u030ct Holan<\/h2>\n\n        <\/a>    <\/div>\n<\/figcaption>\n            <\/figure>\n                    <\/div>\n        \n        <div        class=\"vp-portfolio__item-wrap vp-portfolio__item-uid-efde2781\" data-vp-filter=\"\"         >\n            <template class=\"vp-portfolio__item-popup\" data-vp-popup-img=\"https:\/\/www.lucernatv.cz\/wp-content\/uploads\/2021\/02\/Jan-Spisar.jpg\" data-vp-popup-img-srcset=\"https:\/\/www.lucernatv.cz\/wp-content\/uploads\/2021\/02\/Jan-Spisar.jpg 901w, https:\/\/www.lucernatv.cz\/wp-content\/uploads\/2021\/02\/Jan-Spisar-179x180.jpg 179w, https:\/\/www.lucernatv.cz\/wp-content\/uploads\/2021\/02\/Jan-Spisar-150x150.jpg 150w, https:\/\/www.lucernatv.cz\/wp-content\/uploads\/2021\/02\/Jan-Spisar-768x771.jpg 768w, https:\/\/www.lucernatv.cz\/wp-content\/uploads\/2021\/02\/Jan-Spisar-500x502.jpg 500w, https:\/\/www.lucernatv.cz\/wp-content\/uploads\/2021\/02\/Jan-Spisar-800x804.jpg 800w, https:\/\/www.lucernatv.cz\/wp-content\/uploads\/2021\/02\/Jan-Spisar-60x60.jpg 60w\" data-vp-popup-img-size=\"901x905\" data-vp-popup-md-img=\"https:\/\/www.lucernatv.cz\/wp-content\/uploads\/2021\/02\/Jan-Spisar-800x804.jpg\" data-vp-popup-md-img-size=\"800x804\" data-vp-popup-sm-img=\"https:\/\/www.lucernatv.cz\/wp-content\/uploads\/2021\/02\/Jan-Spisar-500x502.jpg\" data-vp-popup-sm-img-size=\"500x502\">\n            <h3 class=\"vp-portfolio__item-popup-title\">Jan Spisar<\/h3>\n        <\/template>\n                        <figure class=\"vp-portfolio__item\">\n                \n<div class=\"vp-portfolio__item-img-wrap\">\n    <div class=\"vp-portfolio__item-img\">\n            <a\n        href=\"https:\/\/www.lucernatv.cz\/wp-content\/uploads\/2021\/02\/Jan-Spisar.jpg\"\n            >\n    \n        <img decoding=\"async\" width=\"901\" height=\"905\" src=\"https:\/\/www.lucernatv.cz\/wp-content\/uploads\/2021\/02\/Jan-Spisar.jpg\" class=\"wp-image-2819\" alt=\"\" srcset=\"https:\/\/www.lucernatv.cz\/wp-content\/uploads\/2021\/02\/Jan-Spisar.jpg 901w, https:\/\/www.lucernatv.cz\/wp-content\/uploads\/2021\/02\/Jan-Spisar-179x180.jpg 179w, https:\/\/www.lucernatv.cz\/wp-content\/uploads\/2021\/02\/Jan-Spisar-150x150.jpg 150w, https:\/\/www.lucernatv.cz\/wp-content\/uploads\/2021\/02\/Jan-Spisar-768x771.jpg 768w, https:\/\/www.lucernatv.cz\/wp-content\/uploads\/2021\/02\/Jan-Spisar-500x502.jpg 500w, https:\/\/www.lucernatv.cz\/wp-content\/uploads\/2021\/02\/Jan-Spisar-800x804.jpg 800w, https:\/\/www.lucernatv.cz\/wp-content\/uploads\/2021\/02\/Jan-Spisar-60x60.jpg 60w\" sizes=\"(max-width: 901px) 100vw, 901px\" \/>\n        <\/a>    <\/div>\n<\/div>\n\n<figcaption class=\"vp-portfolio__item-overlay vp-portfolio__item-overlay-text-align-center\">\n    <div class=\"vp-portfolio__item-meta-wrap vp-portfolio__custom-scrollbar\">\n            <a\n        href=\"https:\/\/www.lucernatv.cz\/wp-content\/uploads\/2021\/02\/Jan-Spisar.jpg\"\n        tabindex=\"-1\" class=\"vp-portfolio__item-meta\"     >\n    \n        \n<h2 class=\"vp-portfolio__item-meta-title\">\n    Jan Spisar<\/h2>\n\n        <\/a>    <\/div>\n<\/figcaption>\n            <\/figure>\n                    <\/div>\n        \n        <div        class=\"vp-portfolio__item-wrap vp-portfolio__item-uid-804fe556\" data-vp-filter=\"\"         >\n            <template class=\"vp-portfolio__item-popup\" data-vp-popup-img=\"https:\/\/www.lucernatv.cz\/wp-content\/uploads\/2021\/02\/Jan-Vlc\u030cek.jpg\" data-vp-popup-img-srcset=\"https:\/\/www.lucernatv.cz\/wp-content\/uploads\/2021\/02\/Jan-Vlc\u030cek.jpg 1365w, https:\/\/www.lucernatv.cz\/wp-content\/uploads\/2021\/02\/Jan-Vlc\u030cek-180x180.jpg 180w, https:\/\/www.lucernatv.cz\/wp-content\/uploads\/2021\/02\/Jan-Vlc\u030cek-1080x1080.jpg 1080w, https:\/\/www.lucernatv.cz\/wp-content\/uploads\/2021\/02\/Jan-Vlc\u030cek-150x150.jpg 150w, https:\/\/www.lucernatv.cz\/wp-content\/uploads\/2021\/02\/Jan-Vlc\u030cek-768x768.jpg 768w, https:\/\/www.lucernatv.cz\/wp-content\/uploads\/2021\/02\/Jan-Vlc\u030cek-500x500.jpg 500w, https:\/\/www.lucernatv.cz\/wp-content\/uploads\/2021\/02\/Jan-Vlc\u030cek-800x800.jpg 800w, https:\/\/www.lucernatv.cz\/wp-content\/uploads\/2021\/02\/Jan-Vlc\u030cek-1280x1280.jpg 1280w, https:\/\/www.lucernatv.cz\/wp-content\/uploads\/2021\/02\/Jan-Vlc\u030cek-60x60.jpg 60w, https:\/\/www.lucernatv.cz\/wp-content\/uploads\/2021\/02\/Jan-Vlc\u030cek-600x600.jpg 600w\" data-vp-popup-img-size=\"1365x1365\" data-vp-popup-md-img=\"https:\/\/www.lucernatv.cz\/wp-content\/uploads\/2021\/02\/Jan-Vlc\u030cek-800x800.jpg\" data-vp-popup-md-img-size=\"800x800\" data-vp-popup-sm-img=\"https:\/\/www.lucernatv.cz\/wp-content\/uploads\/2021\/02\/Jan-Vlc\u030cek-500x500.jpg\" data-vp-popup-sm-img-size=\"500x500\">\n            <h3 class=\"vp-portfolio__item-popup-title\">Jan Vlc\u030cek<\/h3>\n        <\/template>\n                        <figure class=\"vp-portfolio__item\">\n                \n<div class=\"vp-portfolio__item-img-wrap\">\n    <div class=\"vp-portfolio__item-img\">\n            <a\n        href=\"https:\/\/www.lucernatv.cz\/wp-content\/uploads\/2021\/02\/Jan-Vlc\u030cek.jpg\"\n            >\n    \n        <img decoding=\"async\" width=\"1365\" height=\"1365\" src=\"https:\/\/www.lucernatv.cz\/wp-content\/uploads\/2021\/02\/Jan-Vlc\u030cek.jpg\" class=\"wp-image-2820\" alt=\"\" srcset=\"https:\/\/www.lucernatv.cz\/wp-content\/uploads\/2021\/02\/Jan-Vlc\u030cek.jpg 1365w, https:\/\/www.lucernatv.cz\/wp-content\/uploads\/2021\/02\/Jan-Vlc\u030cek-180x180.jpg 180w, https:\/\/www.lucernatv.cz\/wp-content\/uploads\/2021\/02\/Jan-Vlc\u030cek-1080x1080.jpg 1080w, https:\/\/www.lucernatv.cz\/wp-content\/uploads\/2021\/02\/Jan-Vlc\u030cek-150x150.jpg 150w, https:\/\/www.lucernatv.cz\/wp-content\/uploads\/2021\/02\/Jan-Vlc\u030cek-768x768.jpg 768w, https:\/\/www.lucernatv.cz\/wp-content\/uploads\/2021\/02\/Jan-Vlc\u030cek-500x500.jpg 500w, https:\/\/www.lucernatv.cz\/wp-content\/uploads\/2021\/02\/Jan-Vlc\u030cek-800x800.jpg 800w, https:\/\/www.lucernatv.cz\/wp-content\/uploads\/2021\/02\/Jan-Vlc\u030cek-1280x1280.jpg 1280w, https:\/\/www.lucernatv.cz\/wp-content\/uploads\/2021\/02\/Jan-Vlc\u030cek-60x60.jpg 60w, https:\/\/www.lucernatv.cz\/wp-content\/uploads\/2021\/02\/Jan-Vlc\u030cek-600x600.jpg 600w\" sizes=\"(max-width: 1365px) 100vw, 1365px\" \/>\n        <\/a>    <\/div>\n<\/div>\n\n<figcaption class=\"vp-portfolio__item-overlay vp-portfolio__item-overlay-text-align-center\">\n    <div class=\"vp-portfolio__item-meta-wrap vp-portfolio__custom-scrollbar\">\n            <a\n        href=\"https:\/\/www.lucernatv.cz\/wp-content\/uploads\/2021\/02\/Jan-Vlc\u030cek.jpg\"\n        tabindex=\"-1\" class=\"vp-portfolio__item-meta\"     >\n    \n        \n<h2 class=\"vp-portfolio__item-meta-title\">\n    Jan Vlc\u030cek<\/h2>\n\n        <\/a>    <\/div>\n<\/figcaption>\n            <\/figure>\n                    <\/div>\n        \n        <div        class=\"vp-portfolio__item-wrap vp-portfolio__item-uid-c0b646b7\" data-vp-filter=\"\"         >\n            <template class=\"vp-portfolio__item-popup\" data-vp-popup-img=\"https:\/\/www.lucernatv.cz\/wp-content\/uploads\/2021\/02\/Petr-Gavel-1920x1280.jpg\" data-vp-popup-img-srcset=\"https:\/\/www.lucernatv.cz\/wp-content\/uploads\/2021\/02\/Petr-Gavel-1920x1280.jpg 1920w, https:\/\/www.lucernatv.cz\/wp-content\/uploads\/2021\/02\/Petr-Gavel-270x180.jpg 270w, https:\/\/www.lucernatv.cz\/wp-content\/uploads\/2021\/02\/Petr-Gavel-1620x1080.jpg 1620w, https:\/\/www.lucernatv.cz\/wp-content\/uploads\/2021\/02\/Petr-Gavel-768x512.jpg 768w, https:\/\/www.lucernatv.cz\/wp-content\/uploads\/2021\/02\/Petr-Gavel-500x333.jpg 500w, https:\/\/www.lucernatv.cz\/wp-content\/uploads\/2021\/02\/Petr-Gavel-800x533.jpg 800w, https:\/\/www.lucernatv.cz\/wp-content\/uploads\/2021\/02\/Petr-Gavel-1280x853.jpg 1280w, https:\/\/www.lucernatv.cz\/wp-content\/uploads\/2021\/02\/Petr-Gavel-1536x1024.jpg 1536w, https:\/\/www.lucernatv.cz\/wp-content\/uploads\/2021\/02\/Petr-Gavel-1200x800.jpg 1200w, https:\/\/www.lucernatv.cz\/wp-content\/uploads\/2021\/02\/Petr-Gavel-930x620.jpg 930w, https:\/\/www.lucernatv.cz\/wp-content\/uploads\/2021\/02\/Petr-Gavel.jpg 2048w\" data-vp-popup-img-size=\"1920x1280\" data-vp-popup-md-img=\"https:\/\/www.lucernatv.cz\/wp-content\/uploads\/2021\/02\/Petr-Gavel-800x533.jpg\" data-vp-popup-md-img-size=\"800x533\" data-vp-popup-sm-img=\"https:\/\/www.lucernatv.cz\/wp-content\/uploads\/2021\/02\/Petr-Gavel-500x333.jpg\" data-vp-popup-sm-img-size=\"500x333\">\n            <h3 class=\"vp-portfolio__item-popup-title\">Petr Gavel<\/h3>\n        <\/template>\n                        <figure class=\"vp-portfolio__item\">\n                \n<div class=\"vp-portfolio__item-img-wrap\">\n    <div class=\"vp-portfolio__item-img\">\n            <a\n        href=\"https:\/\/www.lucernatv.cz\/wp-content\/uploads\/2021\/02\/Petr-Gavel-1920x1280.jpg\"\n            >\n    \n        <img decoding=\"async\" width=\"1920\" height=\"1280\" src=\"https:\/\/www.lucernatv.cz\/wp-content\/uploads\/2021\/02\/Petr-Gavel-1920x1280.jpg\" class=\"wp-image-2825\" alt=\"\" srcset=\"https:\/\/www.lucernatv.cz\/wp-content\/uploads\/2021\/02\/Petr-Gavel-1920x1280.jpg 1920w, https:\/\/www.lucernatv.cz\/wp-content\/uploads\/2021\/02\/Petr-Gavel-270x180.jpg 270w, https:\/\/www.lucernatv.cz\/wp-content\/uploads\/2021\/02\/Petr-Gavel-1620x1080.jpg 1620w, https:\/\/www.lucernatv.cz\/wp-content\/uploads\/2021\/02\/Petr-Gavel-768x512.jpg 768w, https:\/\/www.lucernatv.cz\/wp-content\/uploads\/2021\/02\/Petr-Gavel-500x333.jpg 500w, https:\/\/www.lucernatv.cz\/wp-content\/uploads\/2021\/02\/Petr-Gavel-800x533.jpg 800w, https:\/\/www.lucernatv.cz\/wp-content\/uploads\/2021\/02\/Petr-Gavel-1280x853.jpg 1280w, https:\/\/www.lucernatv.cz\/wp-content\/uploads\/2021\/02\/Petr-Gavel-1536x1024.jpg 1536w, https:\/\/www.lucernatv.cz\/wp-content\/uploads\/2021\/02\/Petr-Gavel-1200x800.jpg 1200w, https:\/\/www.lucernatv.cz\/wp-content\/uploads\/2021\/02\/Petr-Gavel-930x620.jpg 930w, https:\/\/www.lucernatv.cz\/wp-content\/uploads\/2021\/02\/Petr-Gavel.jpg 2048w\" sizes=\"(max-width: 1920px) 100vw, 1920px\" \/>\n        <\/a>    <\/div>\n<\/div>\n\n<figcaption class=\"vp-portfolio__item-overlay vp-portfolio__item-overlay-text-align-center\">\n    <div class=\"vp-portfolio__item-meta-wrap vp-portfolio__custom-scrollbar\">\n            <a\n        href=\"https:\/\/www.lucernatv.cz\/wp-content\/uploads\/2021\/02\/Petr-Gavel-1920x1280.jpg\"\n        tabindex=\"-1\" class=\"vp-portfolio__item-meta\"     >\n    \n        \n<h2 class=\"vp-portfolio__item-meta-title\">\n    Petr Gavel<\/h2>\n\n        <\/a>    <\/div>\n<\/figcaption>\n            <\/figure>\n                    <\/div>\n        \n        <div        class=\"vp-portfolio__item-wrap vp-portfolio__item-uid-64df3ebd\" data-vp-filter=\"\"         >\n            <template class=\"vp-portfolio__item-popup\" data-vp-popup-img=\"https:\/\/www.lucernatv.cz\/wp-content\/uploads\/2021\/02\/Petr-Jurac\u030cka.jpg\" data-vp-popup-img-srcset=\"https:\/\/www.lucernatv.cz\/wp-content\/uploads\/2021\/02\/Petr-Jurac\u030cka.jpg 1080w, https:\/\/www.lucernatv.cz\/wp-content\/uploads\/2021\/02\/Petr-Jurac\u030cka-318x180.jpg 318w, https:\/\/www.lucernatv.cz\/wp-content\/uploads\/2021\/02\/Petr-Jurac\u030cka-768x432.jpg 768w, https:\/\/www.lucernatv.cz\/wp-content\/uploads\/2021\/02\/Petr-Jurac\u030cka-500x281.jpg 500w, https:\/\/www.lucernatv.cz\/wp-content\/uploads\/2021\/02\/Petr-Jurac\u030cka-800x450.jpg 800w\" data-vp-popup-img-size=\"1080x607\" data-vp-popup-md-img=\"https:\/\/www.lucernatv.cz\/wp-content\/uploads\/2021\/02\/Petr-Jurac\u030cka-800x450.jpg\" data-vp-popup-md-img-size=\"800x450\" data-vp-popup-sm-img=\"https:\/\/www.lucernatv.cz\/wp-content\/uploads\/2021\/02\/Petr-Jurac\u030cka-500x281.jpg\" data-vp-popup-sm-img-size=\"500x281\">\n            <h3 class=\"vp-portfolio__item-popup-title\">Petr Jurac\u030cka<\/h3>\n        <\/template>\n                        <figure class=\"vp-portfolio__item\">\n                \n<div class=\"vp-portfolio__item-img-wrap\">\n    <div class=\"vp-portfolio__item-img\">\n            <a\n        href=\"https:\/\/www.lucernatv.cz\/wp-content\/uploads\/2021\/02\/Petr-Jurac\u030cka.jpg\"\n            >\n    \n        <img decoding=\"async\" width=\"1080\" height=\"607\" src=\"https:\/\/www.lucernatv.cz\/wp-content\/uploads\/2021\/02\/Petr-Jurac\u030cka.jpg\" class=\"wp-image-2826\" alt=\"\" srcset=\"https:\/\/www.lucernatv.cz\/wp-content\/uploads\/2021\/02\/Petr-Jurac\u030cka.jpg 1080w, https:\/\/www.lucernatv.cz\/wp-content\/uploads\/2021\/02\/Petr-Jurac\u030cka-318x180.jpg 318w, https:\/\/www.lucernatv.cz\/wp-content\/uploads\/2021\/02\/Petr-Jurac\u030cka-768x432.jpg 768w, https:\/\/www.lucernatv.cz\/wp-content\/uploads\/2021\/02\/Petr-Jurac\u030cka-500x281.jpg 500w, https:\/\/www.lucernatv.cz\/wp-content\/uploads\/2021\/02\/Petr-Jurac\u030cka-800x450.jpg 800w\" sizes=\"(max-width: 1080px) 100vw, 1080px\" \/>\n        <\/a>    <\/div>\n<\/div>\n\n<figcaption class=\"vp-portfolio__item-overlay vp-portfolio__item-overlay-text-align-center\">\n    <div class=\"vp-portfolio__item-meta-wrap vp-portfolio__custom-scrollbar\">\n            <a\n        href=\"https:\/\/www.lucernatv.cz\/wp-content\/uploads\/2021\/02\/Petr-Jurac\u030cka.jpg\"\n        tabindex=\"-1\" class=\"vp-portfolio__item-meta\"     >\n    \n        \n<h2 class=\"vp-portfolio__item-meta-title\">\n    Petr Jurac\u030cka<\/h2>\n\n        <\/a>    <\/div>\n<\/figcaption>\n            <\/figure>\n                    <\/div>\n        \n        <div        class=\"vp-portfolio__item-wrap vp-portfolio__item-uid-a400e08f\" data-vp-filter=\"\"         >\n            <template class=\"vp-portfolio__item-popup\" data-vp-popup-img=\"https:\/\/www.lucernatv.cz\/wp-content\/uploads\/2021\/02\/Kristia\u0301n-S\u030cmuli\u0301k-1920x1280.jpg\" data-vp-popup-img-srcset=\"https:\/\/www.lucernatv.cz\/wp-content\/uploads\/2021\/02\/Kristia\u0301n-S\u030cmuli\u0301k-1920x1280.jpg 1920w, https:\/\/www.lucernatv.cz\/wp-content\/uploads\/2021\/02\/Kristia\u0301n-S\u030cmuli\u0301k-270x180.jpg 270w, https:\/\/www.lucernatv.cz\/wp-content\/uploads\/2021\/02\/Kristia\u0301n-S\u030cmuli\u0301k-1620x1080.jpg 1620w, https:\/\/www.lucernatv.cz\/wp-content\/uploads\/2021\/02\/Kristia\u0301n-S\u030cmuli\u0301k-768x512.jpg 768w, https:\/\/www.lucernatv.cz\/wp-content\/uploads\/2021\/02\/Kristia\u0301n-S\u030cmuli\u0301k-500x333.jpg 500w, https:\/\/www.lucernatv.cz\/wp-content\/uploads\/2021\/02\/Kristia\u0301n-S\u030cmuli\u0301k-800x533.jpg 800w, https:\/\/www.lucernatv.cz\/wp-content\/uploads\/2021\/02\/Kristia\u0301n-S\u030cmuli\u0301k-1280x853.jpg 1280w, https:\/\/www.lucernatv.cz\/wp-content\/uploads\/2021\/02\/Kristia\u0301n-S\u030cmuli\u0301k-1536x1024.jpg 1536w, https:\/\/www.lucernatv.cz\/wp-content\/uploads\/2021\/02\/Kristia\u0301n-S\u030cmuli\u0301k-1200x800.jpg 1200w, https:\/\/www.lucernatv.cz\/wp-content\/uploads\/2021\/02\/Kristia\u0301n-S\u030cmuli\u0301k-930x620.jpg 930w, https:\/\/www.lucernatv.cz\/wp-content\/uploads\/2021\/02\/Kristia\u0301n-S\u030cmuli\u0301k.jpg 2048w\" data-vp-popup-img-size=\"1920x1280\" data-vp-popup-md-img=\"https:\/\/www.lucernatv.cz\/wp-content\/uploads\/2021\/02\/Kristia\u0301n-S\u030cmuli\u0301k-800x533.jpg\" data-vp-popup-md-img-size=\"800x533\" data-vp-popup-sm-img=\"https:\/\/www.lucernatv.cz\/wp-content\/uploads\/2021\/02\/Kristia\u0301n-S\u030cmuli\u0301k-500x333.jpg\" data-vp-popup-sm-img-size=\"500x333\">\n            <h3 class=\"vp-portfolio__item-popup-title\">Kristia\u0301n S\u030cmuli\u0301k<\/h3>\n        <\/template>\n                        <figure class=\"vp-portfolio__item\">\n                \n<div class=\"vp-portfolio__item-img-wrap\">\n    <div class=\"vp-portfolio__item-img\">\n            <a\n        href=\"https:\/\/www.lucernatv.cz\/wp-content\/uploads\/2021\/02\/Kristia\u0301n-S\u030cmuli\u0301k-1920x1280.jpg\"\n            >\n    \n        <img decoding=\"async\" width=\"1920\" height=\"1280\" src=\"https:\/\/www.lucernatv.cz\/wp-content\/uploads\/2021\/02\/Kristia\u0301n-S\u030cmuli\u0301k-1920x1280.jpg\" class=\"wp-image-2831\" alt=\"\" srcset=\"https:\/\/www.lucernatv.cz\/wp-content\/uploads\/2021\/02\/Kristia\u0301n-S\u030cmuli\u0301k-1920x1280.jpg 1920w, https:\/\/www.lucernatv.cz\/wp-content\/uploads\/2021\/02\/Kristia\u0301n-S\u030cmuli\u0301k-270x180.jpg 270w, https:\/\/www.lucernatv.cz\/wp-content\/uploads\/2021\/02\/Kristia\u0301n-S\u030cmuli\u0301k-1620x1080.jpg 1620w, https:\/\/www.lucernatv.cz\/wp-content\/uploads\/2021\/02\/Kristia\u0301n-S\u030cmuli\u0301k-768x512.jpg 768w, https:\/\/www.lucernatv.cz\/wp-content\/uploads\/2021\/02\/Kristia\u0301n-S\u030cmuli\u0301k-500x333.jpg 500w, https:\/\/www.lucernatv.cz\/wp-content\/uploads\/2021\/02\/Kristia\u0301n-S\u030cmuli\u0301k-800x533.jpg 800w, https:\/\/www.lucernatv.cz\/wp-content\/uploads\/2021\/02\/Kristia\u0301n-S\u030cmuli\u0301k-1280x853.jpg 1280w, https:\/\/www.lucernatv.cz\/wp-content\/uploads\/2021\/02\/Kristia\u0301n-S\u030cmuli\u0301k-1536x1024.jpg 1536w, https:\/\/www.lucernatv.cz\/wp-content\/uploads\/2021\/02\/Kristia\u0301n-S\u030cmuli\u0301k-1200x800.jpg 1200w, https:\/\/www.lucernatv.cz\/wp-content\/uploads\/2021\/02\/Kristia\u0301n-S\u030cmuli\u0301k-930x620.jpg 930w, https:\/\/www.lucernatv.cz\/wp-content\/uploads\/2021\/02\/Kristia\u0301n-S\u030cmuli\u0301k.jpg 2048w\" sizes=\"(max-width: 1920px) 100vw, 1920px\" \/>\n        <\/a>    <\/div>\n<\/div>\n\n<figcaption class=\"vp-portfolio__item-overlay vp-portfolio__item-overlay-text-align-center\">\n    <div class=\"vp-portfolio__item-meta-wrap vp-portfolio__custom-scrollbar\">\n            <a\n        href=\"https:\/\/www.lucernatv.cz\/wp-content\/uploads\/2021\/02\/Kristia\u0301n-S\u030cmuli\u0301k-1920x1280.jpg\"\n        tabindex=\"-1\" class=\"vp-portfolio__item-meta\"     >\n    \n        \n<h2 class=\"vp-portfolio__item-meta-title\">\n    Kristia\u0301n S\u030cmuli\u0301k<\/h2>\n\n        <\/a>    <\/div>\n<\/figcaption>\n            <\/figure>\n                    <\/div>\n        \n<\/div>\n        <\/div>\n        \n<\/div>\n<\/div>","protected":false},"excerpt":{"rendered":"<p>\u00a0 Jsme internetov\u00e1 vzd\u011bl\u00e1vac\u00ed televize propojuj\u00edc\u00ed tvorbu \u00dastavu filmov\u00e9, televizn\u00ed a rozhlasov\u00e9 tvorby Filozoficko-p\u0159\u00edrodov\u011bdeck\u00e9 fakulty a dal\u0161\u00edch \u00fastav\u016f a pracovi\u0161\u0165 Slezsk\u00e9 univerzity v Opav\u011b s dal\u0161\u00edmi internetov\u00fdmi multimedi\u00e1ln\u00edmi platformami, je\u017e se v\u011bnuj\u00ed vzd\u011bl\u00e1v\u00e1n\u00ed. Na na\u0161ich str\u00e1nk\u00e1ch najdete vzd\u011bl\u00e1vac\u00ed filmy, z\u00e1znamy debat a p\u0159edn\u00e1\u0161ek z na\u0161\u00ed d\u00edlny a tak\u00e9 vybran\u00e1 videa na\u0161ich partner\u016f nebo tak\u00e9 studentsk\u00e9&hellip;&nbsp;<a href=\"https:\/\/www.lucernatv.cz\/index.php\/o-nas\/\" class=\"\" rel=\"bookmark\">\u010c\u00edst d\u00e1le &raquo;<span class=\"screen-reader-text\">O n\u00e1s<\/span><\/a><\/p>\n","protected":false},"author":1,"featured_media":0,"parent":0,"menu_order":0,"comment_status":"closed","ping_status":"closed","template":"","meta":{"inline_featured_image":false,"_uag_custom_page_level_css":"","neve_meta_sidebar":"","neve_meta_container":"","neve_meta_enable_content_width":"","neve_meta_content_width":0,"neve_meta_title_alignment":"","neve_meta_author_avatar":"","neve_post_elements_order":"","neve_meta_disable_header":"","neve_meta_disable_footer":"","neve_meta_disable_title":"","_vp_format_video_url":"","_vp_image_focal_point":[]},"yoast_head":"<!-- This site is optimized with the Yoast SEO plugin v20.12 - https:\/\/yoast.com\/wordpress\/plugins\/seo\/ -->\n<title>O n\u00e1s - lucernatv.cz<\/title>\n<meta name=\"description\" content=\"Jsme internetov\u00e1 vzd\u011bl\u00e1vac\u00ed televize propojuj\u00edc\u00ed tvorbu \u00dastavu filmov\u00e9, televizn\u00ed a rozhlasov\u00e9 tvorby Filozoficko-p\u0159\u00edrodov\u011bdeck\u00e9 fakulty a dal\u0161\u00edch \u00fastav\u016f a pracovi\u0161\u0165 Slezsk\u00e9 univerzity v Opav\u011b s dal\u0161\u00edmi internetov\u00fdmi multimedi\u00e1ln\u00edmi platformami, je\u017e se v\u011bnuj\u00ed vzd\u011bl\u00e1v\u00e1n\u00ed. Na na\u0161ich str\u00e1nk\u00e1ch najdete vzd\u011bl\u00e1vac\u00ed filmy, z\u00e1znamy debat a p\u0159edn\u00e1\u0161ek z na\u0161\u00ed d\u00edlny a tak\u00e9 vybran\u00e1 videa na\u0161ich partner\u016f nebo tak\u00e9 studentsk\u00e9 filmy z d\u00edlny student\u016f Slezsk\u00e9 univerzity v Opav\u011b a student\u016f Univerzity Tom\u00e1\u0161e Bati ve Zl\u00edn\u011b.\" \/>\n<meta name=\"robots\" content=\"index, follow, max-snippet:-1, max-image-preview:large, max-video-preview:-1\" \/>\n<link rel=\"canonical\" href=\"https:\/\/www.lucernatv.cz\/index.php\/o-nas\/\" \/>\n<meta property=\"og:locale\" content=\"cs_CZ\" \/>\n<meta property=\"og:type\" content=\"article\" \/>\n<meta property=\"og:title\" content=\"O n\u00e1s - lucernatv.cz\" \/>\n<meta property=\"og:description\" content=\"Jsme internetov\u00e1 vzd\u011bl\u00e1vac\u00ed televize propojuj\u00edc\u00ed tvorbu \u00dastavu filmov\u00e9, televizn\u00ed a rozhlasov\u00e9 tvorby Filozoficko-p\u0159\u00edrodov\u011bdeck\u00e9 fakulty a dal\u0161\u00edch \u00fastav\u016f a pracovi\u0161\u0165 Slezsk\u00e9 univerzity v Opav\u011b s dal\u0161\u00edmi internetov\u00fdmi multimedi\u00e1ln\u00edmi platformami, je\u017e se v\u011bnuj\u00ed vzd\u011bl\u00e1v\u00e1n\u00ed. Na na\u0161ich str\u00e1nk\u00e1ch najdete vzd\u011bl\u00e1vac\u00ed filmy, z\u00e1znamy debat a p\u0159edn\u00e1\u0161ek z na\u0161\u00ed d\u00edlny a tak\u00e9 vybran\u00e1 videa na\u0161ich partner\u016f nebo tak\u00e9 studentsk\u00e9 filmy z d\u00edlny student\u016f Slezsk\u00e9 univerzity v Opav\u011b a student\u016f Univerzity Tom\u00e1\u0161e Bati ve Zl\u00edn\u011b.\" \/>\n<meta property=\"og:url\" content=\"https:\/\/www.lucernatv.cz\/index.php\/o-nas\/\" \/>\n<meta property=\"og:site_name\" content=\"lucernatv.cz\" \/>\n<meta property=\"article:publisher\" content=\"https:\/\/www.facebook.com\/avtopava\" \/>\n<meta property=\"article:modified_time\" content=\"2023-08-07T15:16:47+00:00\" \/>\n<meta name=\"twitter:card\" content=\"summary_large_image\" \/>\n<meta name=\"twitter:label1\" content=\"Odhadovan\u00e1 doba \u010dten\u00ed\" \/>\n\t<meta name=\"twitter:data1\" content=\"1 minuta\" \/>\n<script type=\"application\/ld+json\" class=\"yoast-schema-graph\">{\"@context\":\"https:\/\/schema.org\",\"@graph\":[{\"@type\":\"WebPage\",\"@id\":\"https:\/\/www.lucernatv.cz\/index.php\/o-nas\/\",\"url\":\"https:\/\/www.lucernatv.cz\/index.php\/o-nas\/\",\"name\":\"O n\u00e1s - lucernatv.cz\",\"isPartOf\":{\"@id\":\"https:\/\/www.lucernatv.cz\/#website\"},\"datePublished\":\"2019-02-20T16:37:39+00:00\",\"dateModified\":\"2023-08-07T15:16:47+00:00\",\"description\":\"Jsme internetov\u00e1 vzd\u011bl\u00e1vac\u00ed televize propojuj\u00edc\u00ed tvorbu \u00dastavu filmov\u00e9, televizn\u00ed a rozhlasov\u00e9 tvorby Filozoficko-p\u0159\u00edrodov\u011bdeck\u00e9 fakulty a dal\u0161\u00edch \u00fastav\u016f a pracovi\u0161\u0165 Slezsk\u00e9 univerzity v Opav\u011b s dal\u0161\u00edmi internetov\u00fdmi multimedi\u00e1ln\u00edmi platformami, je\u017e se v\u011bnuj\u00ed vzd\u011bl\u00e1v\u00e1n\u00ed. Na na\u0161ich str\u00e1nk\u00e1ch najdete vzd\u011bl\u00e1vac\u00ed filmy, z\u00e1znamy debat a p\u0159edn\u00e1\u0161ek z na\u0161\u00ed d\u00edlny a tak\u00e9 vybran\u00e1 videa na\u0161ich partner\u016f nebo tak\u00e9 studentsk\u00e9 filmy z d\u00edlny student\u016f Slezsk\u00e9 univerzity v Opav\u011b a student\u016f Univerzity Tom\u00e1\u0161e Bati ve Zl\u00edn\u011b.\",\"breadcrumb\":{\"@id\":\"https:\/\/www.lucernatv.cz\/index.php\/o-nas\/#breadcrumb\"},\"inLanguage\":\"cs\",\"potentialAction\":[{\"@type\":\"ReadAction\",\"target\":[\"https:\/\/www.lucernatv.cz\/index.php\/o-nas\/\"]}]},{\"@type\":\"BreadcrumbList\",\"@id\":\"https:\/\/www.lucernatv.cz\/index.php\/o-nas\/#breadcrumb\",\"itemListElement\":[{\"@type\":\"ListItem\",\"position\":1,\"name\":\"Dom\u016f\",\"item\":\"https:\/\/www.lucernatv.cz\/\"},{\"@type\":\"ListItem\",\"position\":2,\"name\":\"O n\u00e1s\"}]},{\"@type\":\"WebSite\",\"@id\":\"https:\/\/www.lucernatv.cz\/#website\",\"url\":\"https:\/\/www.lucernatv.cz\/\",\"name\":\"lucernatv.cz\",\"description\":\"Vzd\u011bl\u00e1vac\u00ed televize\",\"publisher\":{\"@id\":\"https:\/\/www.lucernatv.cz\/#organization\"},\"alternateName\":\"Lucerna TV\",\"potentialAction\":[{\"@type\":\"SearchAction\",\"target\":{\"@type\":\"EntryPoint\",\"urlTemplate\":\"https:\/\/www.lucernatv.cz\/?s={search_term_string}\"},\"query-input\":\"required name=search_term_string\"}],\"inLanguage\":\"cs\"},{\"@type\":\"Organization\",\"@id\":\"https:\/\/www.lucernatv.cz\/#organization\",\"name\":\"Lucerna TV\",\"url\":\"https:\/\/www.lucernatv.cz\/\",\"logo\":{\"@type\":\"ImageObject\",\"inLanguage\":\"cs\",\"@id\":\"https:\/\/www.lucernatv.cz\/#\/schema\/logo\/image\/\",\"url\":\"https:\/\/www.lucernatv.cz\/wp-content\/uploads\/2021\/02\/logo.svg\",\"contentUrl\":\"https:\/\/www.lucernatv.cz\/wp-content\/uploads\/2021\/02\/logo.svg\",\"width\":128,\"height\":41,\"caption\":\"Lucerna TV\"},\"image\":{\"@id\":\"https:\/\/www.lucernatv.cz\/#\/schema\/logo\/image\/\"},\"sameAs\":[\"https:\/\/www.facebook.com\/avtopava\",\"https:\/\/www.youtube.com\/channel\/UCtP8PPWG9JatWSMsKMOvdDg\"]}]}<\/script>\n<!-- \/ Yoast SEO plugin. -->","yoast_head_json":{"title":"O n\u00e1s - lucernatv.cz","description":"Jsme internetov\u00e1 vzd\u011bl\u00e1vac\u00ed televize propojuj\u00edc\u00ed tvorbu \u00dastavu filmov\u00e9, televizn\u00ed a rozhlasov\u00e9 tvorby Filozoficko-p\u0159\u00edrodov\u011bdeck\u00e9 fakulty a dal\u0161\u00edch \u00fastav\u016f a pracovi\u0161\u0165 Slezsk\u00e9 univerzity v Opav\u011b s dal\u0161\u00edmi internetov\u00fdmi multimedi\u00e1ln\u00edmi platformami, je\u017e se v\u011bnuj\u00ed vzd\u011bl\u00e1v\u00e1n\u00ed. Na na\u0161ich str\u00e1nk\u00e1ch najdete vzd\u011bl\u00e1vac\u00ed filmy, z\u00e1znamy debat a p\u0159edn\u00e1\u0161ek z na\u0161\u00ed d\u00edlny a tak\u00e9 vybran\u00e1 videa na\u0161ich partner\u016f nebo tak\u00e9 studentsk\u00e9 filmy z d\u00edlny student\u016f Slezsk\u00e9 univerzity v Opav\u011b a student\u016f Univerzity Tom\u00e1\u0161e Bati ve Zl\u00edn\u011b.","robots":{"index":"index","follow":"follow","max-snippet":"max-snippet:-1","max-image-preview":"max-image-preview:large","max-video-preview":"max-video-preview:-1"},"canonical":"https:\/\/www.lucernatv.cz\/index.php\/o-nas\/","og_locale":"cs_CZ","og_type":"article","og_title":"O n\u00e1s - lucernatv.cz","og_description":"Jsme internetov\u00e1 vzd\u011bl\u00e1vac\u00ed televize propojuj\u00edc\u00ed tvorbu \u00dastavu filmov\u00e9, televizn\u00ed a rozhlasov\u00e9 tvorby Filozoficko-p\u0159\u00edrodov\u011bdeck\u00e9 fakulty a dal\u0161\u00edch \u00fastav\u016f a pracovi\u0161\u0165 Slezsk\u00e9 univerzity v Opav\u011b s dal\u0161\u00edmi internetov\u00fdmi multimedi\u00e1ln\u00edmi platformami, je\u017e se v\u011bnuj\u00ed vzd\u011bl\u00e1v\u00e1n\u00ed. Na na\u0161ich str\u00e1nk\u00e1ch najdete vzd\u011bl\u00e1vac\u00ed filmy, z\u00e1znamy debat a p\u0159edn\u00e1\u0161ek z na\u0161\u00ed d\u00edlny a tak\u00e9 vybran\u00e1 videa na\u0161ich partner\u016f nebo tak\u00e9 studentsk\u00e9 filmy z d\u00edlny student\u016f Slezsk\u00e9 univerzity v Opav\u011b a student\u016f Univerzity Tom\u00e1\u0161e Bati ve Zl\u00edn\u011b.","og_url":"https:\/\/www.lucernatv.cz\/index.php\/o-nas\/","og_site_name":"lucernatv.cz","article_publisher":"https:\/\/www.facebook.com\/avtopava","article_modified_time":"2023-08-07T15:16:47+00:00","twitter_card":"summary_large_image","twitter_misc":{"Odhadovan\u00e1 doba \u010dten\u00ed":"1 minuta"},"schema":{"@context":"https:\/\/schema.org","@graph":[{"@type":"WebPage","@id":"https:\/\/www.lucernatv.cz\/index.php\/o-nas\/","url":"https:\/\/www.lucernatv.cz\/index.php\/o-nas\/","name":"O n\u00e1s - lucernatv.cz","isPartOf":{"@id":"https:\/\/www.lucernatv.cz\/#website"},"datePublished":"2019-02-20T16:37:39+00:00","dateModified":"2023-08-07T15:16:47+00:00","description":"Jsme internetov\u00e1 vzd\u011bl\u00e1vac\u00ed televize propojuj\u00edc\u00ed tvorbu \u00dastavu filmov\u00e9, televizn\u00ed a rozhlasov\u00e9 tvorby Filozoficko-p\u0159\u00edrodov\u011bdeck\u00e9 fakulty a dal\u0161\u00edch \u00fastav\u016f a pracovi\u0161\u0165 Slezsk\u00e9 univerzity v Opav\u011b s dal\u0161\u00edmi internetov\u00fdmi multimedi\u00e1ln\u00edmi platformami, je\u017e se v\u011bnuj\u00ed vzd\u011bl\u00e1v\u00e1n\u00ed. Na na\u0161ich str\u00e1nk\u00e1ch najdete vzd\u011bl\u00e1vac\u00ed filmy, z\u00e1znamy debat a p\u0159edn\u00e1\u0161ek z na\u0161\u00ed d\u00edlny a tak\u00e9 vybran\u00e1 videa na\u0161ich partner\u016f nebo tak\u00e9 studentsk\u00e9 filmy z d\u00edlny student\u016f Slezsk\u00e9 univerzity v Opav\u011b a student\u016f Univerzity Tom\u00e1\u0161e Bati ve Zl\u00edn\u011b.","breadcrumb":{"@id":"https:\/\/www.lucernatv.cz\/index.php\/o-nas\/#breadcrumb"},"inLanguage":"cs","potentialAction":[{"@type":"ReadAction","target":["https:\/\/www.lucernatv.cz\/index.php\/o-nas\/"]}]},{"@type":"BreadcrumbList","@id":"https:\/\/www.lucernatv.cz\/index.php\/o-nas\/#breadcrumb","itemListElement":[{"@type":"ListItem","position":1,"name":"Dom\u016f","item":"https:\/\/www.lucernatv.cz\/"},{"@type":"ListItem","position":2,"name":"O n\u00e1s"}]},{"@type":"WebSite","@id":"https:\/\/www.lucernatv.cz\/#website","url":"https:\/\/www.lucernatv.cz\/","name":"lucernatv.cz","description":"Vzd\u011bl\u00e1vac\u00ed televize","publisher":{"@id":"https:\/\/www.lucernatv.cz\/#organization"},"alternateName":"Lucerna TV","potentialAction":[{"@type":"SearchAction","target":{"@type":"EntryPoint","urlTemplate":"https:\/\/www.lucernatv.cz\/?s={search_term_string}"},"query-input":"required name=search_term_string"}],"inLanguage":"cs"},{"@type":"Organization","@id":"https:\/\/www.lucernatv.cz\/#organization","name":"Lucerna TV","url":"https:\/\/www.lucernatv.cz\/","logo":{"@type":"ImageObject","inLanguage":"cs","@id":"https:\/\/www.lucernatv.cz\/#\/schema\/logo\/image\/","url":"https:\/\/www.lucernatv.cz\/wp-content\/uploads\/2021\/02\/logo.svg","contentUrl":"https:\/\/www.lucernatv.cz\/wp-content\/uploads\/2021\/02\/logo.svg","width":128,"height":41,"caption":"Lucerna TV"},"image":{"@id":"https:\/\/www.lucernatv.cz\/#\/schema\/logo\/image\/"},"sameAs":["https:\/\/www.facebook.com\/avtopava","https:\/\/www.youtube.com\/channel\/UCtP8PPWG9JatWSMsKMOvdDg"]}]}},"uagb_featured_image_src":{"full":false,"thumbnail":false,"medium":false,"medium_large":false,"large":false,"1536x1536":false,"2048x2048":false,"ultp_layout_landscape_large":false,"ultp_layout_landscape":false,"ultp_layout_portrait":false,"ultp_layout_square":false,"vp_sm":false,"vp_md":false,"vp_lg":false,"vp_xl":false,"vp_sm_popup":false,"vp_md_popup":false,"vp_xl_popup":false,"neve-blog":false},"uagb_author_info":{"display_name":"lucernatvc","author_link":"https:\/\/www.lucernatv.cz\/index.php\/author\/lucernatvc\/"},"uagb_comment_info":0,"uagb_excerpt":"\u00a0 Jsme internetov\u00e1 vzd\u011bl\u00e1vac\u00ed televize propojuj\u00edc\u00ed tvorbu \u00dastavu filmov\u00e9, televizn\u00ed a rozhlasov\u00e9 tvorby Filozoficko-p\u0159\u00edrodov\u011bdeck\u00e9 fakulty a dal\u0161\u00edch \u00fastav\u016f a pracovi\u0161\u0165 Slezsk\u00e9 univerzity v Opav\u011b s dal\u0161\u00edmi internetov\u00fdmi multimedi\u00e1ln\u00edmi platformami, je\u017e se v\u011bnuj\u00ed vzd\u011bl\u00e1v\u00e1n\u00ed. Na na\u0161ich str\u00e1nk\u00e1ch najdete vzd\u011bl\u00e1vac\u00ed filmy, z\u00e1znamy debat a p\u0159edn\u00e1\u0161ek z na\u0161\u00ed d\u00edlny a tak\u00e9 vybran\u00e1 videa na\u0161ich partner\u016f nebo tak\u00e9 studentsk\u00e9&hellip;&nbsp;\u010c\u00edst&hellip;","_links":{"self":[{"href":"https:\/\/www.lucernatv.cz\/index.php\/wp-json\/wp\/v2\/pages\/42"}],"collection":[{"href":"https:\/\/www.lucernatv.cz\/index.php\/wp-json\/wp\/v2\/pages"}],"about":[{"href":"https:\/\/www.lucernatv.cz\/index.php\/wp-json\/wp\/v2\/types\/page"}],"author":[{"embeddable":true,"href":"https:\/\/www.lucernatv.cz\/index.php\/wp-json\/wp\/v2\/users\/1"}],"replies":[{"embeddable":true,"href":"https:\/\/www.lucernatv.cz\/index.php\/wp-json\/wp\/v2\/comments?post=42"}],"version-history":[{"count":10,"href":"https:\/\/www.lucernatv.cz\/index.php\/wp-json\/wp\/v2\/pages\/42\/revisions"}],"predecessor-version":[{"id":3281,"href":"https:\/\/www.lucernatv.cz\/index.php\/wp-json\/wp\/v2\/pages\/42\/revisions\/3281"}],"wp:attachment":[{"href":"https:\/\/www.lucernatv.cz\/index.php\/wp-json\/wp\/v2\/media?parent=42"}],"curies":[{"name":"wp","href":"https:\/\/api.w.org\/{rel}","templated":true}]}}