{"id":2446,"date":"2021-02-20T18:10:08","date_gmt":"2021-02-20T18:10:08","guid":{"rendered":"https:\/\/www.lucernatv.cz\/?page_id=2446"},"modified":"2021-02-20T18:10:10","modified_gmt":"2021-02-20T18:10:10","slug":"vzdelavani","status":"publish","type":"page","link":"https:\/\/www.lucernatv.cz\/index.php\/vzdelavani\/","title":{"rendered":"vzd\u011bl\u00e1v\u00e1n\u00ed"},"content":{"rendered":"<div  class=\"wp-block-ultimate-post-post-list-3 ultp-block-ff9e4c\"><div class=\"ultp-block-wrapper\"><div class=\"ultp-loading\"><div class=\"ultp-loading-blocks\" style=\"width:100%;height:100%;\"><div style=\"left: 0;top: 0;animation-delay:0s;\"><\/div><div style=\"left: 21px;top: 0;animation-delay:0.125s;\"><\/div><div style=\"left: 42px;top: 0;animation-delay:0.25s;\"><\/div><div style=\"left: 0;top: 21px;animation-delay:0.875s;\"><\/div><div style=\"left: 42px;top: 21px;animation-delay:0.375s;\"><\/div><div style=\"left: 0;top: 42px;animation-delay:0.75s;\"><\/div><div style=\"left: 42px;top: 42px;animation-delay:0.625s;\"><\/div><div style=\"left: 21px;top: 42px;animation-delay:0.5s;\"><\/div><\/div><\/div><div class=\"ultp-heading-filter\"><div class=\"ultp-heading-filter-in\"><div class=\"ultp-heading-wrap ultp-heading-style1 ultp-heading-left\"><h1 class=\"ultp-heading-inner\"><span><a href=\"https:\/\/www.lucernatv.cz\/index.php\/spolecnost-2\/\">spole\u010dnost<\/a> \/ <strong>vzd\u011bl\u00e1v\u00e1n\u00ed<\/strong><\/span><\/h1><\/div><\/div><\/div><div class=\"ultp-block-items-wrap ultp-block-content-top ultp-layout1\"><div class=\"ultp-block-item ultp-block-media post-id-3403\"><div class=\"ultp-block-content-wrap\"><div class=\"ultp-block-image ultp-block-image-none\"><a href=\"https:\/\/www.lucernatv.cz\/index.php\/2025\/01\/21\/sberatele-kratomu\/\" ><img decoding=\"async\" loading=\"lazy\"  alt=\"Sb\u011bratel\u00e9 kratomu\"  src=\"https:\/\/www.lucernatv.cz\/wp-content\/uploads\/2025\/01\/Snimek-obrazovky-2025-01-21-v-18.14.25-768x432.jpeg\" \/><\/a><\/div><div class=\"ultp-block-content\"><h2 class=\"ultp-block-title\"><a href=\"https:\/\/www.lucernatv.cz\/index.php\/2025\/01\/21\/sberatele-kratomu\/\" >Sb\u011bratel\u00e9 kratomu<\/a><\/h2><div class=\"ultp-block-excerpt\">Jak se p\u011bstuje a zpracov\u00e1v\u00e1 kratom? Jak\u00e9 jsou jeho \u00fa\u010dinky? A jak\u00e1 jsou rizika jeho u\u017e\u00edv\u00e1n\u00ed? Dokon\u010dili jsme dokument\u00e1rn\u00ed film o kratomu. Dokument je absolventsk\u00fdm filmem student\u016f Filozoficko-p\u0159\u00edrodov\u011bdeck\u00e9 fakulty Slezsk\u00e9 univerzity Libora Cinegra (re\u017eie) a Ond\u0159eje Weppera (kamera). Jde p\u0159itom o prvn\u00ed spole\u010dn\u00fd absolventsk\u00fd projekt \u00dastavu filmov\u00e9, televizn\u00ed a rozhlasov\u00e9 tvorby a Multimedi\u00e1ln\u00edch technik. Koproducenty&hellip;&nbsp;<a href=\"https:\/\/www.lucernatv.cz\/index.php\/2025\/01\/21\/sberatele-kratomu\/\" class=\"\" rel=\"bookmark\">\u010c\u00edst d\u00e1le &raquo;<span class=\"screen-reader-text\">Sb\u011bratel\u00e9 kratomu<\/span><\/a><\/div><div class=\"ultp-block-readmore\"><a href=\"https:\/\/www.lucernatv.cz\/index.php\/2025\/01\/21\/sberatele-kratomu\/\" >Read More<svg enable-background=\"new 0 0 476.213 476.213\" version=\"1.1\" viewBox=\"0 0 476.21 476.21\"><polygon points=\"345.61 107.5 324.39 128.71 418.79 223.11 0 223.11 0 253.11 418.79 253.11 324.39 347.5 345.61 368.71 476.21 238.11\"\/><\/svg><\/a><\/div><\/div><\/div><\/div><\/div><\/div><\/div>\n\n\n<script src=\"https:\/\/code.jquery.com\/jquery-3.5.0.js\"><\/script>\n<script>\n$( \".more-link\" ).remove();\n$( \".ultp-block-readmore\" ).replaceWith( '<div class=\"newtag\"><a href=\"https:\/\/www.lucernatv.cz\/index.php\/tag\/aftermovie\/\">aftermovie<\/a><a href=\"https:\/\/www.lucernatv.cz\/index.php\/tag\/dokument\/\">dokument<\/a><a href=\"https:\/\/www.lucernatv.cz\/index.php\/tag\/audio\/\">audio<\/a><a href=\"https:\/\/www.lucernatv.cz\/index.php\/tag\/hrany-film\/\">hran\u00fd film<\/a><a href=\"https:\/\/www.lucernatv.cz\/index.php\/tag\/prednaska\/\">p\u0159edn\u00e1\u0161ka<\/a><a href=\"https:\/\/www.lucernatv.cz\/index.php\/tag\/zaznam\/\">z\u00e1znam<\/a><a href=\"https:\/\/www.lucernatv.cz\/index.php\/tag\/galerie\/\">galerie<\/a><\/div>' );\n<\/script>\n\n\n\n<div style=\"height:80px\" aria-hidden=\"true\" class=\"wp-block-spacer\"><\/div>\n\n\n\n<style>.wp-show-posts-columns#wpsp-2392 {margin-left: -2em; }.wp-show-posts-columns#wpsp-2392 .wp-show-posts-inner {margin: 0 0 2em 2em; }<\/style><section id=\"wpsp-2392\" class=\" wp-show-posts-columns wp-show-posts\" style=\"\"><article class=\" wp-show-posts-single post-3237 post type-post status-publish format-gallery has-post-thumbnail hentry category-spolecnost category-vzdelavani tag-filozoficko-prirodovedecka-fakulta-v-opave tag-vzdelavani post_format-post-format-gallery wpsp-col-3\" itemtype=\"http:\/\/schema.org\/CreativeWork\" itemscope><div class=\"wp-show-posts-inner\" style=\"\">\t\t<div class=\"wp-show-posts-image  wpsp-image-center \">\n\t\t\t<a href=\"https:\/\/www.lucernatv.cz\/index.php\/2023\/05\/31\/prolingua\/\"  title=\"ProLingua\">\t\t\t\t\t<img src=\"https:\/\/www.lucernatv.cz\/wp-content\/uploads\/2023\/06\/xt3Tygf8p5s-318x180.jpg\" alt=\"ProLingua\" itemprop=\"image\" class=\"center\" \/>\n\t\t\t\t<\/a>\t\t<\/div>\n\t\t\t\t\t\t\t\t<header class=\"wp-show-posts-entry-header\">\n\t\t\t\t\t\t\t<h3 class=\"wp-show-posts-entry-title\" itemprop=\"headline\"><a href=\"https:\/\/www.lucernatv.cz\/index.php\/2023\/05\/31\/prolingua\/\" rel=\"bookmark\">ProLingua<\/a><\/h3>\t\t\t\t\t\t<\/header><!-- .entry-header -->\n\t\t\t\t\t\t\t\t\t\t\t<div class=\"wp-show-posts-entry-summary\" itemprop=\"text\">\n\t\t\t\t\t\t\t<p>S\u00e9rie kr\u00e1tk\u00fdch dokument\u016f prezentuj\u00edc\u00edch zaj\u00edmav\u00e9 projekty Filozoficko-p\u0159\u00edrodov\u011bdeck\u00e9 fakulty v Opav\u011b. Tento d\u00edl je v\u011bnov\u00e1n aktivit\u00e1m jazykov\u00e9ho, kulturn\u00edho a metodick\u00e9ho centra&#8230;<\/p>\n\t\t\t\t\t\t<\/div><!-- .entry-summary -->\n\t\t\t\t\t<\/div><!-- wp-show-posts-inner --><\/article><article class=\" wp-show-posts-single post-3105 post type-post status-publish format-gallery has-post-thumbnail hentry category-film-televize-a-rozhlas category-kultura category-vzdelavani tag-promeny-dramaturgie post_format-post-format-gallery wpsp-col-3\" itemtype=\"http:\/\/schema.org\/CreativeWork\" itemscope><div class=\"wp-show-posts-inner\" style=\"\">\t\t<div class=\"wp-show-posts-image  wpsp-image-center \">\n\t\t\t<a href=\"https:\/\/www.lucernatv.cz\/index.php\/2021\/11\/26\/promeny-dramaturgie-2021-rozhovor-s-nataschou-drubek\/\"  title=\"Prom\u011bny dramaturgie 2021 \u2013 Rozhovor s Nataschou Drubek\">\t\t\t\t\t<img src=\"https:\/\/www.lucernatv.cz\/wp-content\/uploads\/2022\/04\/J0Z_wPSfwJ0-318x180.jpg\" alt=\"Prom\u011bny dramaturgie 2021 \u2013 Rozhovor s Nataschou Drubek\" itemprop=\"image\" class=\"center\" \/>\n\t\t\t\t<\/a>\t\t<\/div>\n\t\t\t\t\t\t\t\t<header class=\"wp-show-posts-entry-header\">\n\t\t\t\t\t\t\t<h3 class=\"wp-show-posts-entry-title\" itemprop=\"headline\"><a href=\"https:\/\/www.lucernatv.cz\/index.php\/2021\/11\/26\/promeny-dramaturgie-2021-rozhovor-s-nataschou-drubek\/\" rel=\"bookmark\">Prom\u011bny dramaturgie 2021 \u2013 Rozhovor s Nataschou Drubek<\/a><\/h3>\t\t\t\t\t\t<\/header><!-- .entry-header -->\n\t\t\t\t\t\t\t\t\t\t\t<div class=\"wp-show-posts-entry-summary\" itemprop=\"text\">\n\t\t\t\t\t\t\t<p>Z\u00e1znam rozhovoru Miroslava Zelinsk\u00e9ho s \u0161\u00e9fredaktorkou \u010dasopisu Apparatus a filmovou porotkyn\u00ed Nataschou Drubek na konferenci Prom\u011bny dramaturgie 2021 na Filozoficko-p\u0159\u00edrodov\u011bdeck\u00e9&#8230;<\/p>\n\t\t\t\t\t\t<\/div><!-- .entry-summary -->\n\t\t\t\t\t<\/div><!-- wp-show-posts-inner --><\/article><article class=\" wp-show-posts-single post-3102 post type-post status-publish format-gallery has-post-thumbnail hentry category-film-televize-a-rozhlas category-kultura category-vzdelavani tag-promeny-dramaturgie post_format-post-format-gallery wpsp-col-3\" itemtype=\"http:\/\/schema.org\/CreativeWork\" itemscope><div class=\"wp-show-posts-inner\" style=\"\">\t\t<div class=\"wp-show-posts-image  wpsp-image-center \">\n\t\t\t<a href=\"https:\/\/www.lucernatv.cz\/index.php\/2021\/11\/26\/promeny-dramaturgie-2021-rozhovor-s-dagmar-blahovou\/\"  title=\"Prom\u011bny dramaturgie 2021 \u2013 Rozhovor s Dagmar Bla\u0301hovou\">\t\t\t\t\t<img src=\"https:\/\/www.lucernatv.cz\/wp-content\/uploads\/2022\/04\/9mq-ARUsD8U-318x180.jpg\" alt=\"Prom\u011bny dramaturgie 2021 \u2013 Rozhovor s Dagmar Bla\u0301hovou\" itemprop=\"image\" class=\"center\" \/>\n\t\t\t\t<\/a>\t\t<\/div>\n\t\t\t\t\t\t\t\t<header class=\"wp-show-posts-entry-header\">\n\t\t\t\t\t\t\t<h3 class=\"wp-show-posts-entry-title\" itemprop=\"headline\"><a href=\"https:\/\/www.lucernatv.cz\/index.php\/2021\/11\/26\/promeny-dramaturgie-2021-rozhovor-s-dagmar-blahovou\/\" rel=\"bookmark\">Prom\u011bny dramaturgie 2021 \u2013 Rozhovor s Dagmar Bla\u0301hovou<\/a><\/h3>\t\t\t\t\t\t<\/header><!-- .entry-header -->\n\t\t\t\t\t\t\t\t\t\t\t<div class=\"wp-show-posts-entry-summary\" itemprop=\"text\">\n\t\t\t\t\t\t\t<p>Z\u00e1znam rozhovoru Ireny Koc\u00ed s here\u010dkou a pedago\u017ekou Dagmar Bl\u00e1hovou na konferenci Prom\u011bny dramaturgie 2021 na Filozoficko-p\u0159\u00edrodov\u011bdeck\u00e9 fakult\u011b Slezsk\u00e9 univerzity&#8230;<\/p>\n\t\t\t\t\t\t<\/div><!-- .entry-summary -->\n\t\t\t\t\t<\/div><!-- wp-show-posts-inner --><\/article><article class=\" wp-show-posts-single post-3099 post type-post status-publish format-gallery has-post-thumbnail hentry category-divadlo category-kultura category-vzdelavani tag-promeny-dramaturgie post_format-post-format-gallery wpsp-col-3\" itemtype=\"http:\/\/schema.org\/CreativeWork\" itemscope><div class=\"wp-show-posts-inner\" style=\"\">\t\t<div class=\"wp-show-posts-image  wpsp-image-center \">\n\t\t\t<a href=\"https:\/\/www.lucernatv.cz\/index.php\/2021\/11\/26\/promeny-dramaturgie-2021-pavla-bergmannova-divadlo-on-line-mozne-cesty-divadlak-divakovi-v-dobe-covidove\/\"  title=\"Prom\u011bny dramaturgie 2021 \u2013 Pavla Bergmannova\u0301: Divadlo on-line (Mo\u017en\u00e9 cesty divadlak div\u00e1kovi v dob\u011b covidov\u00e9)\">\t\t\t\t\t<img src=\"https:\/\/www.lucernatv.cz\/wp-content\/uploads\/2022\/04\/d3Waq_sFO40-318x180.jpg\" alt=\"Prom\u011bny dramaturgie 2021 \u2013 Pavla Bergmannova\u0301: Divadlo on-line (Mo\u017en\u00e9 cesty divadlak div\u00e1kovi v dob\u011b covidov\u00e9)\" itemprop=\"image\" class=\"center\" \/>\n\t\t\t\t<\/a>\t\t<\/div>\n\t\t\t\t\t\t\t\t<header class=\"wp-show-posts-entry-header\">\n\t\t\t\t\t\t\t<h3 class=\"wp-show-posts-entry-title\" itemprop=\"headline\"><a href=\"https:\/\/www.lucernatv.cz\/index.php\/2021\/11\/26\/promeny-dramaturgie-2021-pavla-bergmannova-divadlo-on-line-mozne-cesty-divadlak-divakovi-v-dobe-covidove\/\" rel=\"bookmark\">Prom\u011bny dramaturgie 2021 \u2013 Pavla Bergmannova\u0301: Divadlo on-line (Mo\u017en\u00e9 cesty divadlak div\u00e1kovi v dob\u011b covidov\u00e9)<\/a><\/h3>\t\t\t\t\t\t<\/header><!-- .entry-header -->\n\t\t\t\t\t\t\t\t\t\t\t<div class=\"wp-show-posts-entry-summary\" itemprop=\"text\">\n\t\t\t\t\t\t\t<p>Z\u00e1znam p\u0159edn\u00e1\u0161ky na konferenci Prom\u011bny dramaturgie 2021 na Filozoficko-p\u0159\u00edrodov\u011bdeck\u00e9 fakult\u011b Slezsk\u00e9 univerzity v Opav\u011b.<\/p>\n\t\t\t\t\t\t<\/div><!-- .entry-summary -->\n\t\t\t\t\t<\/div><!-- wp-show-posts-inner --><\/article><article class=\" wp-show-posts-single post-3096 post type-post status-publish format-gallery has-post-thumbnail hentry category-divadlo category-hudba category-kultura category-literatura category-vytvarne-umeni-architektura-a-verejny-prostor category-vzdelavani tag-promeny-dramaturgie post_format-post-format-gallery wpsp-col-3\" itemtype=\"http:\/\/schema.org\/CreativeWork\" itemscope><div class=\"wp-show-posts-inner\" style=\"\">\t\t<div class=\"wp-show-posts-image  wpsp-image-center \">\n\t\t\t<a href=\"https:\/\/www.lucernatv.cz\/index.php\/2021\/11\/26\/promeny-dramaturgie-2021-miroslav-zelinsky-covid-19-velky-dramaturg-pandemie-jako-tema-pro-umeni\/\"  title=\"Prom\u011bny dramaturgie 2021 \u2013 Miroslav Zelinsky\u0301: Covid 19 \u2013 velk\u00fd dramaturg (pandemie jako t\u00e9ma pro um\u011bn\u00ed)\">\t\t\t\t\t<img src=\"https:\/\/www.lucernatv.cz\/wp-content\/uploads\/2022\/04\/oAq51wo1QrU-318x180.jpg\" alt=\"Prom\u011bny dramaturgie 2021 \u2013 Miroslav Zelinsky\u0301: Covid 19 \u2013 velk\u00fd dramaturg (pandemie jako t\u00e9ma pro um\u011bn\u00ed)\" itemprop=\"image\" class=\"center\" \/>\n\t\t\t\t<\/a>\t\t<\/div>\n\t\t\t\t\t\t\t\t<header class=\"wp-show-posts-entry-header\">\n\t\t\t\t\t\t\t<h3 class=\"wp-show-posts-entry-title\" itemprop=\"headline\"><a href=\"https:\/\/www.lucernatv.cz\/index.php\/2021\/11\/26\/promeny-dramaturgie-2021-miroslav-zelinsky-covid-19-velky-dramaturg-pandemie-jako-tema-pro-umeni\/\" rel=\"bookmark\">Prom\u011bny dramaturgie 2021 \u2013 Miroslav Zelinsky\u0301: Covid 19 \u2013 velk\u00fd dramaturg (pandemie jako t\u00e9ma pro um\u011bn\u00ed)<\/a><\/h3>\t\t\t\t\t\t<\/header><!-- .entry-header -->\n\t\t\t\t\t\t\t\t\t\t\t<div class=\"wp-show-posts-entry-summary\" itemprop=\"text\">\n\t\t\t\t\t\t\t<p>Z\u00e1znam p\u0159edn\u00e1\u0161ky na konferenci Prom\u011bny dramaturgie 2021 na Filozoficko-p\u0159\u00edrodov\u011bdeck\u00e9 fakult\u011b Slezsk\u00e9 univerzity v Opav\u011b.<\/p>\n\t\t\t\t\t\t<\/div><!-- .entry-summary -->\n\t\t\t\t\t<\/div><!-- wp-show-posts-inner --><\/article><article class=\" wp-show-posts-single post-3092 post type-post status-publish format-gallery has-post-thumbnail hentry category-kultura category-verejny-prostor category-vzdelavani tag-promeny-dramaturgie post_format-post-format-gallery wpsp-col-3\" itemtype=\"http:\/\/schema.org\/CreativeWork\" itemscope><div class=\"wp-show-posts-inner\" style=\"\">\t\t<div class=\"wp-show-posts-image  wpsp-image-center \">\n\t\t\t<a href=\"https:\/\/www.lucernatv.cz\/index.php\/2021\/11\/26\/promeny-dramaturgie-2021-monika-horsakova-pandemie-jako-inspirace-moznosti-kulturni-dramaturgie-v-restrikcemi-ochromene-spolecnosti-na-prikladu-ostravske-klubove-sceny\/\"  title=\"Prom\u011bny dramaturgie 2021 \u2013 Monika Horsa\u0301kova\u0301: Pandemie jako inspirace \u2013 Mo\u017enosti kulturn\u00ed dramaturgie v restrikcemi ochromen\u00e9 spole\u010dnosti na p\u0159\u00edkladu ostravsk\u00e9 klubov\u00e9 sc\u00e9ny.\">\t\t\t\t\t<img src=\"https:\/\/www.lucernatv.cz\/wp-content\/uploads\/2022\/04\/9kDExdKvXN8-318x180.jpg\" alt=\"Prom\u011bny dramaturgie 2021 \u2013 Monika Horsa\u0301kova\u0301: Pandemie jako inspirace \u2013 Mo\u017enosti kulturn\u00ed dramaturgie v restrikcemi ochromen\u00e9 spole\u010dnosti na p\u0159\u00edkladu ostravsk\u00e9 klubov\u00e9 sc\u00e9ny.\" itemprop=\"image\" class=\"center\" \/>\n\t\t\t\t<\/a>\t\t<\/div>\n\t\t\t\t\t\t\t\t<header class=\"wp-show-posts-entry-header\">\n\t\t\t\t\t\t\t<h3 class=\"wp-show-posts-entry-title\" itemprop=\"headline\"><a href=\"https:\/\/www.lucernatv.cz\/index.php\/2021\/11\/26\/promeny-dramaturgie-2021-monika-horsakova-pandemie-jako-inspirace-moznosti-kulturni-dramaturgie-v-restrikcemi-ochromene-spolecnosti-na-prikladu-ostravske-klubove-sceny\/\" rel=\"bookmark\">Prom\u011bny dramaturgie 2021 \u2013 Monika Horsa\u0301kova\u0301: Pandemie jako inspirace \u2013 Mo\u017enosti kulturn\u00ed dramaturgie v restrikcemi ochromen\u00e9 spole\u010dnosti na p\u0159\u00edkladu ostravsk\u00e9 klubov\u00e9 sc\u00e9ny.<\/a><\/h3>\t\t\t\t\t\t<\/header><!-- .entry-header -->\n\t\t\t\t\t\t\t\t\t\t\t<div class=\"wp-show-posts-entry-summary\" itemprop=\"text\">\n\t\t\t\t\t\t\t<p>Z\u00e1znam p\u0159edn\u00e1\u0161ky na konferenci Prom\u011bny dramaturgie 2021 na Filozoficko-p\u0159\u00edrodov\u011bdeck\u00e9 fakult\u011b Slezsk\u00e9 univerzity v Opav\u011b.<\/p>\n\t\t\t\t\t\t<\/div><!-- .entry-summary -->\n\t\t\t\t\t<\/div><!-- wp-show-posts-inner --><\/article><article class=\" wp-show-posts-single post-3089 post type-post status-publish format-gallery has-post-thumbnail hentry category-film-televize-a-rozhlas category-kultura category-vzdelavani tag-promeny-dramaturgie post_format-post-format-gallery wpsp-col-3\" itemtype=\"http:\/\/schema.org\/CreativeWork\" itemscope><div class=\"wp-show-posts-inner\" style=\"\">\t\t<div class=\"wp-show-posts-image  wpsp-image-center \">\n\t\t\t<a href=\"https:\/\/www.lucernatv.cz\/index.php\/2021\/11\/26\/promeny-dramaturgie-2021-ludovit-labik-neviditelnost-1-bodu-zvratu-vo-filmochmilosa-formana\/\"  title=\"Prom\u011bny dramaturgie 2021 \u2013 \u013dudov\u00edt Labi\u0301k: Nevidite\u013enos\u0165 1. bodu zvratu vo filmochMilo\u0161a Formana\">\t\t\t\t\t<img src=\"https:\/\/www.lucernatv.cz\/wp-content\/uploads\/2022\/04\/qV-nq3d8aPI-318x180.jpg\" alt=\"Prom\u011bny dramaturgie 2021 \u2013 \u013dudov\u00edt Labi\u0301k: Nevidite\u013enos\u0165 1. bodu zvratu vo filmochMilo\u0161a Formana\" itemprop=\"image\" class=\"center\" \/>\n\t\t\t\t<\/a>\t\t<\/div>\n\t\t\t\t\t\t\t\t<header class=\"wp-show-posts-entry-header\">\n\t\t\t\t\t\t\t<h3 class=\"wp-show-posts-entry-title\" itemprop=\"headline\"><a href=\"https:\/\/www.lucernatv.cz\/index.php\/2021\/11\/26\/promeny-dramaturgie-2021-ludovit-labik-neviditelnost-1-bodu-zvratu-vo-filmochmilosa-formana\/\" rel=\"bookmark\">Prom\u011bny dramaturgie 2021 \u2013 \u013dudov\u00edt Labi\u0301k: Nevidite\u013enos\u0165 1. bodu zvratu vo filmochMilo\u0161a Formana<\/a><\/h3>\t\t\t\t\t\t<\/header><!-- .entry-header -->\n\t\t\t\t\t\t\t\t\t\t\t<div class=\"wp-show-posts-entry-summary\" itemprop=\"text\">\n\t\t\t\t\t\t\t<p>Z\u00e1znam p\u0159edn\u00e1\u0161ky na konferenci Prom\u011bny dramaturgie 2021 na Filozoficko-p\u0159\u00edrodov\u011bdeck\u00e9 fakult\u011b Slezsk\u00e9 univerzity v Opav\u011b.<\/p>\n\t\t\t\t\t\t<\/div><!-- .entry-summary -->\n\t\t\t\t\t<\/div><!-- wp-show-posts-inner --><\/article><article class=\" wp-show-posts-single post-3086 post type-post status-publish format-gallery has-post-thumbnail hentry category-film-televize-a-rozhlas category-kultura category-vzdelavani tag-promeny-dramaturgie post_format-post-format-gallery wpsp-col-3\" itemtype=\"http:\/\/schema.org\/CreativeWork\" itemscope><div class=\"wp-show-posts-inner\" style=\"\">\t\t<div class=\"wp-show-posts-image  wpsp-image-center \">\n\t\t\t<a href=\"https:\/\/www.lucernatv.cz\/index.php\/2021\/11\/26\/promeny-dramaturgie-2021-kamila-zlatuskovasupermarket-versus-butik-aneb-jak-se-zorientovat-v-soucasne-nabidce-evropskych-televiznich-festivalu-konferenci-a-marketu\/\"  title=\"Prom\u011bny dramaturgie 2021 \u2013 Kamila Zlatus\u030ckova\u0301:Supermarket versus butik aneb Jak se zorientovat v sou\u010dasn\u00e9 nab\u00eddce evropsk\u00fdch televizn\u00edch festival\u016f, konferenc\u00ed a market\u016f?\">\t\t\t\t\t<img src=\"https:\/\/www.lucernatv.cz\/wp-content\/uploads\/2022\/04\/KOAxSKiHLAo-318x180.jpg\" alt=\"Prom\u011bny dramaturgie 2021 \u2013 Kamila Zlatus\u030ckova\u0301:Supermarket versus butik aneb Jak se zorientovat v sou\u010dasn\u00e9 nab\u00eddce evropsk\u00fdch televizn\u00edch festival\u016f, konferenc\u00ed a market\u016f?\" itemprop=\"image\" class=\"center\" \/>\n\t\t\t\t<\/a>\t\t<\/div>\n\t\t\t\t\t\t\t\t<header class=\"wp-show-posts-entry-header\">\n\t\t\t\t\t\t\t<h3 class=\"wp-show-posts-entry-title\" itemprop=\"headline\"><a href=\"https:\/\/www.lucernatv.cz\/index.php\/2021\/11\/26\/promeny-dramaturgie-2021-kamila-zlatuskovasupermarket-versus-butik-aneb-jak-se-zorientovat-v-soucasne-nabidce-evropskych-televiznich-festivalu-konferenci-a-marketu\/\" rel=\"bookmark\">Prom\u011bny dramaturgie 2021 \u2013 Kamila Zlatus\u030ckova\u0301:Supermarket versus butik aneb Jak se zorientovat v sou\u010dasn\u00e9 nab\u00eddce evropsk\u00fdch televizn\u00edch festival\u016f, konferenc\u00ed a market\u016f?<\/a><\/h3>\t\t\t\t\t\t<\/header><!-- .entry-header -->\n\t\t\t\t\t\t\t\t\t\t\t<div class=\"wp-show-posts-entry-summary\" itemprop=\"text\">\n\t\t\t\t\t\t\t<p>Z\u00e1znam p\u0159edn\u00e1\u0161ky na konferenci Prom\u011bny dramaturgie 2021 na Filozoficko-p\u0159\u00edrodov\u011bdeck\u00e9 fakult\u011b Slezsk\u00e9 univerzity v Opav\u011b.<\/p>\n\t\t\t\t\t\t<\/div><!-- .entry-summary -->\n\t\t\t\t\t<\/div><!-- wp-show-posts-inner --><\/article><div class=\"wpsp-clear\"><\/div><\/section><!-- .wp-show-posts -->\n\n\n\n<div class=\"wp-block-columns is-layout-flex wp-container-5\">\n<div class=\"wp-block-column is-layout-flow\"><\/div>\n\n\n\n<div class=\"wp-block-column is-layout-flow\"><\/div>\n\n\n\n<div class=\"wp-block-column is-layout-flow\"><\/div>\n\n\n\n<div class=\"wp-block-column is-layout-flow\">\n<div class=\"wp-block-media-text alignwide has-media-on-the-right is-stacked-on-mobile is-vertically-aligned-bottom\" style=\"grid-template-columns:auto 16%\"><figure class=\"wp-block-media-text__media\"><img decoding=\"async\" src=\"https:\/\/www.lucernatv.cz\/wp-content\/uploads\/2021\/02\/filename.svg\" alt=\"\" class=\"wp-image-781 size-full\"\/><\/figure><div class=\"wp-block-media-text__content\">\n<h3 class=\"has-text-align-right picpic wp-block-heading\"><a href=\"https:\/\/www.lucernatv.cz\/index.php\/category\/slopecnost\/vzdelavani\/\">v\u00edce ze vzd\u011bl\u00e1v\u00e1n\u00ed<\/a><\/h3>\n<\/div><\/div>\n<\/div>\n<\/div>\n\n\n\n<div style=\"height:30px\" aria-hidden=\"true\" class=\"wp-block-spacer\"><\/div>\n\n\n<p class=\"wp-block-tag-cloud\"><a href=\"https:\/\/www.lucernatv.cz\/index.php\/tag\/30-let-sus-ostrava\/\" class=\"tag-cloud-link tag-link-31 tag-link-position-1\" style=\"font-size: 13.4819277108pt;\" aria-label=\"30 let SU\u0160 Ostrava (8 polo\u017eek)\">30 let SU\u0160 Ostrava<\/a>\n<a href=\"https:\/\/www.lucernatv.cz\/index.php\/tag\/aftermovie\/\" class=\"tag-cloud-link tag-link-40 tag-link-position-2\" style=\"font-size: 8pt;\" aria-label=\"aftermovie (1 polo\u017eka)\">aftermovie<\/a>\n<a href=\"https:\/\/www.lucernatv.cz\/index.php\/tag\/audio\/\" class=\"tag-cloud-link tag-link-34 tag-link-position-3\" style=\"font-size: 10.5301204819pt;\" aria-label=\"audio (3 polo\u017eky)\">audio<\/a>\n<a href=\"https:\/\/www.lucernatv.cz\/index.php\/tag\/autorske-cteni\/\" class=\"tag-cloud-link tag-link-51 tag-link-position-4\" style=\"font-size: 19.2168674699pt;\" aria-label=\"autorsk\u00e9 \u010dten\u00ed (42 polo\u017eek)\">autorsk\u00e9 \u010dten\u00ed<\/a>\n<a href=\"https:\/\/www.lucernatv.cz\/index.php\/tag\/czech-music-crossroads\/\" class=\"tag-cloud-link tag-link-43 tag-link-position-5\" style=\"font-size: 17.5301204819pt;\" aria-label=\"Czech music crossroads (26 polo\u017eek)\">Czech music crossroads<\/a>\n<a href=\"https:\/\/www.lucernatv.cz\/index.php\/tag\/debata\/\" class=\"tag-cloud-link tag-link-36 tag-link-position-6\" style=\"font-size: 15.843373494pt;\" aria-label=\"debata (16 polo\u017eek)\">debata<\/a>\n<a href=\"https:\/\/www.lucernatv.cz\/index.php\/tag\/dobre-vedet\/\" class=\"tag-cloud-link tag-link-55 tag-link-position-7\" style=\"font-size: 19.3012048193pt;\" aria-label=\"Dobr\u00e9 v\u011bd\u011bt (43 polo\u017eek)\">Dobr\u00e9 v\u011bd\u011bt<\/a>\n<a href=\"https:\/\/www.lucernatv.cz\/index.php\/tag\/dokument\/\" class=\"tag-cloud-link tag-link-24 tag-link-position-8\" style=\"font-size: 22pt;\" aria-label=\"dokument (91 polo\u017eek)\">dokument<\/a>\n<a href=\"https:\/\/www.lucernatv.cz\/index.php\/tag\/dejiny-na-vlastni-kuzi\/\" class=\"tag-cloud-link tag-link-54 tag-link-position-9\" style=\"font-size: 16.6024096386pt;\" aria-label=\"D\u011bjiny na vlastn\u00ed k\u016f\u017ei (20 polo\u017eek)\">D\u011bjiny na vlastn\u00ed k\u016f\u017ei<\/a>\n<a href=\"https:\/\/www.lucernatv.cz\/index.php\/tag\/experimentalni-film\/\" class=\"tag-cloud-link tag-link-30 tag-link-position-10\" style=\"font-size: 9.51807228916pt;\" aria-label=\"experiment\u00e1ln\u00ed film (2 polo\u017eky)\">experiment\u00e1ln\u00ed film<\/a>\n<a href=\"https:\/\/www.lucernatv.cz\/index.php\/tag\/fiducia-on-line\/\" class=\"tag-cloud-link tag-link-28 tag-link-position-11\" style=\"font-size: 21.8313253012pt;\" aria-label=\"Fiducia on-line (86 polo\u017eek)\">Fiducia on-line<\/a>\n<a href=\"https:\/\/www.lucernatv.cz\/index.php\/tag\/filozoficko-prirodovedecka-fakulta-v-opave\/\" class=\"tag-cloud-link tag-link-72 tag-link-position-12\" style=\"font-size: 13.4819277108pt;\" aria-label=\"Filozoficko-p\u0159\u00edrodov\u011bdeck\u00e1 fakulta v Opav\u011b (8 polo\u017eek)\">Filozoficko-p\u0159\u00edrodov\u011bdeck\u00e1 fakulta v Opav\u011b<\/a>\n<a href=\"https:\/\/www.lucernatv.cz\/index.php\/tag\/fotografie\/\" class=\"tag-cloud-link tag-link-45 tag-link-position-13\" style=\"font-size: 9.51807228916pt;\" aria-label=\"fotografie (2 polo\u017eky)\">fotografie<\/a>\n<a href=\"https:\/\/www.lucernatv.cz\/index.php\/tag\/galerie\/\" class=\"tag-cloud-link tag-link-26 tag-link-position-14\" style=\"font-size: 19.5542168675pt;\" aria-label=\"galerie (46 polo\u017eek)\">galerie<\/a>\n<a href=\"https:\/\/www.lucernatv.cz\/index.php\/tag\/hmyz-je-fajnovy\/\" class=\"tag-cloud-link tag-link-64 tag-link-position-15\" style=\"font-size: 11.3734939759pt;\" aria-label=\"Hmyz je fajnovy!!! (4 polo\u017eky)\">Hmyz je fajnovy!!!<\/a>\n<a href=\"https:\/\/www.lucernatv.cz\/index.php\/tag\/hrany-film\/\" class=\"tag-cloud-link tag-link-25 tag-link-position-16\" style=\"font-size: 16.0963855422pt;\" aria-label=\"hran\u00fd film (17 polo\u017eek)\">hran\u00fd film<\/a>\n<a href=\"https:\/\/www.lucernatv.cz\/index.php\/tag\/janackova-filharmonie-ostrava\/\" class=\"tag-cloud-link tag-link-44 tag-link-position-17\" style=\"font-size: 10.5301204819pt;\" aria-label=\"Jan\u00e1\u010dkova filharmonie Ostrava (3 polo\u017eky)\">Jan\u00e1\u010dkova filharmonie Ostrava<\/a>\n<a href=\"https:\/\/www.lucernatv.cz\/index.php\/tag\/kulinarni-historie\/\" class=\"tag-cloud-link tag-link-66 tag-link-position-18\" style=\"font-size: 11.3734939759pt;\" aria-label=\"Kulin\u00e1rn\u00ed historie (4 polo\u017eky)\">Kulin\u00e1rn\u00ed historie<\/a>\n<a href=\"https:\/\/www.lucernatv.cz\/index.php\/tag\/meltingpot\/\" class=\"tag-cloud-link tag-link-37 tag-link-position-19\" style=\"font-size: 15.5903614458pt;\" aria-label=\"Meltingpot (15 polo\u017eek)\">Meltingpot<\/a>\n<a href=\"https:\/\/www.lucernatv.cz\/index.php\/tag\/mockument\/\" class=\"tag-cloud-link tag-link-29 tag-link-position-20\" style=\"font-size: 8pt;\" aria-label=\"mockument (1 polo\u017eka)\">mockument<\/a>\n<a href=\"https:\/\/www.lucernatv.cz\/index.php\/tag\/moderni-poezie-do-skol\/\" class=\"tag-cloud-link tag-link-50 tag-link-position-21\" style=\"font-size: 18.3734939759pt;\" aria-label=\"Modern\u00ed poezie do \u0161kol (33 polo\u017eek)\">Modern\u00ed poezie do \u0161kol<\/a>\n<a href=\"https:\/\/www.lucernatv.cz\/index.php\/tag\/media-dejiny-spolecnost\/\" class=\"tag-cloud-link tag-link-78 tag-link-position-22\" style=\"font-size: 10.5301204819pt;\" aria-label=\"M\u00e9dia \u2013 D\u011bjiny \u2013 Spole\u010dnost (3 polo\u017eky)\">M\u00e9dia \u2013 D\u011bjiny \u2013 Spole\u010dnost<\/a>\n<a href=\"https:\/\/www.lucernatv.cz\/index.php\/tag\/ostravske-kulturni-stopy\/\" class=\"tag-cloud-link tag-link-35 tag-link-position-23\" style=\"font-size: 16.7710843373pt;\" aria-label=\"Ostravsk\u00e9 kulturn\u00ed stopy (21 polo\u017eek)\">Ostravsk\u00e9 kulturn\u00ed stopy<\/a>\n<a href=\"https:\/\/www.lucernatv.cz\/index.php\/tag\/otisky-minulosti\/\" class=\"tag-cloud-link tag-link-69 tag-link-position-24\" style=\"font-size: 11.3734939759pt;\" aria-label=\"Otisky minulosti (4 polo\u017eky)\">Otisky minulosti<\/a>\n<a href=\"https:\/\/www.lucernatv.cz\/index.php\/tag\/promeny-dramaturgie\/\" class=\"tag-cloud-link tag-link-47 tag-link-position-25\" style=\"font-size: 18.7951807229pt;\" aria-label=\"Prom\u011bny dramaturgie (37 polo\u017eek)\">Prom\u011bny dramaturgie<\/a>\n<a href=\"https:\/\/www.lucernatv.cz\/index.php\/tag\/publicistika\/\" class=\"tag-cloud-link tag-link-27 tag-link-position-26\" style=\"font-size: 17.2771084337pt;\" aria-label=\"publicistika (24 polo\u017eek)\">publicistika<\/a>\n<a href=\"https:\/\/www.lucernatv.cz\/index.php\/tag\/prednaska\/\" class=\"tag-cloud-link tag-link-48 tag-link-position-27\" style=\"font-size: 18.7108433735pt;\" aria-label=\"p\u0159edn\u00e1\u0161ka (36 polo\u017eek)\">p\u0159edn\u00e1\u0161ka<\/a>\n<a href=\"https:\/\/www.lucernatv.cz\/index.php\/tag\/sami-proti-zlu\/\" class=\"tag-cloud-link tag-link-53 tag-link-position-28\" style=\"font-size: 13.0602409639pt;\" aria-label=\"Sami proti zlu (7 polo\u017eek)\">Sami proti zlu<\/a>\n<a href=\"https:\/\/www.lucernatv.cz\/index.php\/tag\/slezske-zemske-muzeum\/\" class=\"tag-cloud-link tag-link-70 tag-link-position-29\" style=\"font-size: 11.3734939759pt;\" aria-label=\"Slezsk\u00e9 zemsk\u00e9 muzeum (4 polo\u017eky)\">Slezsk\u00e9 zemsk\u00e9 muzeum<\/a>\n<a href=\"https:\/\/www.lucernatv.cz\/index.php\/tag\/videoklip\/\" class=\"tag-cloud-link tag-link-33 tag-link-position-30\" style=\"font-size: 8pt;\" aria-label=\"videoklip (1 polo\u017eka)\">videoklip<\/a>\n<a href=\"https:\/\/www.lucernatv.cz\/index.php\/tag\/visegradske-ateliery\/\" class=\"tag-cloud-link tag-link-63 tag-link-position-31\" style=\"font-size: 11.3734939759pt;\" aria-label=\"Visegr\u00e1dsk\u00e9 ateli\u00e9ry (4 polo\u017eky)\">Visegr\u00e1dsk\u00e9 ateli\u00e9ry<\/a>\n<a href=\"https:\/\/www.lucernatv.cz\/index.php\/tag\/vizualizace-velkoobjemovych-dat\/\" class=\"tag-cloud-link tag-link-42 tag-link-position-32\" style=\"font-size: 8pt;\" aria-label=\"vizualizace velkoobjemov\u00fdch dat (1 polo\u017eka)\">vizualizace velkoobjemov\u00fdch dat<\/a>\n<a href=\"https:\/\/www.lucernatv.cz\/index.php\/tag\/voices-of-meltingpot\/\" class=\"tag-cloud-link tag-link-46 tag-link-position-33\" style=\"font-size: 17.2771084337pt;\" aria-label=\"Voices of Meltingpot (24 polo\u017eek)\">Voices of Meltingpot<\/a>\n<a href=\"https:\/\/www.lucernatv.cz\/index.php\/tag\/vzdelavani\/\" class=\"tag-cloud-link tag-link-73 tag-link-position-34\" style=\"font-size: 13.4819277108pt;\" aria-label=\"vzd\u011bl\u00e1v\u00e1n\u00ed (8 polo\u017eek)\">vzd\u011bl\u00e1v\u00e1n\u00ed<\/a>\n<a href=\"https:\/\/www.lucernatv.cz\/index.php\/tag\/vystava\/\" class=\"tag-cloud-link tag-link-39 tag-link-position-35\" style=\"font-size: 18.4578313253pt;\" aria-label=\"v\u00fdstava (34 polo\u017eek)\">v\u00fdstava<\/a>\n<a href=\"https:\/\/www.lucernatv.cz\/index.php\/tag\/zaznam\/\" class=\"tag-cloud-link tag-link-32 tag-link-position-36\" style=\"font-size: 19.4698795181pt;\" aria-label=\"z\u00e1znam (45 polo\u017eek)\">z\u00e1znam<\/a>\n<a href=\"https:\/\/www.lucernatv.cz\/index.php\/tag\/ctvero-rocnich-obdobi\/\" class=\"tag-cloud-link tag-link-65 tag-link-position-37\" style=\"font-size: 11.3734939759pt;\" aria-label=\"\u010ctvero ro\u010dn\u00edch obdob\u00ed (4 polo\u017eky)\">\u010ctvero ro\u010dn\u00edch obdob\u00ed<\/a><\/p>\n\n\n<div style=\"height:20px\" aria-hidden=\"true\" class=\"wp-block-spacer\"><\/div>\n","protected":false},"excerpt":{"rendered":"<p>v\u00edce ze vzd\u011bl\u00e1v\u00e1n\u00ed<\/p>\n","protected":false},"author":1,"featured_media":0,"parent":0,"menu_order":0,"comment_status":"closed","ping_status":"closed","template":"","meta":{"inline_featured_image":false,"_uag_custom_page_level_css":"","neve_meta_sidebar":"","neve_meta_container":"full-width","neve_meta_enable_content_width":"on","neve_meta_content_width":85,"neve_meta_title_alignment":"","neve_meta_author_avatar":"","neve_post_elements_order":"","neve_meta_disable_header":"","neve_meta_disable_footer":"","neve_meta_disable_title":"on","_vp_format_video_url":"","_vp_image_focal_point":[]},"yoast_head":"<!-- This site is optimized with the Yoast SEO plugin v20.12 - https:\/\/yoast.com\/wordpress\/plugins\/seo\/ -->\n<title>vzd\u011bl\u00e1v\u00e1n\u00ed - lucernatv.cz<\/title>\n<meta name=\"robots\" content=\"index, follow, max-snippet:-1, max-image-preview:large, max-video-preview:-1\" \/>\n<link rel=\"canonical\" href=\"https:\/\/www.lucernatv.cz\/index.php\/vzdelavani\/\" \/>\n<meta property=\"og:locale\" content=\"cs_CZ\" \/>\n<meta property=\"og:type\" content=\"article\" \/>\n<meta property=\"og:title\" content=\"vzd\u011bl\u00e1v\u00e1n\u00ed - lucernatv.cz\" \/>\n<meta property=\"og:description\" content=\"v\u00edce ze vzd\u011bl\u00e1v\u00e1n\u00ed\" \/>\n<meta property=\"og:url\" content=\"https:\/\/www.lucernatv.cz\/index.php\/vzdelavani\/\" \/>\n<meta property=\"og:site_name\" content=\"lucernatv.cz\" \/>\n<meta property=\"article:publisher\" content=\"https:\/\/www.facebook.com\/avtopava\" \/>\n<meta property=\"article:modified_time\" content=\"2021-02-20T18:10:10+00:00\" \/>\n<meta property=\"og:image\" content=\"https:\/\/www.lucernatv.cz\/wp-content\/uploads\/2021\/02\/filename.svg\" \/>\n<meta name=\"twitter:card\" content=\"summary_large_image\" \/>\n<script type=\"application\/ld+json\" class=\"yoast-schema-graph\">{\"@context\":\"https:\/\/schema.org\",\"@graph\":[{\"@type\":\"WebPage\",\"@id\":\"https:\/\/www.lucernatv.cz\/index.php\/vzdelavani\/\",\"url\":\"https:\/\/www.lucernatv.cz\/index.php\/vzdelavani\/\",\"name\":\"vzd\u011bl\u00e1v\u00e1n\u00ed - lucernatv.cz\",\"isPartOf\":{\"@id\":\"https:\/\/www.lucernatv.cz\/#website\"},\"datePublished\":\"2021-02-20T18:10:08+00:00\",\"dateModified\":\"2021-02-20T18:10:10+00:00\",\"breadcrumb\":{\"@id\":\"https:\/\/www.lucernatv.cz\/index.php\/vzdelavani\/#breadcrumb\"},\"inLanguage\":\"cs\",\"potentialAction\":[{\"@type\":\"ReadAction\",\"target\":[\"https:\/\/www.lucernatv.cz\/index.php\/vzdelavani\/\"]}]},{\"@type\":\"BreadcrumbList\",\"@id\":\"https:\/\/www.lucernatv.cz\/index.php\/vzdelavani\/#breadcrumb\",\"itemListElement\":[{\"@type\":\"ListItem\",\"position\":1,\"name\":\"Dom\u016f\",\"item\":\"https:\/\/www.lucernatv.cz\/\"},{\"@type\":\"ListItem\",\"position\":2,\"name\":\"vzd\u011bl\u00e1v\u00e1n\u00ed\"}]},{\"@type\":\"WebSite\",\"@id\":\"https:\/\/www.lucernatv.cz\/#website\",\"url\":\"https:\/\/www.lucernatv.cz\/\",\"name\":\"lucernatv.cz\",\"description\":\"Vzd\u011bl\u00e1vac\u00ed televize\",\"publisher\":{\"@id\":\"https:\/\/www.lucernatv.cz\/#organization\"},\"alternateName\":\"Lucerna TV\",\"potentialAction\":[{\"@type\":\"SearchAction\",\"target\":{\"@type\":\"EntryPoint\",\"urlTemplate\":\"https:\/\/www.lucernatv.cz\/?s={search_term_string}\"},\"query-input\":\"required name=search_term_string\"}],\"inLanguage\":\"cs\"},{\"@type\":\"Organization\",\"@id\":\"https:\/\/www.lucernatv.cz\/#organization\",\"name\":\"Lucerna TV\",\"url\":\"https:\/\/www.lucernatv.cz\/\",\"logo\":{\"@type\":\"ImageObject\",\"inLanguage\":\"cs\",\"@id\":\"https:\/\/www.lucernatv.cz\/#\/schema\/logo\/image\/\",\"url\":\"https:\/\/www.lucernatv.cz\/wp-content\/uploads\/2021\/02\/logo.svg\",\"contentUrl\":\"https:\/\/www.lucernatv.cz\/wp-content\/uploads\/2021\/02\/logo.svg\",\"width\":128,\"height\":41,\"caption\":\"Lucerna TV\"},\"image\":{\"@id\":\"https:\/\/www.lucernatv.cz\/#\/schema\/logo\/image\/\"},\"sameAs\":[\"https:\/\/www.facebook.com\/avtopava\",\"https:\/\/www.youtube.com\/channel\/UCtP8PPWG9JatWSMsKMOvdDg\"]}]}<\/script>\n<!-- \/ Yoast SEO plugin. -->","yoast_head_json":{"title":"vzd\u011bl\u00e1v\u00e1n\u00ed - lucernatv.cz","robots":{"index":"index","follow":"follow","max-snippet":"max-snippet:-1","max-image-preview":"max-image-preview:large","max-video-preview":"max-video-preview:-1"},"canonical":"https:\/\/www.lucernatv.cz\/index.php\/vzdelavani\/","og_locale":"cs_CZ","og_type":"article","og_title":"vzd\u011bl\u00e1v\u00e1n\u00ed - lucernatv.cz","og_description":"v\u00edce ze vzd\u011bl\u00e1v\u00e1n\u00ed","og_url":"https:\/\/www.lucernatv.cz\/index.php\/vzdelavani\/","og_site_name":"lucernatv.cz","article_publisher":"https:\/\/www.facebook.com\/avtopava","article_modified_time":"2021-02-20T18:10:10+00:00","og_image":[{"url":"https:\/\/www.lucernatv.cz\/wp-content\/uploads\/2021\/02\/filename.svg"}],"twitter_card":"summary_large_image","schema":{"@context":"https:\/\/schema.org","@graph":[{"@type":"WebPage","@id":"https:\/\/www.lucernatv.cz\/index.php\/vzdelavani\/","url":"https:\/\/www.lucernatv.cz\/index.php\/vzdelavani\/","name":"vzd\u011bl\u00e1v\u00e1n\u00ed - lucernatv.cz","isPartOf":{"@id":"https:\/\/www.lucernatv.cz\/#website"},"datePublished":"2021-02-20T18:10:08+00:00","dateModified":"2021-02-20T18:10:10+00:00","breadcrumb":{"@id":"https:\/\/www.lucernatv.cz\/index.php\/vzdelavani\/#breadcrumb"},"inLanguage":"cs","potentialAction":[{"@type":"ReadAction","target":["https:\/\/www.lucernatv.cz\/index.php\/vzdelavani\/"]}]},{"@type":"BreadcrumbList","@id":"https:\/\/www.lucernatv.cz\/index.php\/vzdelavani\/#breadcrumb","itemListElement":[{"@type":"ListItem","position":1,"name":"Dom\u016f","item":"https:\/\/www.lucernatv.cz\/"},{"@type":"ListItem","position":2,"name":"vzd\u011bl\u00e1v\u00e1n\u00ed"}]},{"@type":"WebSite","@id":"https:\/\/www.lucernatv.cz\/#website","url":"https:\/\/www.lucernatv.cz\/","name":"lucernatv.cz","description":"Vzd\u011bl\u00e1vac\u00ed televize","publisher":{"@id":"https:\/\/www.lucernatv.cz\/#organization"},"alternateName":"Lucerna TV","potentialAction":[{"@type":"SearchAction","target":{"@type":"EntryPoint","urlTemplate":"https:\/\/www.lucernatv.cz\/?s={search_term_string}"},"query-input":"required name=search_term_string"}],"inLanguage":"cs"},{"@type":"Organization","@id":"https:\/\/www.lucernatv.cz\/#organization","name":"Lucerna TV","url":"https:\/\/www.lucernatv.cz\/","logo":{"@type":"ImageObject","inLanguage":"cs","@id":"https:\/\/www.lucernatv.cz\/#\/schema\/logo\/image\/","url":"https:\/\/www.lucernatv.cz\/wp-content\/uploads\/2021\/02\/logo.svg","contentUrl":"https:\/\/www.lucernatv.cz\/wp-content\/uploads\/2021\/02\/logo.svg","width":128,"height":41,"caption":"Lucerna TV"},"image":{"@id":"https:\/\/www.lucernatv.cz\/#\/schema\/logo\/image\/"},"sameAs":["https:\/\/www.facebook.com\/avtopava","https:\/\/www.youtube.com\/channel\/UCtP8PPWG9JatWSMsKMOvdDg"]}]}},"uagb_featured_image_src":{"full":false,"thumbnail":false,"medium":false,"medium_large":false,"large":false,"1536x1536":false,"2048x2048":false,"ultp_layout_landscape_large":false,"ultp_layout_landscape":false,"ultp_layout_portrait":false,"ultp_layout_square":false,"vp_sm":false,"vp_md":false,"vp_lg":false,"vp_xl":false,"vp_sm_popup":false,"vp_md_popup":false,"vp_xl_popup":false,"neve-blog":false},"uagb_author_info":{"display_name":"lucernatvc","author_link":"https:\/\/www.lucernatv.cz\/index.php\/author\/lucernatvc\/"},"uagb_comment_info":0,"uagb_excerpt":"v\u00edce ze vzd\u011bl\u00e1v\u00e1n\u00ed","_links":{"self":[{"href":"https:\/\/www.lucernatv.cz\/index.php\/wp-json\/wp\/v2\/pages\/2446"}],"collection":[{"href":"https:\/\/www.lucernatv.cz\/index.php\/wp-json\/wp\/v2\/pages"}],"about":[{"href":"https:\/\/www.lucernatv.cz\/index.php\/wp-json\/wp\/v2\/types\/page"}],"author":[{"embeddable":true,"href":"https:\/\/www.lucernatv.cz\/index.php\/wp-json\/wp\/v2\/users\/1"}],"replies":[{"embeddable":true,"href":"https:\/\/www.lucernatv.cz\/index.php\/wp-json\/wp\/v2\/comments?post=2446"}],"version-history":[{"count":1,"href":"https:\/\/www.lucernatv.cz\/index.php\/wp-json\/wp\/v2\/pages\/2446\/revisions"}],"predecessor-version":[{"id":2447,"href":"https:\/\/www.lucernatv.cz\/index.php\/wp-json\/wp\/v2\/pages\/2446\/revisions\/2447"}],"wp:attachment":[{"href":"https:\/\/www.lucernatv.cz\/index.php\/wp-json\/wp\/v2\/media?parent=2446"}],"curies":[{"name":"wp","href":"https:\/\/api.w.org\/{rel}","templated":true}]}}