{"id":1867,"date":"2021-02-17T21:41:59","date_gmt":"2021-02-17T21:41:59","guid":{"rendered":"https:\/\/www.lucernatv.cz\/?page_id=1867"},"modified":"2021-03-02T13:07:04","modified_gmt":"2021-03-02T13:07:04","slug":"kultura","status":"publish","type":"page","link":"https:\/\/www.lucernatv.cz\/index.php\/kultura\/","title":{"rendered":"kultura"},"content":{"rendered":"<div  class=\"wp-block-ultimate-post-post-list-3 ultp-block-526780\"><div class=\"ultp-block-wrapper\"><div class=\"ultp-loading\"><div class=\"ultp-loading-blocks\" style=\"width:100%;height:100%;\"><div style=\"left: 0;top: 0;animation-delay:0s;\"><\/div><div style=\"left: 21px;top: 0;animation-delay:0.125s;\"><\/div><div style=\"left: 42px;top: 0;animation-delay:0.25s;\"><\/div><div style=\"left: 0;top: 21px;animation-delay:0.875s;\"><\/div><div style=\"left: 42px;top: 21px;animation-delay:0.375s;\"><\/div><div style=\"left: 0;top: 42px;animation-delay:0.75s;\"><\/div><div style=\"left: 42px;top: 42px;animation-delay:0.625s;\"><\/div><div style=\"left: 21px;top: 42px;animation-delay:0.5s;\"><\/div><\/div><\/div><div class=\"ultp-block-items-wrap ultp-block-content-top ultp-layout1\"><div class=\"ultp-block-item ultp-block-media post-id-3505\"><div class=\"ultp-block-content-wrap\"><div class=\"ultp-block-image ultp-block-image-none\"><a href=\"https:\/\/www.lucernatv.cz\/index.php\/2026\/05\/04\/fiducia-on-line-johana-pulgretova-v-srdci-mi-vyrostl-tulipan\/\" ><img decoding=\"async\" loading=\"lazy\"  alt=\"Fiducia on-line \u2013 Johana Pulgretov\u00e1: V srdci mi vyrostl tulip\u00e1n\"  src=\"https:\/\/www.lucernatv.cz\/wp-content\/uploads\/2026\/05\/XVrX6999Uwk-768x432.jpg\" \/><\/a><\/div><div class=\"ultp-block-content\"><h2 class=\"ultp-block-title\"><a href=\"https:\/\/www.lucernatv.cz\/index.php\/2026\/05\/04\/fiducia-on-line-johana-pulgretova-v-srdci-mi-vyrostl-tulipan\/\" >Fiducia on-line \u2013 Johana Pulgretov\u00e1: V srdci mi vyrostl tulip\u00e1n<\/a><\/h2><div class=\"ultp-block-excerpt\">Slovo kur\u00e1tora Martina Mikol\u00e1\u0161ka a autorky k v\u00fdstav\u011b v ostravsk\u00e9 Galerii Dole. Instalace absolventky Fakulty um\u011bn\u00ed Ostravsk\u00e9 univerzity Johany Pulgretov\u00e9 vych\u00e1z\u00ed z propojov\u00e1n\u00ed filmu, literatury a osobn\u00edch zku\u0161enost\u00ed, zde konkr\u00e9tn\u011b z poetick\u00e9ho a z\u00e1rove\u0148 existenci\u00e1ln\u011b lad\u011bn\u00e9ho sv\u011bta rom\u00e1nu Borise Viana P\u011bna dn\u00ed a stejnojmenn\u00e9 filmov\u00e9 adaptace Michela Gondryho. Ve sv\u00e9 instalaci v r\u016fzn\u00fdch deformac\u00edch, m\u011b\u0159\u00edtc\u00edch&hellip;&nbsp;<a href=\"https:\/\/www.lucernatv.cz\/index.php\/2026\/05\/04\/fiducia-on-line-johana-pulgretova-v-srdci-mi-vyrostl-tulipan\/\" class=\"\" rel=\"bookmark\">\u010c\u00edst d\u00e1le &raquo;<span class=\"screen-reader-text\">Fiducia on-line \u2013 Johana Pulgretov\u00e1: V srdci mi vyrostl tulip\u00e1n<\/span><\/a><\/div><div class=\"ultp-block-readmore\"><a href=\"https:\/\/www.lucernatv.cz\/index.php\/2026\/05\/04\/fiducia-on-line-johana-pulgretova-v-srdci-mi-vyrostl-tulipan\/\" >Read More<svg enable-background=\"new 0 0 476.213 476.213\" version=\"1.1\" viewBox=\"0 0 476.21 476.21\"><polygon points=\"345.61 107.5 324.39 128.71 418.79 223.11 0 223.11 0 253.11 418.79 253.11 324.39 347.5 345.61 368.71 476.21 238.11\"\/><\/svg><\/a><\/div><\/div><\/div><\/div><\/div><\/div><\/div>\n\n\n<script src=\"https:\/\/code.jquery.com\/jquery-3.5.0.js\"><\/script>\n<script>\n$( \".more-link\" ).remove();\n$( \".ultp-block-readmore\" ).replaceWith( '<div class=\"newtag\"><a href=\"https:\/\/www.lucernatv.cz\/index.php\/tag\/aftermovie\/\">aftermovie<\/a><a href=\"https:\/\/www.lucernatv.cz\/index.php\/tag\/dokument\/\">dokument<\/a><a href=\"https:\/\/www.lucernatv.cz\/index.php\/tag\/audio\/\">audio<\/a><a href=\"https:\/\/www.lucernatv.cz\/index.php\/tag\/hrany-film\/\">hran\u00fd film<\/a><a href=\"https:\/\/www.lucernatv.cz\/index.php\/tag\/prednaska\/\">p\u0159edn\u00e1\u0161ka<\/a><a href=\"https:\/\/www.lucernatv.cz\/index.php\/tag\/zaznam\/\">z\u00e1znam<\/a><a href=\"https:\/\/www.lucernatv.cz\/index.php\/tag\/galerie\/\">galerie<\/a><\/div>' );\n<\/script>\n\n\n\n<div style=\"height:80px\" aria-hidden=\"true\" class=\"wp-block-spacer\"><\/div>\n\n\n\n<style>.wp-show-posts-columns#wpsp-1868 {margin-left: -2em; }.wp-show-posts-columns#wpsp-1868 .wp-show-posts-inner {margin: 0 0 2em 2em; }<\/style><section id=\"wpsp-1868\" class=\" wp-show-posts-columns wp-show-posts\" style=\"\"><article class=\" wp-show-posts-single post-3499 post type-post status-publish format-gallery has-post-thumbnail hentry category-kultura post_format-post-format-gallery wpsp-col-3\" itemtype=\"http:\/\/schema.org\/CreativeWork\" itemscope><div class=\"wp-show-posts-inner\" style=\"\">\t\t<div class=\"wp-show-posts-image  wpsp-image-center \">\n\t\t\t<a href=\"https:\/\/www.lucernatv.cz\/index.php\/2026\/04\/10\/fiducia-on-line-buk-20\/\"  title=\"Fiducia on-line \u2013 BUK 20+\">\t\t\t\t\t<img src=\"https:\/\/www.lucernatv.cz\/wp-content\/uploads\/2026\/04\/e3FCc3Hic7I-318x180.jpg\" alt=\"Fiducia on-line \u2013 BUK 20+\" itemprop=\"image\" class=\"center\" \/>\n\t\t\t\t<\/a>\t\t<\/div>\n\t\t\t\t\t\t\t\t<header class=\"wp-show-posts-entry-header\">\n\t\t\t\t\t\t\t<h3 class=\"wp-show-posts-entry-title\" itemprop=\"headline\"><a href=\"https:\/\/www.lucernatv.cz\/index.php\/2026\/04\/10\/fiducia-on-line-buk-20\/\" rel=\"bookmark\">Fiducia on-line \u2013 BUK 20+<\/a><\/h3>\t\t\t\t\t\t<\/header><!-- .entry-header -->\n\t\t\t\t\t\t\t\t\t\t\t<div class=\"wp-show-posts-entry-summary\" itemprop=\"text\">\n\t\t\t\t\t\t\t<p>Kur\u00e1torsk\u00e9 slovo k v\u00fdstav\u011b tv\u016frc\u016f spojen\u00fdch s almanachem Buk, kterou Galerie Dole slav\u00ed dvacet let sv\u00e9 existence. C\u00edlem tohoto dlouhodob\u00e9ho&#8230;<\/p>\n\t\t\t\t\t\t<\/div><!-- .entry-summary -->\n\t\t\t\t\t<\/div><!-- wp-show-posts-inner --><\/article><article class=\" wp-show-posts-single post-3495 post type-post status-publish format-gallery has-post-thumbnail hentry category-kultura post_format-post-format-gallery wpsp-col-3\" itemtype=\"http:\/\/schema.org\/CreativeWork\" itemscope><div class=\"wp-show-posts-inner\" style=\"\">\t\t<div class=\"wp-show-posts-image  wpsp-image-center \">\n\t\t\t<a href=\"https:\/\/www.lucernatv.cz\/index.php\/2026\/03\/03\/fiducia-on-line-karel-nosek-on-the-road\/\"  title=\"Fiducia on-line &#8211; Karel Nosek: On the Road\">\t\t\t\t\t<img src=\"https:\/\/www.lucernatv.cz\/wp-content\/uploads\/2026\/03\/CKU1_C-PAWg-318x180.jpg\" alt=\"Fiducia on-line &#8211; Karel Nosek: On the Road\" itemprop=\"image\" class=\"center\" \/>\n\t\t\t\t<\/a>\t\t<\/div>\n\t\t\t\t\t\t\t\t<header class=\"wp-show-posts-entry-header\">\n\t\t\t\t\t\t\t<h3 class=\"wp-show-posts-entry-title\" itemprop=\"headline\"><a href=\"https:\/\/www.lucernatv.cz\/index.php\/2026\/03\/03\/fiducia-on-line-karel-nosek-on-the-road\/\" rel=\"bookmark\">Fiducia on-line &#8211; Karel Nosek: On the Road<\/a><\/h3>\t\t\t\t\t\t<\/header><!-- .entry-header -->\n\t\t\t\t\t\t\t\t\t\t\t<div class=\"wp-show-posts-entry-summary\" itemprop=\"text\">\n\t\t\t\t\t\t\t<p>Kur\u00e1torsk\u00e9 slovo k v\u00fdstav\u011b v ostravsk\u00e9 Galerii Dole. Jaroslav Michna a Petr Ligock\u00fd o v\u00fdstav\u011b \u201eOn The Road\u201c, je\u017e je&#8230;<\/p>\n\t\t\t\t\t\t<\/div><!-- .entry-summary -->\n\t\t\t\t\t<\/div><!-- wp-show-posts-inner --><\/article><article class=\" wp-show-posts-single post-3491 post type-post status-publish format-gallery has-post-thumbnail hentry category-film-televize-a-rozhlas category-kultura category-promeny-dramaturgie tag-prednaska tag-promeny-dramaturgie post_format-post-format-gallery wpsp-col-3\" itemtype=\"http:\/\/schema.org\/CreativeWork\" itemscope><div class=\"wp-show-posts-inner\" style=\"\">\t\t<div class=\"wp-show-posts-image  wpsp-image-center \">\n\t\t\t<a href=\"https:\/\/www.lucernatv.cz\/index.php\/2026\/02\/05\/marek-janicik-neviditelny-jan-gogola\/\"  title=\"Marek Jani\u010d\u00edk \u2013 Neviditeln\u00fd Jan Gogola\">\t\t\t\t\t<img src=\"https:\/\/www.lucernatv.cz\/wp-content\/uploads\/2026\/02\/JtH3TWeKb0I-318x180.jpg\" alt=\"Marek Jani\u010d\u00edk \u2013 Neviditeln\u00fd Jan Gogola\" itemprop=\"image\" class=\"center\" \/>\n\t\t\t\t<\/a>\t\t<\/div>\n\t\t\t\t\t\t\t\t<header class=\"wp-show-posts-entry-header\">\n\t\t\t\t\t\t\t<h3 class=\"wp-show-posts-entry-title\" itemprop=\"headline\"><a href=\"https:\/\/www.lucernatv.cz\/index.php\/2026\/02\/05\/marek-janicik-neviditelny-jan-gogola\/\" rel=\"bookmark\">Marek Jani\u010d\u00edk \u2013 Neviditeln\u00fd Jan Gogola<\/a><\/h3>\t\t\t\t\t\t<\/header><!-- .entry-header -->\n\t\t\t\t\t\t\t\t\t\t\t<div class=\"wp-show-posts-entry-summary\" itemprop=\"text\">\n\t\t\t\t\t\t\t<p>Vystoupen\u00ed scen\u00e1rosty a re\u017eis\u00e9ra Marka Jani\u010d\u00edka na konferenci Prom\u011bny dramaturgie 2026. P\u0159\u00edpadov\u00e1 studie procesu vzniku dokument\u00e1rn\u00edho filmu o dramaturgovi a&#8230;<\/p>\n\t\t\t\t\t\t<\/div><!-- .entry-summary -->\n\t\t\t\t\t<\/div><!-- wp-show-posts-inner --><\/article><article class=\" wp-show-posts-single post-3481 post type-post status-publish format-gallery has-post-thumbnail hentry category-film-televize-a-rozhlas tag-media-dejiny-spolecnost tag-zaznam post_format-post-format-gallery wpsp-col-3\" itemtype=\"http:\/\/schema.org\/CreativeWork\" itemscope><div class=\"wp-show-posts-inner\" style=\"\">\t\t<div class=\"wp-show-posts-image  wpsp-image-center \">\n\t\t\t<a href=\"https:\/\/www.lucernatv.cz\/index.php\/2026\/01\/19\/marek-jicha-rezie-anebo-manipulace-etika-subjektivni-kamery\/\"  title=\"Marek J\u00edcha \u2013 Re\u017eie, anebo manipulace? Etika subjektivn\u00ed kamery\">\t\t\t\t\t<img src=\"https:\/\/www.lucernatv.cz\/wp-content\/uploads\/2026\/01\/7Afx7CkwFb0-318x180.jpg\" alt=\"Marek J\u00edcha \u2013 Re\u017eie, anebo manipulace? Etika subjektivn\u00ed kamery\" itemprop=\"image\" class=\"center\" \/>\n\t\t\t\t<\/a>\t\t<\/div>\n\t\t\t\t\t\t\t\t<header class=\"wp-show-posts-entry-header\">\n\t\t\t\t\t\t\t<h3 class=\"wp-show-posts-entry-title\" itemprop=\"headline\"><a href=\"https:\/\/www.lucernatv.cz\/index.php\/2026\/01\/19\/marek-jicha-rezie-anebo-manipulace-etika-subjektivni-kamery\/\" rel=\"bookmark\">Marek J\u00edcha \u2013 Re\u017eie, anebo manipulace? Etika subjektivn\u00ed kamery<\/a><\/h3>\t\t\t\t\t\t<\/header><!-- .entry-header -->\n\t\t\t\t\t\t\t\t\t\t\t<div class=\"wp-show-posts-entry-summary\" itemprop=\"text\">\n\t\t\t\t\t\t\t<p>Z\u00e1znam p\u0159edn\u00e1\u0161ky kameramana a vysoko\u0161kolsk\u00e9ho pedagoga Marka J\u00edchy z konference M\u00e9dia &#8211; D\u011bjiny \u2013 Spole\u010dnost 2025, kter\u00e1 byla zam\u011b\u0159ena na&#8230;<\/p>\n\t\t\t\t\t\t<\/div><!-- .entry-summary -->\n\t\t\t\t\t<\/div><!-- wp-show-posts-inner --><\/article><article class=\" wp-show-posts-single post-3477 post type-post status-publish format-gallery has-post-thumbnail hentry category-kultura category-vytvarne-umeni-architektura-a-verejny-prostor tag-dokument tag-fiducia-on-line tag-ostravske-kulturni-stopy post_format-post-format-gallery wpsp-col-3\" itemtype=\"http:\/\/schema.org\/CreativeWork\" itemscope><div class=\"wp-show-posts-inner\" style=\"\">\t\t<div class=\"wp-show-posts-image  wpsp-image-center \">\n\t\t\t<a href=\"https:\/\/www.lucernatv.cz\/index.php\/2025\/12\/31\/ostravske-kulturni-stopy-brutalismus-v-ostrave\/\"  title=\"Ostravsk\u00e9 kulturn\u00ed stopy &#8211; Brutalismus v Ostrav\u011b\">\t\t\t\t\t<img src=\"https:\/\/www.lucernatv.cz\/wp-content\/uploads\/2025\/12\/VnYyeV1viLQ-318x180.jpg\" alt=\"Ostravsk\u00e9 kulturn\u00ed stopy &#8211; Brutalismus v Ostrav\u011b\" itemprop=\"image\" class=\"center\" \/>\n\t\t\t\t<\/a>\t\t<\/div>\n\t\t\t\t\t\t\t\t<header class=\"wp-show-posts-entry-header\">\n\t\t\t\t\t\t\t<h3 class=\"wp-show-posts-entry-title\" itemprop=\"headline\"><a href=\"https:\/\/www.lucernatv.cz\/index.php\/2025\/12\/31\/ostravske-kulturni-stopy-brutalismus-v-ostrave\/\" rel=\"bookmark\">Ostravsk\u00e9 kulturn\u00ed stopy &#8211; Brutalismus v Ostrav\u011b<\/a><\/h3>\t\t\t\t\t\t<\/header><!-- .entry-header -->\n\t\t\t\t\t\t\t\t\t\t\t<div class=\"wp-show-posts-entry-summary\" itemprop=\"text\">\n\t\t\t\t\t\t\t<p>Plaveck\u00fd baz\u00e9n v Porub\u011b, sportovn\u00ed hala ve V\u00edtkovic\u00edch nebo telefonn\u00ed \u00fast\u0159edna v Mari\u00e1nsk\u00fdch Hor\u00e1ch jsou vynikaj\u00edc\u00edmi p\u0159\u00edklady brutalistn\u00ed architektury v&#8230;<\/p>\n\t\t\t\t\t\t<\/div><!-- .entry-summary -->\n\t\t\t\t\t<\/div><!-- wp-show-posts-inner --><\/article><article class=\" wp-show-posts-single post-3474 post type-post status-publish format-gallery has-post-thumbnail hentry category-kultura category-vytvarne-umeni-architektura-a-verejny-prostor tag-dokument tag-fiducia-on-line tag-ostravske-kulturni-stopy post_format-post-format-gallery wpsp-col-3\" itemtype=\"http:\/\/schema.org\/CreativeWork\" itemscope><div class=\"wp-show-posts-inner\" style=\"\">\t\t<div class=\"wp-show-posts-image  wpsp-image-center \">\n\t\t\t<a href=\"https:\/\/www.lucernatv.cz\/index.php\/2025\/12\/31\/ostravske-kulturni-stopy-architekt-ivo-klimes\/\"  title=\"Ostravsk\u00e9 kulturn\u00ed stopy &#8211; Architekt Ivo Klime\u0161\">\t\t\t\t\t<img src=\"https:\/\/www.lucernatv.cz\/wp-content\/uploads\/2025\/12\/oQIDL2axH6k-318x180.jpg\" alt=\"Ostravsk\u00e9 kulturn\u00ed stopy &#8211; Architekt Ivo Klime\u0161\" itemprop=\"image\" class=\"center\" \/>\n\t\t\t\t<\/a>\t\t<\/div>\n\t\t\t\t\t\t\t\t<header class=\"wp-show-posts-entry-header\">\n\t\t\t\t\t\t\t<h3 class=\"wp-show-posts-entry-title\" itemprop=\"headline\"><a href=\"https:\/\/www.lucernatv.cz\/index.php\/2025\/12\/31\/ostravske-kulturni-stopy-architekt-ivo-klimes\/\" rel=\"bookmark\">Ostravsk\u00e9 kulturn\u00ed stopy &#8211; Architekt Ivo Klime\u0161<\/a><\/h3>\t\t\t\t\t\t<\/header><!-- .entry-header -->\n\t\t\t\t\t\t\t\t\t\t\t<div class=\"wp-show-posts-entry-summary\" itemprop=\"text\">\n\t\t\t\t\t\t\t<p>Skulptur\u00e1ln\u00ed plastika, vynikaj\u00edc\u00ed p\u0159\u00edklad brutalismu \u2013 i takto hovo\u0159\u00ed o dostavb\u011b ostravsk\u00e9ho divadla Anton\u00edna Dvo\u0159\u00e1ka z d\u00edlny architekta Iva Klime\u0161e&#8230;<\/p>\n\t\t\t\t\t\t<\/div><!-- .entry-summary -->\n\t\t\t\t\t<\/div><!-- wp-show-posts-inner --><\/article><article class=\" wp-show-posts-single post-3470 post type-post status-publish format-gallery has-post-thumbnail hentry category-kultura category-studentske-filmy category-vystavy tag-fiducia-on-line tag-galerie tag-vystava post_format-post-format-gallery wpsp-col-3\" itemtype=\"http:\/\/schema.org\/CreativeWork\" itemscope><div class=\"wp-show-posts-inner\" style=\"\">\t\t<div class=\"wp-show-posts-image  wpsp-image-center \">\n\t\t\t<a href=\"https:\/\/www.lucernatv.cz\/index.php\/2025\/12\/22\/fiducia-on-line-eva-jaronova-herbar-rozkladu\/\"  title=\"Fiducia on-line \u2013 Eva Jaro\u0148ov\u00e1: Herb\u00e1\u0159 rozkladu\">\t\t\t\t\t<img src=\"https:\/\/www.lucernatv.cz\/wp-content\/uploads\/2025\/12\/HnWckxGoTL0-318x180.jpg\" alt=\"Fiducia on-line \u2013 Eva Jaro\u0148ov\u00e1: Herb\u00e1\u0159 rozkladu\" itemprop=\"image\" class=\"center\" \/>\n\t\t\t\t<\/a>\t\t<\/div>\n\t\t\t\t\t\t\t\t<header class=\"wp-show-posts-entry-header\">\n\t\t\t\t\t\t\t<h3 class=\"wp-show-posts-entry-title\" itemprop=\"headline\"><a href=\"https:\/\/www.lucernatv.cz\/index.php\/2025\/12\/22\/fiducia-on-line-eva-jaronova-herbar-rozkladu\/\" rel=\"bookmark\">Fiducia on-line \u2013 Eva Jaro\u0148ov\u00e1: Herb\u00e1\u0159 rozkladu<\/a><\/h3>\t\t\t\t\t\t<\/header><!-- .entry-header -->\n\t\t\t\t\t\t\t\t\t\t\t<div class=\"wp-show-posts-entry-summary\" itemprop=\"text\">\n\t\t\t\t\t\t\t<p>Slovo kur\u00e1torky Silvie \u0160eborov\u00e9 a vystavuj\u00edc\u00ed autorky Evy Jaro\u0148ov\u00e9 k v\u00fdstav\u011b v ostravsk\u00e9 Galerii Dole. V obrazech Evy Jaro\u0148ov\u00e9 se&#8230;<\/p>\n\t\t\t\t\t\t<\/div><!-- .entry-summary -->\n\t\t\t\t\t<\/div><!-- wp-show-posts-inner --><\/article><article class=\" wp-show-posts-single post-3466 post type-post status-publish format-gallery has-post-thumbnail hentry category-kultura category-vytvarne-umeni-architektura-a-verejny-prostor tag-fiducia-on-line tag-galerie tag-vystava post_format-post-format-gallery wpsp-col-3\" itemtype=\"http:\/\/schema.org\/CreativeWork\" itemscope><div class=\"wp-show-posts-inner\" style=\"\">\t\t<div class=\"wp-show-posts-image  wpsp-image-center \">\n\t\t\t<a href=\"https:\/\/www.lucernatv.cz\/index.php\/2025\/10\/22\/fiducia-on-line-tereza-frindova-otevreny-archiv\/\"  title=\"Fiducia on-line \u2013 Tereza Frindov\u00e1: Otev\u0159en\u00fd archiv\">\t\t\t\t\t<img src=\"https:\/\/www.lucernatv.cz\/wp-content\/uploads\/2025\/10\/lDMRjmD1HaY-318x180.jpg\" alt=\"Fiducia on-line \u2013 Tereza Frindov\u00e1: Otev\u0159en\u00fd archiv\" itemprop=\"image\" class=\"center\" \/>\n\t\t\t\t<\/a>\t\t<\/div>\n\t\t\t\t\t\t\t\t<header class=\"wp-show-posts-entry-header\">\n\t\t\t\t\t\t\t<h3 class=\"wp-show-posts-entry-title\" itemprop=\"headline\"><a href=\"https:\/\/www.lucernatv.cz\/index.php\/2025\/10\/22\/fiducia-on-line-tereza-frindova-otevreny-archiv\/\" rel=\"bookmark\">Fiducia on-line \u2013 Tereza Frindov\u00e1: Otev\u0159en\u00fd archiv<\/a><\/h3>\t\t\t\t\t\t<\/header><!-- .entry-header -->\n\t\t\t\t\t\t\t\t\t\t\t<div class=\"wp-show-posts-entry-summary\" itemprop=\"text\">\n\t\t\t\t\t\t\t<p>Slovo kur\u00e1tora Petra Va\u0148ouse a slovo autorky k v\u00fdstav\u011b v ostravsk\u00e9 Galerii Dole. Absolventka pra\u017esk\u00e9 Akademie v\u00fdtvarn\u00fdch um\u011bn\u00ed Tereza Frindov\u00e1&#8230;<\/p>\n\t\t\t\t\t\t<\/div><!-- .entry-summary -->\n\t\t\t\t\t<\/div><!-- wp-show-posts-inner --><\/article><div class=\"wpsp-clear\"><\/div><\/section><!-- .wp-show-posts -->\n\n\n\n<div style=\"height:43px\" aria-hidden=\"true\" class=\"wp-block-spacer\"><\/div>\n\n\n\n<div class=\"wp-block-columns is-layout-flex wp-container-5\">\n<div class=\"wp-block-column is-layout-flow\"><\/div>\n\n\n\n<div class=\"wp-block-column is-layout-flow\"><\/div>\n\n\n\n<div class=\"wp-block-column is-layout-flow\"><\/div>\n\n\n\n<div class=\"wp-block-column is-layout-flow\">\n<div class=\"wp-block-media-text has-media-on-the-right is-stacked-on-mobile is-vertically-aligned-bottom\" style=\"grid-template-columns:auto 17%\"><figure class=\"wp-block-media-text__media\"><img decoding=\"async\" src=\"https:\/\/www.lucernatv.cz\/wp-content\/uploads\/2021\/02\/filename.svg\" alt=\"\" class=\"wp-image-781 size-full\"\/><\/figure><div class=\"wp-block-media-text__content\">\n<h3 class=\"has-text-align-right picpic wp-block-heading\"><a href=\"#\"><\/a><a href=\"https:\/\/www.lucernatv.cz\/index.php\/category\/kultura\/\">v\u00edce z kultury<\/a><\/h3>\n<\/div><\/div>\n<\/div>\n<\/div>\n\n\n\n<div class=\"wp-block-columns is-layout-flex wp-container-10\">\n<div class=\"wp-block-column is-layout-flow\">\n<hr class=\"wp-block-separator has-text-color has-background has-black-background-color has-black-color is-style-wide\"\/>\n\n\n\n<div class=\"wp-block-media-text is-stacked-on-mobile is-vertically-aligned-top\" style=\"grid-template-columns:17% auto\"><figure class=\"wp-block-media-text__media\"><img decoding=\"async\" src=\"https:\/\/www.lucernatv.cz\/wp-content\/uploads\/2021\/02\/filename.svg\" alt=\"\" class=\"wp-image-781 size-full\"\/><\/figure><div class=\"wp-block-media-text__content\">\n<h3 class=\"categorylink wp-block-heading\"><a href=\"https:\/\/www.lucernatv.cz\/index.php\/literatura-2\/\">literatura<\/a><\/h3>\n\n\n\n<p class=\"categoryp\" style=\"font-size:15px\"><strong>Z\u00e1znamy autorsk\u00fdch \u010dten\u00ed, p\u0159edn\u00e1\u0161ek, debat se spisovateli \u010di kr\u00e1tk\u00e9 filmy vizualizuj\u00edc\u00ed modern\u00ed poezii<\/strong><\/p>\n<\/div><\/div>\n<\/div>\n\n\n\n<div class=\"wp-block-column is-layout-flow\">\n<hr class=\"wp-block-separator has-text-color has-background has-black-background-color has-black-color is-style-wide\"\/>\n\n\n\n<div class=\"wp-block-media-text is-stacked-on-mobile is-vertically-aligned-top\" style=\"grid-template-columns:17% auto\"><figure class=\"wp-block-media-text__media\"><img decoding=\"async\" src=\"https:\/\/www.lucernatv.cz\/wp-content\/uploads\/2021\/02\/filename.svg\" alt=\"\" class=\"wp-image-781 size-full\"\/><\/figure><div class=\"wp-block-media-text__content\">\n<h3 class=\"categorylink wp-block-heading\"><a href=\"#\"><\/a><a href=\"https:\/\/www.lucernatv.cz\/index.php\/divadlo-3\/\">divadlo<\/a><\/h3>\n\n\n\n<p class=\"categoryp\" style=\"font-size:15px\"><strong><strong>Z\u00e1znamy p\u0159edstaven\u00ed \u010di debaty s divadeln\u00edky<\/strong><\/strong><\/p>\n<\/div><\/div>\n<\/div>\n\n\n\n<div class=\"wp-block-column is-layout-flow\">\n<hr class=\"wp-block-separator has-text-color has-background has-black-background-color has-black-color is-style-wide\"\/>\n\n\n\n<div class=\"wp-block-media-text is-stacked-on-mobile is-vertically-aligned-top\" style=\"grid-template-columns:17% auto\"><figure class=\"wp-block-media-text__media\"><img decoding=\"async\" src=\"https:\/\/www.lucernatv.cz\/wp-content\/uploads\/2021\/02\/filename.svg\" alt=\"\" class=\"wp-image-781 size-full\"\/><\/figure><div class=\"wp-block-media-text__content\">\n<h3 class=\"categorylink wp-block-heading\"><a href=\"#\"><\/a><a href=\"https:\/\/www.lucernatv.cz\/index.php\/film-televize-a-rozhlas\/\">film, televize a rozhlas<\/a><\/h3>\n\n\n\n<p class=\"categoryp\" style=\"font-size:15px\"><strong><strong>Z\u00e1znamy p\u0159edn\u00e1\u0161ek o filmu a audiovizu\u00e1ln\u00edch m\u00e9di\u00edch<\/strong><\/strong><\/p>\n<\/div><\/div>\n<\/div>\n\n\n\n<div class=\"wp-block-column is-layout-flow\">\n<hr class=\"wp-block-separator has-text-color has-background has-black-background-color has-black-color is-style-wide\"\/>\n\n\n\n<div class=\"wp-block-media-text is-stacked-on-mobile is-vertically-aligned-top\" style=\"grid-template-columns:17% auto\"><figure class=\"wp-block-media-text__media\"><img decoding=\"async\" src=\"https:\/\/www.lucernatv.cz\/wp-content\/uploads\/2021\/02\/filename.svg\" alt=\"\" class=\"wp-image-781 size-full\"\/><\/figure><div class=\"wp-block-media-text__content\">\n<h3 class=\"categorylink wp-block-heading\"><a href=\"#\"><\/a><a href=\"https:\/\/www.lucernatv.cz\/index.php\/vystavy-2\/\">v\u00fdstavy<\/a><\/h3>\n\n\n\n<p class=\"categoryp\" style=\"font-size:15px\"><strong><strong>Sou\u010dasn\u00e9 v\u00fdtvarn\u00e9 um\u011bn\u00ed o\u010dima kur\u00e1tor\u016f, virtu\u00e1ln\u00ed v\u00fdstavy, report\u00e1\u017ee z galeri\u00ed<\/strong><\/strong><\/p>\n<\/div><\/div>\n<\/div>\n<\/div>\n\n\n\n<div style=\"height:26px\" aria-hidden=\"true\" class=\"wp-block-spacer\"><\/div>\n\n\n\n<div class=\"wp-block-columns is-layout-flex wp-container-15\">\n<div class=\"wp-block-column is-layout-flow\">\n<hr class=\"wp-block-separator has-text-color has-background has-black-background-color has-black-color is-style-wide\"\/>\n\n\n\n<div class=\"wp-block-media-text is-stacked-on-mobile is-vertically-aligned-top\" style=\"grid-template-columns:17% auto\"><figure class=\"wp-block-media-text__media\"><img decoding=\"async\" src=\"https:\/\/www.lucernatv.cz\/wp-content\/uploads\/2021\/02\/filename.svg\" alt=\"\" class=\"wp-image-781 size-full\"\/><\/figure><div class=\"wp-block-media-text__content\">\n<h3 class=\"categorylink wp-block-heading\"><a href=\"#\"><\/a><a href=\"https:\/\/www.lucernatv.cz\/index.php\/studentske-filmy-2\/\">studentsk\u00e9 filmy<\/a><\/h3>\n\n\n\n<p class=\"categoryp\" style=\"font-size:15px\"><strong><strong>Aktu\u00e1ln\u00ed studentsk\u00e1 tvorba z d\u00edlny poslucha\u010d\u016f \u00dastavu filmov\u00e9, televizn\u00ed a rozhlasov\u00e9 tvorby Slezsk\u00e9 univerzity v Opav\u011b a student\u016f Ateli\u00e9ru Audiovizu\u00e1ln\u00ed tvorba Fakulty multimedi\u00e1ln\u00edch komunikac\u00ed Univerzity Tom\u00e1\u0161e Bati ve Zl\u00edn\u011b.<\/strong><\/strong><\/p>\n<\/div><\/div>\n<\/div>\n\n\n\n<div class=\"wp-block-column is-layout-flow\">\n<hr class=\"wp-block-separator has-text-color has-background has-black-background-color has-black-color is-style-wide\"\/>\n\n\n\n<div class=\"wp-block-media-text is-stacked-on-mobile is-vertically-aligned-top\" style=\"grid-template-columns:17% auto\"><figure class=\"wp-block-media-text__media\"><img decoding=\"async\" src=\"https:\/\/www.lucernatv.cz\/wp-content\/uploads\/2021\/02\/filename.svg\" alt=\"\" class=\"wp-image-781 size-full\"\/><\/figure><div class=\"wp-block-media-text__content\">\n<h3 class=\"categorylink wp-block-heading\"><a href=\"#\"><\/a><a href=\"https:\/\/www.lucernatv.cz\/index.php\/hudba-3\/\">hudba<\/a><\/h3>\n\n\n\n<p class=\"categoryp\" style=\"font-size:15px\"><strong><strong>Debaty s hudebn\u00edky, dokumenty o muzikantech a hudb\u011b, z\u00e1znamy koncert\u016f<\/strong><\/strong><\/p>\n<\/div><\/div>\n<\/div>\n\n\n\n<div class=\"wp-block-column is-layout-flow\">\n<hr class=\"wp-block-separator has-text-color has-background has-black-background-color has-black-color is-style-wide\"\/>\n\n\n\n<div class=\"wp-block-media-text is-stacked-on-mobile is-vertically-aligned-top\" style=\"grid-template-columns:17% auto\"><figure class=\"wp-block-media-text__media\"><img decoding=\"async\" src=\"https:\/\/www.lucernatv.cz\/wp-content\/uploads\/2021\/02\/filename.svg\" alt=\"\" class=\"wp-image-781 size-full\"\/><\/figure><div class=\"wp-block-media-text__content\">\n<h3 class=\"categorylink wp-block-heading\"><a href=\"#\"><\/a><a href=\"http:\/\/lucernatv.byethost7.com\/literatura\/\"><\/a><a href=\"https:\/\/www.lucernatv.cz\/index.php\/vytvarne-umeni-architektura-a-verejny-prostor\/\">v\u00fdtvarn\u00e9 um\u011bn\u00ed, architektura a ve\u0159ejn\u00fd prostor<\/a><\/h3>\n\n\n\n<p class=\"categoryp\" style=\"font-size:15px\"><strong><strong><strong>Debaty s architekty a v\u00fdtvarn\u00edky, p\u0159edn\u00e1\u0161ky, report\u00e1\u017ee o intervenc\u00edch ve ve\u0159ejn\u00e9m prostoru<\/strong><\/strong><\/strong><\/p>\n<\/div><\/div>\n<\/div>\n\n\n\n<div class=\"wp-block-column is-layout-flow\">\n<hr class=\"wp-block-separator has-text-color has-background has-black-background-color has-black-color is-style-wide\"\/>\n\n\n\n<div class=\"wp-block-media-text is-stacked-on-mobile is-vertically-aligned-top\" style=\"grid-template-columns:17% auto\"><figure class=\"wp-block-media-text__media\"><img decoding=\"async\" src=\"https:\/\/www.lucernatv.cz\/wp-content\/uploads\/2021\/02\/filename.svg\" alt=\"\" class=\"wp-image-781 size-full\"\/><\/figure><div class=\"wp-block-media-text__content\">\n<h3 class=\"categorylink wp-block-heading\"><a href=\"#\"><\/a><a href=\"https:\/\/www.lucernatv.cz\/index.php\/lucerna-tv-tipy\/\">lucerna.tv tipy<\/a><\/h3>\n\n\n\n<p class=\"categoryp\" style=\"font-size:15px\"><strong><strong>Tipy na zaj\u00edmav\u00e9 knihy, hudbu, filmy, zkr\u00e1tka v\u0161e, co v\u00e1s m\u016f\u017ee inspirovat a zabavit.<\/strong><\/strong><\/p>\n<\/div><\/div>\n<\/div>\n<\/div>\n\n\n\n<div style=\"height:10px\" aria-hidden=\"true\" class=\"wp-block-spacer\"><\/div>\n\n\n<p class=\"wp-block-tag-cloud\"><a href=\"https:\/\/www.lucernatv.cz\/index.php\/tag\/30-let-sus-ostrava\/\" class=\"tag-cloud-link tag-link-31 tag-link-position-1\" style=\"font-size: 13.4819277108pt;\" aria-label=\"30 let SU\u0160 Ostrava (8 polo\u017eek)\">30 let SU\u0160 Ostrava<\/a>\n<a href=\"https:\/\/www.lucernatv.cz\/index.php\/tag\/aftermovie\/\" class=\"tag-cloud-link tag-link-40 tag-link-position-2\" style=\"font-size: 8pt;\" aria-label=\"aftermovie (1 polo\u017eka)\">aftermovie<\/a>\n<a href=\"https:\/\/www.lucernatv.cz\/index.php\/tag\/audio\/\" class=\"tag-cloud-link tag-link-34 tag-link-position-3\" style=\"font-size: 10.5301204819pt;\" aria-label=\"audio (3 polo\u017eky)\">audio<\/a>\n<a href=\"https:\/\/www.lucernatv.cz\/index.php\/tag\/autorske-cteni\/\" class=\"tag-cloud-link tag-link-51 tag-link-position-4\" style=\"font-size: 19.2168674699pt;\" aria-label=\"autorsk\u00e9 \u010dten\u00ed (42 polo\u017eek)\">autorsk\u00e9 \u010dten\u00ed<\/a>\n<a href=\"https:\/\/www.lucernatv.cz\/index.php\/tag\/czech-music-crossroads\/\" class=\"tag-cloud-link tag-link-43 tag-link-position-5\" style=\"font-size: 17.5301204819pt;\" aria-label=\"Czech music crossroads (26 polo\u017eek)\">Czech music crossroads<\/a>\n<a href=\"https:\/\/www.lucernatv.cz\/index.php\/tag\/debata\/\" class=\"tag-cloud-link tag-link-36 tag-link-position-6\" style=\"font-size: 15.843373494pt;\" aria-label=\"debata (16 polo\u017eek)\">debata<\/a>\n<a href=\"https:\/\/www.lucernatv.cz\/index.php\/tag\/dobre-vedet\/\" class=\"tag-cloud-link tag-link-55 tag-link-position-7\" style=\"font-size: 19.3012048193pt;\" aria-label=\"Dobr\u00e9 v\u011bd\u011bt (43 polo\u017eek)\">Dobr\u00e9 v\u011bd\u011bt<\/a>\n<a href=\"https:\/\/www.lucernatv.cz\/index.php\/tag\/dokument\/\" class=\"tag-cloud-link tag-link-24 tag-link-position-8\" style=\"font-size: 22pt;\" aria-label=\"dokument (91 polo\u017eek)\">dokument<\/a>\n<a href=\"https:\/\/www.lucernatv.cz\/index.php\/tag\/dejiny-na-vlastni-kuzi\/\" class=\"tag-cloud-link tag-link-54 tag-link-position-9\" style=\"font-size: 16.6024096386pt;\" aria-label=\"D\u011bjiny na vlastn\u00ed k\u016f\u017ei (20 polo\u017eek)\">D\u011bjiny na vlastn\u00ed k\u016f\u017ei<\/a>\n<a href=\"https:\/\/www.lucernatv.cz\/index.php\/tag\/experimentalni-film\/\" class=\"tag-cloud-link tag-link-30 tag-link-position-10\" style=\"font-size: 9.51807228916pt;\" aria-label=\"experiment\u00e1ln\u00ed film (2 polo\u017eky)\">experiment\u00e1ln\u00ed film<\/a>\n<a href=\"https:\/\/www.lucernatv.cz\/index.php\/tag\/fiducia-on-line\/\" class=\"tag-cloud-link tag-link-28 tag-link-position-11\" style=\"font-size: 21.8313253012pt;\" aria-label=\"Fiducia on-line (87 polo\u017eek)\">Fiducia on-line<\/a>\n<a href=\"https:\/\/www.lucernatv.cz\/index.php\/tag\/filozoficko-prirodovedecka-fakulta-v-opave\/\" class=\"tag-cloud-link tag-link-72 tag-link-position-12\" style=\"font-size: 13.4819277108pt;\" aria-label=\"Filozoficko-p\u0159\u00edrodov\u011bdeck\u00e1 fakulta v Opav\u011b (8 polo\u017eek)\">Filozoficko-p\u0159\u00edrodov\u011bdeck\u00e1 fakulta v Opav\u011b<\/a>\n<a href=\"https:\/\/www.lucernatv.cz\/index.php\/tag\/fotografie\/\" class=\"tag-cloud-link tag-link-45 tag-link-position-13\" style=\"font-size: 9.51807228916pt;\" aria-label=\"fotografie (2 polo\u017eky)\">fotografie<\/a>\n<a href=\"https:\/\/www.lucernatv.cz\/index.php\/tag\/galerie\/\" class=\"tag-cloud-link tag-link-26 tag-link-position-14\" style=\"font-size: 19.5542168675pt;\" aria-label=\"galerie (46 polo\u017eek)\">galerie<\/a>\n<a href=\"https:\/\/www.lucernatv.cz\/index.php\/tag\/hmyz-je-fajnovy\/\" class=\"tag-cloud-link tag-link-64 tag-link-position-15\" style=\"font-size: 11.3734939759pt;\" aria-label=\"Hmyz je fajnovy!!! (4 polo\u017eky)\">Hmyz je fajnovy!!!<\/a>\n<a href=\"https:\/\/www.lucernatv.cz\/index.php\/tag\/hrany-film\/\" class=\"tag-cloud-link tag-link-25 tag-link-position-16\" style=\"font-size: 16.0963855422pt;\" aria-label=\"hran\u00fd film (17 polo\u017eek)\">hran\u00fd film<\/a>\n<a href=\"https:\/\/www.lucernatv.cz\/index.php\/tag\/janackova-filharmonie-ostrava\/\" class=\"tag-cloud-link tag-link-44 tag-link-position-17\" style=\"font-size: 10.5301204819pt;\" aria-label=\"Jan\u00e1\u010dkova filharmonie Ostrava (3 polo\u017eky)\">Jan\u00e1\u010dkova filharmonie Ostrava<\/a>\n<a href=\"https:\/\/www.lucernatv.cz\/index.php\/tag\/kulinarni-historie\/\" class=\"tag-cloud-link tag-link-66 tag-link-position-18\" style=\"font-size: 11.3734939759pt;\" aria-label=\"Kulin\u00e1rn\u00ed historie (4 polo\u017eky)\">Kulin\u00e1rn\u00ed historie<\/a>\n<a href=\"https:\/\/www.lucernatv.cz\/index.php\/tag\/meltingpot\/\" class=\"tag-cloud-link tag-link-37 tag-link-position-19\" style=\"font-size: 15.5903614458pt;\" aria-label=\"Meltingpot (15 polo\u017eek)\">Meltingpot<\/a>\n<a href=\"https:\/\/www.lucernatv.cz\/index.php\/tag\/mockument\/\" class=\"tag-cloud-link tag-link-29 tag-link-position-20\" style=\"font-size: 8pt;\" aria-label=\"mockument (1 polo\u017eka)\">mockument<\/a>\n<a href=\"https:\/\/www.lucernatv.cz\/index.php\/tag\/moderni-poezie-do-skol\/\" class=\"tag-cloud-link tag-link-50 tag-link-position-21\" style=\"font-size: 18.3734939759pt;\" aria-label=\"Modern\u00ed poezie do \u0161kol (33 polo\u017eek)\">Modern\u00ed poezie do \u0161kol<\/a>\n<a href=\"https:\/\/www.lucernatv.cz\/index.php\/tag\/media-dejiny-spolecnost\/\" class=\"tag-cloud-link tag-link-78 tag-link-position-22\" style=\"font-size: 10.5301204819pt;\" aria-label=\"M\u00e9dia \u2013 D\u011bjiny \u2013 Spole\u010dnost (3 polo\u017eky)\">M\u00e9dia \u2013 D\u011bjiny \u2013 Spole\u010dnost<\/a>\n<a href=\"https:\/\/www.lucernatv.cz\/index.php\/tag\/ostravske-kulturni-stopy\/\" class=\"tag-cloud-link tag-link-35 tag-link-position-23\" style=\"font-size: 16.7710843373pt;\" aria-label=\"Ostravsk\u00e9 kulturn\u00ed stopy (21 polo\u017eek)\">Ostravsk\u00e9 kulturn\u00ed stopy<\/a>\n<a href=\"https:\/\/www.lucernatv.cz\/index.php\/tag\/otisky-minulosti\/\" class=\"tag-cloud-link tag-link-69 tag-link-position-24\" style=\"font-size: 11.3734939759pt;\" aria-label=\"Otisky minulosti (4 polo\u017eky)\">Otisky minulosti<\/a>\n<a href=\"https:\/\/www.lucernatv.cz\/index.php\/tag\/promeny-dramaturgie\/\" class=\"tag-cloud-link tag-link-47 tag-link-position-25\" style=\"font-size: 18.7951807229pt;\" aria-label=\"Prom\u011bny dramaturgie (37 polo\u017eek)\">Prom\u011bny dramaturgie<\/a>\n<a href=\"https:\/\/www.lucernatv.cz\/index.php\/tag\/publicistika\/\" class=\"tag-cloud-link tag-link-27 tag-link-position-26\" style=\"font-size: 17.2771084337pt;\" aria-label=\"publicistika (24 polo\u017eek)\">publicistika<\/a>\n<a href=\"https:\/\/www.lucernatv.cz\/index.php\/tag\/prednaska\/\" class=\"tag-cloud-link tag-link-48 tag-link-position-27\" style=\"font-size: 18.7108433735pt;\" aria-label=\"p\u0159edn\u00e1\u0161ka (36 polo\u017eek)\">p\u0159edn\u00e1\u0161ka<\/a>\n<a href=\"https:\/\/www.lucernatv.cz\/index.php\/tag\/sami-proti-zlu\/\" class=\"tag-cloud-link tag-link-53 tag-link-position-28\" style=\"font-size: 13.0602409639pt;\" aria-label=\"Sami proti zlu (7 polo\u017eek)\">Sami proti zlu<\/a>\n<a href=\"https:\/\/www.lucernatv.cz\/index.php\/tag\/slezske-zemske-muzeum\/\" class=\"tag-cloud-link tag-link-70 tag-link-position-29\" style=\"font-size: 11.3734939759pt;\" aria-label=\"Slezsk\u00e9 zemsk\u00e9 muzeum (4 polo\u017eky)\">Slezsk\u00e9 zemsk\u00e9 muzeum<\/a>\n<a href=\"https:\/\/www.lucernatv.cz\/index.php\/tag\/videoklip\/\" class=\"tag-cloud-link tag-link-33 tag-link-position-30\" style=\"font-size: 8pt;\" aria-label=\"videoklip (1 polo\u017eka)\">videoklip<\/a>\n<a href=\"https:\/\/www.lucernatv.cz\/index.php\/tag\/visegradske-ateliery\/\" class=\"tag-cloud-link tag-link-63 tag-link-position-31\" style=\"font-size: 11.3734939759pt;\" aria-label=\"Visegr\u00e1dsk\u00e9 ateli\u00e9ry (4 polo\u017eky)\">Visegr\u00e1dsk\u00e9 ateli\u00e9ry<\/a>\n<a href=\"https:\/\/www.lucernatv.cz\/index.php\/tag\/vizualizace-velkoobjemovych-dat\/\" class=\"tag-cloud-link tag-link-42 tag-link-position-32\" style=\"font-size: 8pt;\" aria-label=\"vizualizace velkoobjemov\u00fdch dat (1 polo\u017eka)\">vizualizace velkoobjemov\u00fdch dat<\/a>\n<a href=\"https:\/\/www.lucernatv.cz\/index.php\/tag\/voices-of-meltingpot\/\" class=\"tag-cloud-link tag-link-46 tag-link-position-33\" style=\"font-size: 17.2771084337pt;\" aria-label=\"Voices of Meltingpot (24 polo\u017eek)\">Voices of Meltingpot<\/a>\n<a href=\"https:\/\/www.lucernatv.cz\/index.php\/tag\/vzdelavani\/\" class=\"tag-cloud-link tag-link-73 tag-link-position-34\" style=\"font-size: 13.4819277108pt;\" aria-label=\"vzd\u011bl\u00e1v\u00e1n\u00ed (8 polo\u017eek)\">vzd\u011bl\u00e1v\u00e1n\u00ed<\/a>\n<a href=\"https:\/\/www.lucernatv.cz\/index.php\/tag\/vystava\/\" class=\"tag-cloud-link tag-link-39 tag-link-position-35\" style=\"font-size: 18.6265060241pt;\" aria-label=\"v\u00fdstava (35 polo\u017eek)\">v\u00fdstava<\/a>\n<a href=\"https:\/\/www.lucernatv.cz\/index.php\/tag\/zaznam\/\" class=\"tag-cloud-link tag-link-32 tag-link-position-36\" style=\"font-size: 19.4698795181pt;\" aria-label=\"z\u00e1znam (45 polo\u017eek)\">z\u00e1znam<\/a>\n<a href=\"https:\/\/www.lucernatv.cz\/index.php\/tag\/ctvero-rocnich-obdobi\/\" class=\"tag-cloud-link tag-link-65 tag-link-position-37\" style=\"font-size: 11.3734939759pt;\" aria-label=\"\u010ctvero ro\u010dn\u00edch obdob\u00ed (4 polo\u017eky)\">\u010ctvero ro\u010dn\u00edch obdob\u00ed<\/a><\/p>\n\n\n<div style=\"height:20px\" aria-hidden=\"true\" class=\"wp-block-spacer\"><\/div>\n","protected":false},"excerpt":{"rendered":"<p>v\u00edce z kultury literatura Z\u00e1znamy autorsk\u00fdch \u010dten\u00ed, p\u0159edn\u00e1\u0161ek, debat se spisovateli \u010di kr\u00e1tk\u00e9 filmy vizualizuj\u00edc\u00ed modern\u00ed poezii divadlo Z\u00e1znamy p\u0159edstaven\u00ed \u010di debaty s divadeln\u00edky film, televize a rozhlas Z\u00e1znamy p\u0159edn\u00e1\u0161ek o filmu a audiovizu\u00e1ln\u00edch m\u00e9di\u00edch v\u00fdstavy Sou\u010dasn\u00e9 v\u00fdtvarn\u00e9 um\u011bn\u00ed o\u010dima kur\u00e1tor\u016f, virtu\u00e1ln\u00ed v\u00fdstavy, report\u00e1\u017ee z galeri\u00ed studentsk\u00e9 filmy Aktu\u00e1ln\u00ed studentsk\u00e1 tvorba z d\u00edlny poslucha\u010d\u016f \u00dastavu&hellip;&nbsp;<a href=\"https:\/\/www.lucernatv.cz\/index.php\/2025\/10\/22\/fiducia-on-line-tereza-frindova-otevreny-archiv\/\" class=\"\" rel=\"bookmark\">\u010c\u00edst d\u00e1le &raquo;<span class=\"screen-reader-text\">Fiducia on-line \u2013 Tereza Frindov\u00e1: Otev\u0159en\u00fd archiv<\/span><\/a><\/p>\n","protected":false},"author":1,"featured_media":0,"parent":0,"menu_order":0,"comment_status":"closed","ping_status":"closed","template":"","meta":{"inline_featured_image":false,"_uag_custom_page_level_css":"","neve_meta_sidebar":"full-width","neve_meta_container":"full-width","neve_meta_enable_content_width":"on","neve_meta_content_width":85,"neve_meta_title_alignment":"","neve_meta_author_avatar":"","neve_post_elements_order":"","neve_meta_disable_header":"","neve_meta_disable_footer":"","neve_meta_disable_title":"","_vp_format_video_url":"","_vp_image_focal_point":[]},"yoast_head":"<!-- This site is optimized with the Yoast SEO plugin v20.12 - https:\/\/yoast.com\/wordpress\/plugins\/seo\/ -->\n<title>kultura - lucernatv.cz<\/title>\n<meta name=\"robots\" content=\"index, follow, max-snippet:-1, max-image-preview:large, max-video-preview:-1\" \/>\n<link rel=\"canonical\" href=\"https:\/\/www.lucernatv.cz\/index.php\/kultura\/\" \/>\n<meta property=\"og:locale\" content=\"cs_CZ\" \/>\n<meta property=\"og:type\" content=\"article\" \/>\n<meta property=\"og:title\" content=\"kultura - lucernatv.cz\" \/>\n<meta property=\"og:description\" content=\"v\u00edce z kultury literatura Z\u00e1znamy autorsk\u00fdch \u010dten\u00ed, p\u0159edn\u00e1\u0161ek, debat se spisovateli \u010di kr\u00e1tk\u00e9 filmy vizualizuj\u00edc\u00ed modern\u00ed poezii divadlo Z\u00e1znamy p\u0159edstaven\u00ed \u010di debaty s divadeln\u00edky film, televize a rozhlas Z\u00e1znamy p\u0159edn\u00e1\u0161ek o filmu a audiovizu\u00e1ln\u00edch m\u00e9di\u00edch v\u00fdstavy Sou\u010dasn\u00e9 v\u00fdtvarn\u00e9 um\u011bn\u00ed o\u010dima kur\u00e1tor\u016f, virtu\u00e1ln\u00ed v\u00fdstavy, report\u00e1\u017ee z galeri\u00ed studentsk\u00e9 filmy Aktu\u00e1ln\u00ed studentsk\u00e1 tvorba z d\u00edlny poslucha\u010d\u016f \u00dastavu&hellip;&nbsp;\u010c\u00edst d\u00e1le &raquo;Fiducia on-line \u2013 Tereza Frindov\u00e1: Otev\u0159en\u00fd archiv\" \/>\n<meta property=\"og:url\" content=\"https:\/\/www.lucernatv.cz\/index.php\/kultura\/\" \/>\n<meta property=\"og:site_name\" content=\"lucernatv.cz\" \/>\n<meta property=\"article:publisher\" content=\"https:\/\/www.facebook.com\/avtopava\" \/>\n<meta property=\"article:modified_time\" content=\"2021-03-02T13:07:04+00:00\" \/>\n<meta property=\"og:image\" content=\"https:\/\/www.lucernatv.cz\/wp-content\/uploads\/2021\/02\/filename.svg\" \/>\n<meta name=\"twitter:card\" content=\"summary_large_image\" \/>\n<meta name=\"twitter:label1\" content=\"Odhadovan\u00e1 doba \u010dten\u00ed\" \/>\n\t<meta name=\"twitter:data1\" content=\"1 minuta\" \/>\n<script type=\"application\/ld+json\" class=\"yoast-schema-graph\">{\"@context\":\"https:\/\/schema.org\",\"@graph\":[{\"@type\":\"WebPage\",\"@id\":\"https:\/\/www.lucernatv.cz\/index.php\/kultura\/\",\"url\":\"https:\/\/www.lucernatv.cz\/index.php\/kultura\/\",\"name\":\"kultura - lucernatv.cz\",\"isPartOf\":{\"@id\":\"https:\/\/www.lucernatv.cz\/#website\"},\"datePublished\":\"2021-02-17T21:41:59+00:00\",\"dateModified\":\"2021-03-02T13:07:04+00:00\",\"breadcrumb\":{\"@id\":\"https:\/\/www.lucernatv.cz\/index.php\/kultura\/#breadcrumb\"},\"inLanguage\":\"cs\",\"potentialAction\":[{\"@type\":\"ReadAction\",\"target\":[\"https:\/\/www.lucernatv.cz\/index.php\/kultura\/\"]}]},{\"@type\":\"BreadcrumbList\",\"@id\":\"https:\/\/www.lucernatv.cz\/index.php\/kultura\/#breadcrumb\",\"itemListElement\":[{\"@type\":\"ListItem\",\"position\":1,\"name\":\"Dom\u016f\",\"item\":\"https:\/\/www.lucernatv.cz\/\"},{\"@type\":\"ListItem\",\"position\":2,\"name\":\"kultura\"}]},{\"@type\":\"WebSite\",\"@id\":\"https:\/\/www.lucernatv.cz\/#website\",\"url\":\"https:\/\/www.lucernatv.cz\/\",\"name\":\"lucernatv.cz\",\"description\":\"Vzd\u011bl\u00e1vac\u00ed televize\",\"publisher\":{\"@id\":\"https:\/\/www.lucernatv.cz\/#organization\"},\"alternateName\":\"Lucerna TV\",\"potentialAction\":[{\"@type\":\"SearchAction\",\"target\":{\"@type\":\"EntryPoint\",\"urlTemplate\":\"https:\/\/www.lucernatv.cz\/?s={search_term_string}\"},\"query-input\":\"required name=search_term_string\"}],\"inLanguage\":\"cs\"},{\"@type\":\"Organization\",\"@id\":\"https:\/\/www.lucernatv.cz\/#organization\",\"name\":\"Lucerna TV\",\"url\":\"https:\/\/www.lucernatv.cz\/\",\"logo\":{\"@type\":\"ImageObject\",\"inLanguage\":\"cs\",\"@id\":\"https:\/\/www.lucernatv.cz\/#\/schema\/logo\/image\/\",\"url\":\"https:\/\/www.lucernatv.cz\/wp-content\/uploads\/2021\/02\/logo.svg\",\"contentUrl\":\"https:\/\/www.lucernatv.cz\/wp-content\/uploads\/2021\/02\/logo.svg\",\"width\":128,\"height\":41,\"caption\":\"Lucerna TV\"},\"image\":{\"@id\":\"https:\/\/www.lucernatv.cz\/#\/schema\/logo\/image\/\"},\"sameAs\":[\"https:\/\/www.facebook.com\/avtopava\",\"https:\/\/www.youtube.com\/channel\/UCtP8PPWG9JatWSMsKMOvdDg\"]}]}<\/script>\n<!-- \/ Yoast SEO plugin. -->","yoast_head_json":{"title":"kultura - lucernatv.cz","robots":{"index":"index","follow":"follow","max-snippet":"max-snippet:-1","max-image-preview":"max-image-preview:large","max-video-preview":"max-video-preview:-1"},"canonical":"https:\/\/www.lucernatv.cz\/index.php\/kultura\/","og_locale":"cs_CZ","og_type":"article","og_title":"kultura - lucernatv.cz","og_description":"v\u00edce z kultury literatura Z\u00e1znamy autorsk\u00fdch \u010dten\u00ed, p\u0159edn\u00e1\u0161ek, debat se spisovateli \u010di kr\u00e1tk\u00e9 filmy vizualizuj\u00edc\u00ed modern\u00ed poezii divadlo Z\u00e1znamy p\u0159edstaven\u00ed \u010di debaty s divadeln\u00edky film, televize a rozhlas Z\u00e1znamy p\u0159edn\u00e1\u0161ek o filmu a audiovizu\u00e1ln\u00edch m\u00e9di\u00edch v\u00fdstavy Sou\u010dasn\u00e9 v\u00fdtvarn\u00e9 um\u011bn\u00ed o\u010dima kur\u00e1tor\u016f, virtu\u00e1ln\u00ed v\u00fdstavy, report\u00e1\u017ee z galeri\u00ed studentsk\u00e9 filmy Aktu\u00e1ln\u00ed studentsk\u00e1 tvorba z d\u00edlny poslucha\u010d\u016f \u00dastavu&hellip;&nbsp;\u010c\u00edst d\u00e1le &raquo;Fiducia on-line \u2013 Tereza Frindov\u00e1: Otev\u0159en\u00fd archiv","og_url":"https:\/\/www.lucernatv.cz\/index.php\/kultura\/","og_site_name":"lucernatv.cz","article_publisher":"https:\/\/www.facebook.com\/avtopava","article_modified_time":"2021-03-02T13:07:04+00:00","og_image":[{"url":"https:\/\/www.lucernatv.cz\/wp-content\/uploads\/2021\/02\/filename.svg"}],"twitter_card":"summary_large_image","twitter_misc":{"Odhadovan\u00e1 doba \u010dten\u00ed":"1 minuta"},"schema":{"@context":"https:\/\/schema.org","@graph":[{"@type":"WebPage","@id":"https:\/\/www.lucernatv.cz\/index.php\/kultura\/","url":"https:\/\/www.lucernatv.cz\/index.php\/kultura\/","name":"kultura - lucernatv.cz","isPartOf":{"@id":"https:\/\/www.lucernatv.cz\/#website"},"datePublished":"2021-02-17T21:41:59+00:00","dateModified":"2021-03-02T13:07:04+00:00","breadcrumb":{"@id":"https:\/\/www.lucernatv.cz\/index.php\/kultura\/#breadcrumb"},"inLanguage":"cs","potentialAction":[{"@type":"ReadAction","target":["https:\/\/www.lucernatv.cz\/index.php\/kultura\/"]}]},{"@type":"BreadcrumbList","@id":"https:\/\/www.lucernatv.cz\/index.php\/kultura\/#breadcrumb","itemListElement":[{"@type":"ListItem","position":1,"name":"Dom\u016f","item":"https:\/\/www.lucernatv.cz\/"},{"@type":"ListItem","position":2,"name":"kultura"}]},{"@type":"WebSite","@id":"https:\/\/www.lucernatv.cz\/#website","url":"https:\/\/www.lucernatv.cz\/","name":"lucernatv.cz","description":"Vzd\u011bl\u00e1vac\u00ed televize","publisher":{"@id":"https:\/\/www.lucernatv.cz\/#organization"},"alternateName":"Lucerna TV","potentialAction":[{"@type":"SearchAction","target":{"@type":"EntryPoint","urlTemplate":"https:\/\/www.lucernatv.cz\/?s={search_term_string}"},"query-input":"required name=search_term_string"}],"inLanguage":"cs"},{"@type":"Organization","@id":"https:\/\/www.lucernatv.cz\/#organization","name":"Lucerna TV","url":"https:\/\/www.lucernatv.cz\/","logo":{"@type":"ImageObject","inLanguage":"cs","@id":"https:\/\/www.lucernatv.cz\/#\/schema\/logo\/image\/","url":"https:\/\/www.lucernatv.cz\/wp-content\/uploads\/2021\/02\/logo.svg","contentUrl":"https:\/\/www.lucernatv.cz\/wp-content\/uploads\/2021\/02\/logo.svg","width":128,"height":41,"caption":"Lucerna TV"},"image":{"@id":"https:\/\/www.lucernatv.cz\/#\/schema\/logo\/image\/"},"sameAs":["https:\/\/www.facebook.com\/avtopava","https:\/\/www.youtube.com\/channel\/UCtP8PPWG9JatWSMsKMOvdDg"]}]}},"uagb_featured_image_src":{"full":false,"thumbnail":false,"medium":false,"medium_large":false,"large":false,"1536x1536":false,"2048x2048":false,"ultp_layout_landscape_large":false,"ultp_layout_landscape":false,"ultp_layout_portrait":false,"ultp_layout_square":false,"vp_sm":false,"vp_md":false,"vp_lg":false,"vp_xl":false,"vp_sm_popup":false,"vp_md_popup":false,"vp_xl_popup":false,"neve-blog":false},"uagb_author_info":{"display_name":"lucernatvc","author_link":"https:\/\/www.lucernatv.cz\/index.php\/author\/lucernatvc\/"},"uagb_comment_info":0,"uagb_excerpt":"v\u00edce z kultury literatura Z\u00e1znamy autorsk\u00fdch \u010dten\u00ed, p\u0159edn\u00e1\u0161ek, debat se spisovateli \u010di kr\u00e1tk\u00e9 filmy vizualizuj\u00edc\u00ed modern\u00ed poezii divadlo Z\u00e1znamy p\u0159edstaven\u00ed \u010di debaty s divadeln\u00edky film, televize a rozhlas Z\u00e1znamy p\u0159edn\u00e1\u0161ek o filmu a audiovizu\u00e1ln\u00edch m\u00e9di\u00edch v\u00fdstavy Sou\u010dasn\u00e9 v\u00fdtvarn\u00e9 um\u011bn\u00ed o\u010dima kur\u00e1tor\u016f, virtu\u00e1ln\u00ed v\u00fdstavy, report\u00e1\u017ee z galeri\u00ed studentsk\u00e9 filmy Aktu\u00e1ln\u00ed studentsk\u00e1 tvorba z d\u00edlny poslucha\u010d\u016f \u00dastavu&hellip;&nbsp;\u010c\u00edst&hellip;","_links":{"self":[{"href":"https:\/\/www.lucernatv.cz\/index.php\/wp-json\/wp\/v2\/pages\/1867"}],"collection":[{"href":"https:\/\/www.lucernatv.cz\/index.php\/wp-json\/wp\/v2\/pages"}],"about":[{"href":"https:\/\/www.lucernatv.cz\/index.php\/wp-json\/wp\/v2\/types\/page"}],"author":[{"embeddable":true,"href":"https:\/\/www.lucernatv.cz\/index.php\/wp-json\/wp\/v2\/users\/1"}],"replies":[{"embeddable":true,"href":"https:\/\/www.lucernatv.cz\/index.php\/wp-json\/wp\/v2\/comments?post=1867"}],"version-history":[{"count":136,"href":"https:\/\/www.lucernatv.cz\/index.php\/wp-json\/wp\/v2\/pages\/1867\/revisions"}],"predecessor-version":[{"id":2842,"href":"https:\/\/www.lucernatv.cz\/index.php\/wp-json\/wp\/v2\/pages\/1867\/revisions\/2842"}],"wp:attachment":[{"href":"https:\/\/www.lucernatv.cz\/index.php\/wp-json\/wp\/v2\/media?parent=1867"}],"curies":[{"name":"wp","href":"https:\/\/api.w.org\/{rel}","templated":true}]}}