{"version":"1.0","provider_name":"lucernatv.cz","provider_url":"https:\/\/www.lucernatv.cz","author_name":"lucernatvc","author_url":"https:\/\/www.lucernatv.cz\/index.php\/author\/lucernatvc\/","title":"5 d\u016fvod\u016f, pro\u010d je\u0161t\u011b nel\u00e9t\u00e1me na Mars - lucernatv.cz","type":"rich","width":600,"height":338,"html":"<blockquote class=\"wp-embedded-content\" data-secret=\"U4QifwiKJN\"><a href=\"https:\/\/www.lucernatv.cz\/index.php\/2021\/02\/13\/5-duvodu-proc-jeste-neletame-na-mars\/\">5 d\u016fvod\u016f, pro\u010d je\u0161t\u011b nel\u00e9t\u00e1me na Mars<\/a><\/blockquote><iframe sandbox=\"allow-scripts\" security=\"restricted\" src=\"https:\/\/www.lucernatv.cz\/index.php\/2021\/02\/13\/5-duvodu-proc-jeste-neletame-na-mars\/embed\/#?secret=U4QifwiKJN\" width=\"600\" height=\"338\" title=\"&#8222;5 d\u016fvod\u016f, pro\u010d je\u0161t\u011b nel\u00e9t\u00e1me na Mars&#8220; &#8212; lucernatv.cz\" data-secret=\"U4QifwiKJN\" frameborder=\"0\" marginwidth=\"0\" marginheight=\"0\" scrolling=\"no\" class=\"wp-embedded-content\"><\/iframe><script type=\"text\/javascript\">\n\/*! This file is auto-generated *\/\n!function(c,d){\"use strict\";var e=!1,o=!1;if(d.querySelector)if(c.addEventListener)e=!0;if(c.wp=c.wp||{},c.wp.receiveEmbedMessage);else if(c.wp.receiveEmbedMessage=function(e){var t=e.data;if(!t);else if(!(t.secret||t.message||t.value));else if(\/[^a-zA-Z0-9]\/.test(t.secret));else{for(var r,s,a,i=d.querySelectorAll('iframe[data-secret=\"'+t.secret+'\"]'),n=d.querySelectorAll('blockquote[data-secret=\"'+t.secret+'\"]'),o=new RegExp(\"^https?:$\",\"i\"),l=0;l<n.length;l++)n[l].style.display=\"none\";for(l=0;l<i.length;l++)if(r=i[l],e.source!==r.contentWindow);else{if(r.removeAttribute(\"style\"),\"height\"===t.message){if(1e3<(s=parseInt(t.value,10)))s=1e3;else if(~~s<200)s=200;r.height=s}if(\"link\"===t.message)if(s=d.createElement(\"a\"),a=d.createElement(\"a\"),s.href=r.getAttribute(\"src\"),a.href=t.value,!o.test(a.protocol));else if(a.host===s.host)if(d.activeElement===r)c.top.location.href=t.value}}},e)c.addEventListener(\"message\",c.wp.receiveEmbedMessage,!1),d.addEventListener(\"DOMContentLoaded\",t,!1),c.addEventListener(\"load\",t,!1);function t(){if(o);else{o=!0;for(var e,t,r,s=-1!==navigator.appVersion.indexOf(\"MSIE 10\"),a=!!navigator.userAgent.match(\/Trident.*rv:11\\.\/),i=d.querySelectorAll(\"iframe.wp-embedded-content\"),n=0;n<i.length;n++){if(!(r=(t=i[n]).getAttribute(\"data-secret\")))r=Math.random().toString(36).substr(2,10),t.src+=\"#?secret=\"+r,t.setAttribute(\"data-secret\",r);if(s||a)(e=t.cloneNode(!0)).removeAttribute(\"security\"),t.parentNode.replaceChild(e,t);t.contentWindow.postMessage({message:\"ready\",secret:r},\"*\")}}}}(window,document);\n<\/script>\n","thumbnail_url":"https:\/\/www.lucernatv.cz\/wp-content\/uploads\/2021\/02\/2neCVVTX3YU.jpg","thumbnail_width":1280,"thumbnail_height":720,"description":"\u017de bude lidstvo \u201eji\u017e brzy\u201c l\u00e9tat na Mars sl\u00fdch\u00e1me u\u017e od t\u00e9 doby, co prvn\u00ed astronauti p\u0159ist\u00e1li na M\u011bs\u00edci. Ale od t\u00e9 doby po\u0159\u00e1d nic. A\u010dkoli se te\u010f diskuse na toto t\u00e9ma v\u00fdrazn\u011b o\u017eivily vlivem poutav\u00fdch prezentac\u00ed Elona Muska, st\u00e1le na Marsu \u010dlov\u011bk nest\u00e1l a je\u0161t\u011b dlouho nebude. V dne\u0161n\u00edm d\u00edle po\u0159adu Dobr\u00e9 v\u011bd\u011bt si&hellip;&nbsp;\u010c\u00edst d\u00e1le &raquo;"}